{"id":45,"date":"2017-03-13T22:03:22","date_gmt":"2017-03-13T22:03:22","guid":{"rendered":"http:\/\/www.americaeb5visa.com\/?page_id=45"},"modified":"2025-02-09T11:30:16","modified_gmt":"2025-02-09T11:30:16","slug":"quem-somos-nos","status":"publish","type":"page","link":"https:\/\/www.americaeb5visa.com\/br\/quem-somos-nos\/","title":{"rendered":"Quem somos n\u00f3s?"},"content":{"rendered":"<div id=\"pl-45\"  class=\"panel-layout\" ><div id=\"pg-45-0\"  class=\"panel-grid panel-has-style\" ><div class=\"siteorigin-panels-stretch panel-row-style panel-row-style-for-45-0\" data-stretch-type=\"full-stretched\" ><div id=\"pgc-45-0-0\"  class=\"panel-grid-cell\" ><div id=\"panel-45-0-0-0\" class=\"so-panel widget widget_sow-hero panel-first-child panel-last-child\" data-index=\"0\" ><div\n\t\t\t\n\t\t\tclass=\"so-widget-sow-hero so-widget-sow-hero-default-89b41ad833c8-45 so-widget-fittext-wrapper\"\n\t\t\t data-fit-text-compressor=\"0.85\"\n\t\t>\t\t\t\t<div class=\"sow-slider-base\" style=\"display: none\" tabindex=\"0\">\n\t\t\t\t\t<ul\n\t\t\t\t\tclass=\"sow-slider-images\"\n\t\t\t\t\tdata-settings=\"{&quot;pagination&quot;:true,&quot;speed&quot;:800,&quot;timeout&quot;:8000,&quot;paused&quot;:false,&quot;pause_on_hover&quot;:false,&quot;swipe&quot;:true,&quot;nav_always_show_desktop&quot;:&quot;&quot;,&quot;nav_always_show_mobile&quot;:&quot;&quot;,&quot;breakpoint&quot;:&quot;780px&quot;,&quot;unmute&quot;:false,&quot;anchor&quot;:null}\"\n\t\t\t\t\tstyle=\"min-height: 500px\"\t\t\t\t\tdata-anchor-id=\"\"\n\t\t\t\t>\t\t<li class=\"sow-slider-image  sow-slider-image-cover\" style=\"visibility: visible;;background-color: #333333;background-image: url(https:\/\/www.americaeb5visa.com\/br\/wp-content\/uploads\/sites\/13\/2017\/03\/WhoareWeAdobeStock_25409363.jpg)\" >\n\t\t\t\t\t<div class=\"sow-slider-image-container\">\n\t\t\t<div class=\"sow-slider-image-wrapper\">\n\t\t\t\t<h1 style=\"text-align: center\">O que nos torna especiais? Compreens\u00e3o.<\/h1><h2 style=\"text-align: center\">Nossa equipe \u00e9 composta por profissionais altamente qualificados que uma vez compartilharam seu sonho de imigrar para os Estados Unidos.<\/h2>\t\t\t<\/div>\n\t\t<\/div>\n\t\t\t\t<\/li>\n\t\t<\/ul>\t\t\t\t<ol class=\"sow-slider-pagination\">\n\t\t\t\t\t\t\t\t\t\t\t<li><a href=\"#\" data-goto=\"0\" aria-label=\"Display slide 1\"><\/a><\/li>\n\t\t\t\t\t\t\t\t\t<\/ol>\n\n\t\t\t\t<div class=\"sow-slide-nav sow-slide-nav-next\">\n\t\t\t\t\t<a href=\"#\" data-goto=\"next\" aria-label=\"Next slide\" data-action=\"next\">\n\t\t\t\t\t\t<em class=\"sow-sld-icon-thin-right\"><\/em>\n\t\t\t\t\t<\/a>\n\t\t\t\t<\/div>\n\n\t\t\t\t<div class=\"sow-slide-nav sow-slide-nav-prev\">\n\t\t\t\t\t<a href=\"#\" data-goto=\"previous\" aria-label=\"Previous slide\" data-action=\"prev\">\n\t\t\t\t\t\t<em class=\"sow-sld-icon-thin-left\"><\/em>\n\t\t\t\t\t<\/a>\n\t\t\t\t<\/div>\n\t\t\t\t<\/div><\/div><\/div><\/div><\/div><\/div><div id=\"pg-45-1\"  class=\"panel-grid panel-no-style\" ><div id=\"pgc-45-1-0\"  class=\"panel-grid-cell\" ><div id=\"panel-45-1-0-0\" class=\"so-panel widget widget_sow-editor panel-first-child panel-last-child\" data-index=\"1\" ><div\n\t\t\t\n\t\t\tclass=\"so-widget-sow-editor so-widget-sow-editor-base\"\n\t\t\t\n\t\t>\n<div class=\"siteorigin-widget-tinymce textwidget\">\n\t<h2 style=\"text-align: center;\"><strong>30 anos<\/strong><\/h2>\n<p style=\"text-align: center;\">Nossa equipe \u00e9 completamente composta de profissionais excepcionalmente qualificados que uma vez compartilharam seu sonho de imigrar para os Estados Unidos. Compreendemos suas reservas, suas preocupa\u00e7\u00f5es e seus medos. Mais importante ainda, entendemos que cada situa\u00e7\u00e3o \u00e9 diferente. Nossa administra\u00e7\u00e3o tem experi\u00eancia trabalhando em Wall Street h\u00e1 mais de 30 anos, estruturando transa\u00e7\u00f5es de renda fixa e lendo memorandos de coloca\u00e7\u00e3o privada complicados. Estamos habituados a identificar uma grande parte, sen\u00e3o todos os riscos inerentes a cada investimento. Trabalhamos na formula\u00e7\u00e3o de atenuantes diretos e indiretos para ajudar a aliviar preocupa\u00e7\u00f5es investidores podem ter. Estes riscos n\u00e3o podem ser identificados nem mitigados atrav\u00e9s de uma simples leitura de documentos. Desta forma, podemos distinguir-nos entre os profissionais locais t\u00edpicos que s\u00f3 podem contar com a reputa\u00e7\u00e3o global da empresa de patroc\u00ednio imobili\u00e1rio. Agradecemos o seu desejo de compreender os detalhes mais finos do seu investimento. Portanto, utilizando nosso fundo de banco de investimento, podemos destacar os principais pontos essenciais de preocupa\u00e7\u00e3o e vantagem de cada projeto.<\/p>\n<\/div>\n<\/div><\/div><\/div><\/div><div id=\"pg-45-2\"  class=\"panel-grid panel-has-style\" ><div class=\"siteorigin-panels-stretch panel-row-style panel-row-style-for-45-2\" data-stretch-type=\"full\" ><div id=\"pgc-45-2-0\"  class=\"panel-grid-cell\" ><div id=\"panel-45-2-0-0\" class=\"so-panel widget widget_sow-image panel-first-child\" data-index=\"2\" ><div\n\t\t\t\n\t\t\tclass=\"so-widget-sow-image so-widget-sow-image-default-c67d20f9f743-45\"\n\t\t\t\n\t\t>\n<div class=\"sow-image-container\">\n\t\t<img fetchpriority=\"high\" \n\tsrc=\"https:\/\/www.americaeb5visa.com\/br\/wp-content\/uploads\/sites\/13\/2017\/03\/marko-300x300.png\" width=\"300\" height=\"300\" srcset=\"https:\/\/www.americaeb5visa.com\/br\/wp-content\/uploads\/sites\/13\/2017\/03\/marko-300x300.png 300w, https:\/\/www.americaeb5visa.com\/br\/wp-content\/uploads\/sites\/13\/2017\/03\/marko-150x150.png 150w, https:\/\/www.americaeb5visa.com\/br\/wp-content\/uploads\/sites\/13\/2017\/03\/marko-24x24.png 24w, https:\/\/www.americaeb5visa.com\/br\/wp-content\/uploads\/sites\/13\/2017\/03\/marko-36x36.png 36w, https:\/\/www.americaeb5visa.com\/br\/wp-content\/uploads\/sites\/13\/2017\/03\/marko-48x48.png 48w, https:\/\/www.americaeb5visa.com\/br\/wp-content\/uploads\/sites\/13\/2017\/03\/marko.png 427w\" sizes=\"(max-width: 300px) 100vw, 300px\" alt=\"\" \t\tclass=\"so-widget-image\"\/>\n\t<\/div>\n\n<\/div><\/div><div id=\"panel-45-2-0-1\" class=\"so-panel widget widget_sow-editor\" data-index=\"3\" ><div\n\t\t\t\n\t\t\tclass=\"so-widget-sow-editor so-widget-sow-editor-base\"\n\t\t\t\n\t\t>\n<div class=\"siteorigin-widget-tinymce textwidget\">\n\t<h2 class=\"text-center mg-md\" style=\"text-align: center;\">Marko Issever<\/h2>\n<h4 style=\"text-align: center;\">Diretor Geral<\/h4>\n<\/div>\n<\/div><\/div><div id=\"panel-45-2-0-2\" class=\"so-panel widget widget_sow-image panel-last-child\" data-index=\"4\" ><div\n\t\t\t\n\t\t\tclass=\"so-widget-sow-image so-widget-sow-image-default-c67d20f9f743-45\"\n\t\t\t\n\t\t>\n<div class=\"sow-image-container\">\n\t\t<img \n\tsrc=\"https:\/\/www.americaeb5visa.com\/br\/wp-content\/uploads\/sites\/13\/2017\/03\/badge-broker-dealer.png\" width=\"224\" height=\"170\" srcset=\"https:\/\/www.americaeb5visa.com\/br\/wp-content\/uploads\/sites\/13\/2017\/03\/badge-broker-dealer.png 224w, https:\/\/www.americaeb5visa.com\/br\/wp-content\/uploads\/sites\/13\/2017\/03\/badge-broker-dealer-24x18.png 24w, https:\/\/www.americaeb5visa.com\/br\/wp-content\/uploads\/sites\/13\/2017\/03\/badge-broker-dealer-36x27.png 36w, https:\/\/www.americaeb5visa.com\/br\/wp-content\/uploads\/sites\/13\/2017\/03\/badge-broker-dealer-48x36.png 48w\" sizes=\"(max-width: 224px) 100vw, 224px\" alt=\"\" \t\tclass=\"so-widget-image\"\/>\n\t<\/div>\n\n<\/div><\/div><\/div><div id=\"pgc-45-2-1\"  class=\"panel-grid-cell\" ><div id=\"panel-45-2-1-0\" class=\"so-panel widget widget_sow-editor panel-first-child panel-last-child\" data-index=\"5\" ><div\n\t\t\t\n\t\t\tclass=\"so-widget-sow-editor so-widget-sow-editor-base\"\n\t\t\t\n\t\t>\n<div class=\"siteorigin-widget-tinymce textwidget\">\n\t<p>Nosso fundador e CEO, Marko Issever, juntou-se ao Riverside Management Group como diretor-gerente em maio de 2016, para, entre outras coisas, liderar as atividades de levantamento de capital e coloca\u00e7\u00e3o de EB-5 da empresa, atrav\u00e9s de sua subsidi\u00e1ria BCW Securities LLC.<br \/> Ele tamb\u00e9m \u00e9 s\u00f3cio fundador da BH Capital Management, LLC, uma empresa de investimentos imobili\u00e1rios especializada em oportunidades de desenvolvimento e investimento.<br \/> Antes de ingressar na RMG e estabelecer a BHCM, o Sr. Issever foi diretor-gerente do The New York Mellon Global &amp; Capital Markets, levando o neg\u00f3cio de derivativos da empresa para institui\u00e7\u00f5es financeiras globalmente.<br \/> Issever est\u00e1 em Wall Street h\u00e1 mais de 30 anos e tamb\u00e9m foi membro fundador do neg\u00f3cio de derivativos da Sakura Global Capital, uma subsidi\u00e1ria de banco japonesa que posteriormente se fundiu com a Sumitomo Capital Markets para formar a SMBC Capital Markets.<br \/> Sr. Issever come\u00e7ou sua carreira de Wall Street no Grupo de Estrat\u00e9gias Financeiras da Prudential Securities, onde se especializou em oportunidades de seguran\u00e7a com garantia hipotec\u00e1ria, como opera\u00e7\u00f5es de arbitragem controladas por risco, bem como outras securitiza\u00e7\u00f5es com respaldo de activos, incluindo a titulariza\u00e7\u00e3o de empr\u00e9stimos de tomadores de seguros.<br \/> O Sr. Issever \u00e9 um graduado da escola de Wharton da universidade de Pensilv\u00e2nia onde ganhou seu MBA em finan\u00e7as e MA na economia.<br \/> Antes de freq\u00fcentar Wharton, ele se formou na Universidade de Bogazici e Robert College, localizado em Istambul.<br \/> Ele fala ingl\u00eas, turco (nativo) e Ladino espanhol fluentemente.<br \/> Ele \u00e9 o presidente fundador do Aleph Learning Center, uma organiza\u00e7\u00e3o de divulga\u00e7\u00e3o judaica e membro do conselho da Congrega\u00e7\u00e3o Sephardic de Manhattan.<br \/> Ele det\u00e9m as s\u00e9ries 7 &amp; 63 licen\u00e7as de valores mobili\u00e1rios.<br \/> Ele mora com sua esposa e tr\u00eas filhos em Nova York.<\/p>\n<\/div>\n<\/div><\/div><\/div><\/div><\/div><div id=\"pg-45-3\"  class=\"panel-grid panel-has-style\" ><div class=\"siteorigin-panels-stretch panel-row-style panel-row-style-for-45-3\" data-stretch-type=\"full\" ><div id=\"pgc-45-3-0\"  class=\"panel-grid-cell\" ><div id=\"panel-45-3-0-0\" class=\"so-panel widget widget_sow-editor panel-first-child panel-last-child\" data-index=\"6\" ><div\n\t\t\t\n\t\t\tclass=\"so-widget-sow-editor so-widget-sow-editor-base\"\n\t\t\t\n\t\t>\n<div class=\"siteorigin-widget-tinymce textwidget\">\n\t<p>Niso Zakuto \u00e9 o diretor de marketing da Am\u00e9rica EB-5 Visa. Seu foco principal \u00e9 conectar-se com cidad\u00e3os turcos que est\u00e3o interessados em imigrar para os Estados Unidos e ajud\u00e1-los com o processo EB5.<br \/> Antes de ingressar na empresa, Niso trabalhou como desenvolvedor de software na PrefectedTech em Jerusal\u00e9m. Niso est\u00e1 na ind\u00fastria de computadores h\u00e1 mais de sete anos.<br \/> Enquanto terminava sua licenciatura em Tecnologia da Informa\u00e7\u00e3o e Ci\u00eancia da Computa\u00e7\u00e3o da Universidade Okan em Istambul, Niso trabalhou como analista na Corvega, uma empresa de desenvolvimento de software.<br \/> Niso prospera em desafios, e espera utilizar sua experi\u00eancia internacional, bem como habilidades de desenvolvimento de software para expandir o alcance da Visa EB-5 da Am\u00e9rica.<\/p>\n<\/div>\n<\/div><\/div><\/div><div id=\"pgc-45-3-1\"  class=\"panel-grid-cell\" ><div id=\"panel-45-3-1-0\" class=\"so-panel widget widget_sow-image panel-first-child\" data-index=\"7\" ><div\n\t\t\t\n\t\t\tclass=\"so-widget-sow-image so-widget-sow-image-default-c67d20f9f743-45\"\n\t\t\t\n\t\t>\n<div class=\"sow-image-container\">\n\t\t<img \n\tsrc=\"https:\/\/www.americaeb5visa.com\/br\/wp-content\/uploads\/sites\/13\/2017\/03\/niso-300x300.png\" width=\"300\" height=\"300\" srcset=\"https:\/\/www.americaeb5visa.com\/br\/wp-content\/uploads\/sites\/13\/2017\/03\/niso-300x300.png 300w, https:\/\/www.americaeb5visa.com\/br\/wp-content\/uploads\/sites\/13\/2017\/03\/niso-150x150.png 150w, https:\/\/www.americaeb5visa.com\/br\/wp-content\/uploads\/sites\/13\/2017\/03\/niso-24x24.png 24w, https:\/\/www.americaeb5visa.com\/br\/wp-content\/uploads\/sites\/13\/2017\/03\/niso-36x36.png 36w, https:\/\/www.americaeb5visa.com\/br\/wp-content\/uploads\/sites\/13\/2017\/03\/niso-48x48.png 48w, https:\/\/www.americaeb5visa.com\/br\/wp-content\/uploads\/sites\/13\/2017\/03\/niso.png 427w\" sizes=\"(max-width: 300px) 100vw, 300px\" alt=\"\" \t\tclass=\"so-widget-image\"\/>\n\t<\/div>\n\n<\/div><\/div><div id=\"panel-45-3-1-1\" class=\"so-panel widget widget_sow-editor panel-last-child\" data-index=\"8\" ><div\n\t\t\t\n\t\t\tclass=\"so-widget-sow-editor so-widget-sow-editor-base\"\n\t\t\t\n\t\t>\n<div class=\"siteorigin-widget-tinymce textwidget\">\n\t<h2 class=\"text-center mg-md\" style=\"text-align: center;\">Niso Zakuto<\/h2>\n<h4 style=\"text-align: center;\">Diretor de marketing<\/h4>\n<\/div>\n<\/div><\/div><\/div><\/div><\/div><div id=\"pg-45-4\"  class=\"panel-grid panel-has-style\" ><div class=\"siteorigin-panels-stretch panel-row-style panel-row-style-for-45-4\" data-stretch-type=\"full\" ><div id=\"pgc-45-4-0\"  class=\"panel-grid-cell\" ><div id=\"panel-45-4-0-0\" class=\"so-panel widget widget_sow-image panel-first-child\" data-index=\"9\" ><div\n\t\t\t\n\t\t\tclass=\"so-widget-sow-image so-widget-sow-image-default-c67d20f9f743-45\"\n\t\t\t\n\t\t>\n<div class=\"sow-image-container\">\n\t\t<img loading=\"lazy\" \n\tsrc=\"https:\/\/www.americaeb5visa.com\/br\/wp-content\/uploads\/sites\/13\/2017\/03\/esther-300x300.png\" width=\"300\" height=\"300\" srcset=\"https:\/\/www.americaeb5visa.com\/br\/wp-content\/uploads\/sites\/13\/2017\/03\/esther-300x300.png 300w, https:\/\/www.americaeb5visa.com\/br\/wp-content\/uploads\/sites\/13\/2017\/03\/esther-150x150.png 150w, https:\/\/www.americaeb5visa.com\/br\/wp-content\/uploads\/sites\/13\/2017\/03\/esther-24x24.png 24w, https:\/\/www.americaeb5visa.com\/br\/wp-content\/uploads\/sites\/13\/2017\/03\/esther-36x36.png 36w, https:\/\/www.americaeb5visa.com\/br\/wp-content\/uploads\/sites\/13\/2017\/03\/esther-48x48.png 48w, https:\/\/www.americaeb5visa.com\/br\/wp-content\/uploads\/sites\/13\/2017\/03\/esther.png 427w\" sizes=\"(max-width: 300px) 100vw, 300px\" alt=\"\" \t\tclass=\"so-widget-image\"\/>\n\t<\/div>\n\n<\/div><\/div><div id=\"panel-45-4-0-1\" class=\"so-panel widget widget_sow-editor panel-last-child\" data-index=\"10\" ><div\n\t\t\t\n\t\t\tclass=\"so-widget-sow-editor so-widget-sow-editor-base\"\n\t\t\t\n\t\t>\n<div class=\"siteorigin-widget-tinymce textwidget\">\n\t<h2 class=\"text-center mg-md\" style=\"text-align: center;\">Esther Malka<\/h2>\n<h4 style=\"text-align: center;\">Diretor de Divulga\u00e7\u00e3o<\/h4>\n<\/div>\n<\/div><\/div><\/div><div id=\"pgc-45-4-1\"  class=\"panel-grid-cell\" ><div id=\"panel-45-4-1-0\" class=\"so-panel widget widget_sow-editor panel-first-child panel-last-child\" data-index=\"11\" ><div\n\t\t\t\n\t\t\tclass=\"so-widget-sow-editor so-widget-sow-editor-base\"\n\t\t\t\n\t\t>\n<div class=\"siteorigin-widget-tinymce textwidget\">\n\t<p>Originalmente da cidade de Nova York, Esther Malka atua como Coordenadora de Alcance para Am\u00e9rica EB-5 Visa.<br \/>\nEsther \u00e9 atualmente uma estudante de gradua\u00e7\u00e3o na Universidade de Yale perseguindo uma dupla especializa\u00e7\u00e3o em Economia e Estudos Modernos do Oriente M\u00e9dio. Em Yale, Esther atua como \u00a0Coordenadora de Alcance de REACH, um programa destinado a emparelhar Yale graduandos com alunos do ensino m\u00e9dio para orient\u00e1-los durante todo o processo da faculdade. Esther tamb\u00e9m \u00e9 coordenadora de competi\u00e7\u00e3o da MMATHS, uma competi\u00e7\u00e3o nacional de matem\u00e1tica no ensino m\u00e9dio realizada em Yale, onde ela est\u00e1 em constante comunica\u00e7\u00e3o com os administradores do ensino m\u00e9dio promovendo o MMATHS e a competi\u00e7\u00e3o.<br \/>\nAnteriormente, Esther passou um ano estudando em Beit Chana Tzfat, Israel, tendo aulas de comunica\u00e7\u00e3o.<br \/>\nUtilizando suas habilidades de comunica\u00e7\u00e3o, bem como conhecimentos em estudos internacionais e economia, Esther esfor\u00e7a-se para criar um ambiente afiado, mas empatia na Am\u00e9rica EB-5 Visa para que o nosso investidor, desenvolvedor imobili\u00e1rio, e clientes do Centro Regional todos se sintam mais confort\u00e1veis \u200b\u200bcom os nossos servi\u00e7os.<\/p>\n<\/div>\n<\/div><\/div><\/div><\/div><\/div><div id=\"pg-45-5\"  class=\"panel-grid panel-has-style\" ><div class=\"siteorigin-panels-stretch panel-row-style panel-row-style-for-45-5\" data-stretch-type=\"full\" ><div id=\"pgc-45-5-0\"  class=\"panel-grid-cell\" ><div id=\"panel-45-5-0-0\" class=\"so-panel widget widget_sow-editor panel-first-child panel-last-child\" data-index=\"12\" ><div\n\t\t\t\n\t\t\tclass=\"so-widget-sow-editor so-widget-sow-editor-base\"\n\t\t\t\n\t\t>\n<div class=\"siteorigin-widget-tinymce textwidget\">\n\t<p>Al\u00e9m de sua responsabilidade de liderar o America EB5 Visa localmente no Brasil, Claudia tamb\u00e9m \u00e9 a CEO fundadora da BeezStudio. \u00c9 especialista e consultora em estrat\u00e9gias de internacionaliza\u00e7\u00e3o de neg\u00f3cios, como aquisi\u00e7\u00e3o de novos mercados. Ela conduz miss\u00f5es executivas internacionais para o ecossistema de inova\u00e7\u00e3o global.<\/p>\n<p>Claudia tamb\u00e9m atua como Consultora do programa Sebrae ProGlobal, como Consultora de Internacionaliza\u00e7\u00e3o do Instituto Genesis - PUC, Chefe de Internacionaliza\u00e7\u00e3o da RIOSOFT. Anteriormente, atuou no mercado de seguros em diversas empresas e como superintendente da Central de Atendimento da Confedera\u00e7\u00e3o Nacional das Empresas no Mercado de Seguros. Desenvolveu e implementou diversos projetos relacionados \u00e0 redu\u00e7\u00e3o de riscos e fraudes em seguros.<\/p>\n<p>Claudia \u00e9 graduada em TI pela PUC RJ, com MBA pelo IBMEC em Gest\u00e3o de Neg\u00f3cios. Possui tamb\u00e9m certificados em Intelig\u00eancia Competitiva (FGV RJ), Planejamento de M\u00eddia Digital (INFNET RJ) e Marketing, Publicidade (STAFORD SFO), Conscientiza\u00e7\u00e3o Cultural (MIT-MA).<\/p>\n<\/div>\n<\/div><\/div><\/div><div id=\"pgc-45-5-1\"  class=\"panel-grid-cell\" ><div id=\"panel-45-5-1-0\" class=\"so-panel widget widget_sow-image panel-first-child\" data-index=\"13\" ><div\n\t\t\t\n\t\t\tclass=\"so-widget-sow-image so-widget-sow-image-default-c67d20f9f743-45\"\n\t\t\t\n\t\t>\n<div class=\"sow-image-container\">\n\t\t<img loading=\"lazy\" \n\tsrc=\"https:\/\/www.americaeb5visa.com\/br\/wp-content\/uploads\/sites\/13\/2021\/12\/Claudia-Wilson-300x300.png\" width=\"300\" height=\"300\" srcset=\"https:\/\/www.americaeb5visa.com\/br\/wp-content\/uploads\/sites\/13\/2021\/12\/Claudia-Wilson-300x300.png 300w, https:\/\/www.americaeb5visa.com\/br\/wp-content\/uploads\/sites\/13\/2021\/12\/Claudia-Wilson-150x150.png 150w, https:\/\/www.americaeb5visa.com\/br\/wp-content\/uploads\/sites\/13\/2021\/12\/Claudia-Wilson-24x24.png 24w, https:\/\/www.americaeb5visa.com\/br\/wp-content\/uploads\/sites\/13\/2021\/12\/Claudia-Wilson-36x36.png 36w, https:\/\/www.americaeb5visa.com\/br\/wp-content\/uploads\/sites\/13\/2021\/12\/Claudia-Wilson-48x48.png 48w, https:\/\/www.americaeb5visa.com\/br\/wp-content\/uploads\/sites\/13\/2021\/12\/Claudia-Wilson.png 427w\" sizes=\"(max-width: 300px) 100vw, 300px\" title=\"Claudia Wilson\" alt=\"\" \t\tclass=\"so-widget-image\"\/>\n\t<\/div>\n\n<\/div><\/div><div id=\"panel-45-5-1-1\" class=\"so-panel widget widget_sow-editor panel-last-child\" data-index=\"14\" ><div\n\t\t\t\n\t\t\tclass=\"so-widget-sow-editor so-widget-sow-editor-base\"\n\t\t\t\n\t\t>\n<div class=\"siteorigin-widget-tinymce textwidget\">\n\t<h2 class=\"text-center mg-md\" style=\"text-align: center;\">Claudia Wilson<\/h2>\n<h4 style=\"text-align: center;\">Head de Desenvolvimento de Neg\u00f3cios \u2013 Brazil<\/h4>\n<\/div>\n<\/div><\/div><\/div><\/div><\/div><div id=\"pg-45-6\"  class=\"panel-grid panel-has-style\" ><div class=\"siteorigin-panels-stretch panel-row-style panel-row-style-for-45-6\" data-stretch-type=\"full\" ><div id=\"pgc-45-6-0\"  class=\"panel-grid-cell\" ><div id=\"panel-45-6-0-0\" class=\"so-panel widget widget_sow-image panel-first-child\" data-index=\"15\" ><div\n\t\t\t\n\t\t\tclass=\"so-widget-sow-image so-widget-sow-image-default-c67d20f9f743-45\"\n\t\t\t\n\t\t>\n<div class=\"sow-image-container\">\n\t\t<img loading=\"lazy\" \n\tsrc=\"https:\/\/www.americaeb5visa.com\/br\/wp-content\/uploads\/sites\/13\/2022\/02\/Cesar-David-Ciriano-Vela-300x300.png\" width=\"300\" height=\"300\" srcset=\"https:\/\/www.americaeb5visa.com\/br\/wp-content\/uploads\/sites\/13\/2022\/02\/Cesar-David-Ciriano-Vela-300x300.png 300w, https:\/\/www.americaeb5visa.com\/br\/wp-content\/uploads\/sites\/13\/2022\/02\/Cesar-David-Ciriano-Vela-150x150.png 150w, https:\/\/www.americaeb5visa.com\/br\/wp-content\/uploads\/sites\/13\/2022\/02\/Cesar-David-Ciriano-Vela-24x24.png 24w, https:\/\/www.americaeb5visa.com\/br\/wp-content\/uploads\/sites\/13\/2022\/02\/Cesar-David-Ciriano-Vela-36x36.png 36w, https:\/\/www.americaeb5visa.com\/br\/wp-content\/uploads\/sites\/13\/2022\/02\/Cesar-David-Ciriano-Vela-48x48.png 48w, https:\/\/www.americaeb5visa.com\/br\/wp-content\/uploads\/sites\/13\/2022\/02\/Cesar-David-Ciriano-Vela.png 427w\" sizes=\"(max-width: 300px) 100vw, 300px\" title=\"Cesar David Ciriano Vela\" alt=\"\" \t\tclass=\"so-widget-image\"\/>\n\t<\/div>\n\n<\/div><\/div><div id=\"panel-45-6-0-1\" class=\"so-panel widget widget_sow-editor panel-last-child\" data-index=\"16\" ><div\n\t\t\t\n\t\t\tclass=\"so-widget-sow-editor so-widget-sow-editor-base\"\n\t\t\t\n\t\t>\n<div class=\"siteorigin-widget-tinymce textwidget\">\n\t<h2 class=\"text-center mg-md\" style=\"text-align: center;\">Dr. C\u00e9sar David Ciriano<\/h2>\n<h4 style=\"text-align: center;\">Representante Chefe da Pen\u00ednsula Ib\u00e9rica<\/h4>\n<\/div>\n<\/div><\/div><\/div><div id=\"pgc-45-6-1\"  class=\"panel-grid-cell\" ><div id=\"panel-45-6-1-0\" class=\"so-panel widget widget_sow-editor panel-first-child panel-last-child\" data-index=\"17\" ><div\n\t\t\t\n\t\t\tclass=\"so-widget-sow-editor so-widget-sow-editor-base\"\n\t\t\t\n\t\t>\n<div class=\"siteorigin-widget-tinymce textwidget\">\n\t<p>Nosso Representante Chefe da Pen\u00ednsula Ib\u00e9rica, Dr. C\u00e9sar David Ciriano, \u00e9 o CEO fundador da Ciriano&amp;Asociados, uma sociedade jur\u00eddica profissional com escrit\u00f3rios em Barcelona e Zaragoza na Espanha. Seu escrit\u00f3rio \u00e9 especializado em Imigra\u00e7\u00e3o e Cidadania Espanhola de origem sefardita (Cidadania Espanhola Sefardita; Nationalit\u00e9 Espagnole S\u00e9farade em franc\u00eas), Direito Administrativo (Planejamento Urbano, Meio Ambiente e Investimentos), em vistos de neg\u00f3cios e investidores para a Espanha (\u201cvisto dourado\u201d e de empres\u00e1rio vistos), e em Homologa\u00e7\u00e3o de T\u00edtulos de Estudantes Universit\u00e1rios. Eles s\u00e3o a empresa de refer\u00eancia para a cidadania espanhola que busca descendentes de sefarditas em todo o mundo e atendem pessoas sefarditas de todo o mundo e congrega\u00e7\u00f5es nos idiomas espanhol, ingl\u00eas e franc\u00eas.<\/p>\n<p>Sua equipe dedicada colabora com parceiros de neg\u00f3cios em v\u00e1rias cidades do mundo, fornecendo consultoria jur\u00eddica em Direito P\u00fablico e Investimentos.<\/p>\n<p>Para saber mais sobre as atividades do Ciriano&amp;Asociados, acesse:<\/p>\n<p><a href=\"http:\/\/www.abogadourbanismozaragoza.es\/\">www.abogadourbanismozaragoza.es<\/a> e\u00a0<a href=\"http:\/\/www.nacionalidadsefardies.es\/\">http:\/\/www.nacionalidadsefardies.es<\/a><\/p>\n<\/div>\n<\/div><\/div><\/div><\/div><\/div><div id=\"pg-45-7\"  class=\"panel-grid panel-has-style\" ><div class=\"siteorigin-panels-stretch panel-row-style panel-row-style-for-45-7\" data-stretch-type=\"full\" ><div id=\"pgc-45-7-0\"  class=\"panel-grid-cell\" ><div id=\"panel-45-7-0-0\" class=\"so-panel widget widget_sow-editor panel-first-child panel-last-child\" data-index=\"18\" ><div\n\t\t\t\n\t\t\tclass=\"so-widget-sow-editor so-widget-sow-editor-base\"\n\t\t\t\n\t\t>\n<div class=\"siteorigin-widget-tinymce textwidget\">\n\t<p>Brasileira da fronteira com o Paraguay, Juliana Rigato-Piekarski possui uma biografia \u00fanica. Especializada em Direitos Humanos, Direito de Fam\u00edlia e Imigra\u00e7\u00e3o, formou-se em Direito (2011) e Mestre em Direito (2015), ambos pela Pontificia Universidade Cat\u00f3lica de S\u00e3o Paulo (PUC-SP). Ao passo que, tamb\u00e9m, era estudante do Bacharelado em Hist\u00f3ria e Licenciatura em Hist\u00f3ria da Universidade de S\u00e3o Paulo (USP). Advogada com inscri\u00e7\u00e3o definitiva na Ordem dos Advogados do Brasil (OAB\/SP) e praticando o Direito desde 2012, sua paix\u00e3o em em ajudar as pessoas com suas qualifica\u00e7\u00f5es, cuja versatilidade e sensibilidade em se comunicar auxiliam para tanto, foi fundamental para lhe proporcionar m\u00faltiplas experi\u00eancias. Tr\u00eas anos de experi\u00eancia como Professora Assistente de Direitos Humanos e Direito da Crian\u00e7a e do Adolescente na gradua\u00e7\u00e3o de Direito da PUC-SP - como parte de seu est\u00e1gio docente. Bem como um ano como Professora Assistente de Direito Constitucional no curso preparat\u00f3rio para a Segunda Fase da OAB da Rede LFG - com est\u00fadio em S\u00e3o Paulo e transmitido via sat\u00e9lite para todo o Brasil. J\u00e1 como pesquisadora qualificada, pronta para reunir dados pertinentes e realizar an\u00e1lises relevantes, Juliana fez parte do conselho de planejamento de um manual educacional sobre racismo e discrimina\u00e7\u00e3o na inf\u00e2ncia pelo CEERT (Centro de Estudos das Rela\u00e7\u00f5es de Trabalho e Desigualdade).<br \/>\nPreocupando-se em continuar oferecendo sua contribui\u00e7\u00e3o acad\u00eamica onde nasceu, Juliana atua como avaliadora de artigos da Videre - jornal bianual editado pela Faculdade de Direito e de Rela\u00e7\u00f5es Internacionais da UFGD, Dourados-MS. Em contrapartida, visando contribuir positivamente no \u00e2mbito da comunidade judaica onde vive no Brooklyn, NY, ela se utiliza de suas viv\u00eancias e experi\u00eancias juntamente com m\u00fasica para auxiliar no cuidado da sa\u00fade metal da mulher, focando no empoderamento feminino.<\/p>\n<p>Orgulhosa de ser imigrante nos Estados Unidos e, preocupada sobre os poss\u00edveis desafios resultantes desse status, Juliana advoga para a efetividade dos direitos fundamentais. Tais direitos humanos fundamentais atuam como base para melhores oportunidades para cada pessoas que sonha e persiste em objetivos na constru\u00e7\u00e3o de um novo come\u00e7o ou, t\u00e3o somente, para expandir horizontes com dignidade e honestidade, em benef\u00edcio de si pr\u00f3prios e de seus familiares.<br \/>\nJuliana fala Portugu\u00eas, Italiano, Espanhol e Ingl\u00eas fluentemente.<\/p>\n<\/div>\n<\/div><\/div><\/div><div id=\"pgc-45-7-1\"  class=\"panel-grid-cell\" ><div id=\"panel-45-7-1-0\" class=\"so-panel widget widget_sow-image panel-first-child\" data-index=\"19\" ><div\n\t\t\t\n\t\t\tclass=\"so-widget-sow-image so-widget-sow-image-default-c67d20f9f743-45\"\n\t\t\t\n\t\t>\n<div class=\"sow-image-container\">\n\t\t<img loading=\"lazy\" \n\tsrc=\"https:\/\/www.americaeb5visa.com\/br\/wp-content\/uploads\/sites\/13\/2018\/09\/Juliana-Rigato-Piekarski--300x300.jpg\" width=\"300\" height=\"300\" srcset=\"https:\/\/www.americaeb5visa.com\/br\/wp-content\/uploads\/sites\/13\/2018\/09\/Juliana-Rigato-Piekarski--300x300.jpg 300w, https:\/\/www.americaeb5visa.com\/br\/wp-content\/uploads\/sites\/13\/2018\/09\/Juliana-Rigato-Piekarski--150x150.jpg 150w, https:\/\/www.americaeb5visa.com\/br\/wp-content\/uploads\/sites\/13\/2018\/09\/Juliana-Rigato-Piekarski--768x768.jpg 768w, https:\/\/www.americaeb5visa.com\/br\/wp-content\/uploads\/sites\/13\/2018\/09\/Juliana-Rigato-Piekarski--24x24.jpg 24w, https:\/\/www.americaeb5visa.com\/br\/wp-content\/uploads\/sites\/13\/2018\/09\/Juliana-Rigato-Piekarski--36x36.jpg 36w, https:\/\/www.americaeb5visa.com\/br\/wp-content\/uploads\/sites\/13\/2018\/09\/Juliana-Rigato-Piekarski--48x48.jpg 48w, https:\/\/www.americaeb5visa.com\/br\/wp-content\/uploads\/sites\/13\/2018\/09\/Juliana-Rigato-Piekarski-.jpg 972w\" sizes=\"(max-width: 300px) 100vw, 300px\" title=\"Juliana Rigato-Piekarski\" alt=\"\" \t\tclass=\"so-widget-image\"\/>\n\t<\/div>\n\n<\/div><\/div><div id=\"panel-45-7-1-1\" class=\"so-panel widget widget_sow-editor panel-last-child\" data-index=\"20\" ><div\n\t\t\t\n\t\t\tclass=\"so-widget-sow-editor so-widget-sow-editor-base\"\n\t\t\t\n\t\t>\n<div class=\"siteorigin-widget-tinymce textwidget\">\n\t<h2 class=\"text-center mg-md\" style=\"text-align: center;\">Juliana Rigato-Piekarski<\/h2>\n<h4 style=\"text-align: center;\">Desenvolvimento de neg\u00f3cios Brasil<\/h4>\n<\/div>\n<\/div><\/div><\/div><\/div><\/div><\/div>","protected":false},"excerpt":{"rendered":"<p>30 anosNossa equipe \u00e9 completamente composta de profissionais excepcionalmente qualificados que uma vez compartilharam seu sonho de imigrar para os Estados Unidos. Compreendemos suas reservas, suas preocupa\u00e7\u00f5es e seus medos. Mais importante ainda, entendemos que cada situa\u00e7\u00e3o \u00e9 diferente. Nossa administra\u00e7\u00e3o tem experi\u00eancia trabalhando em Wall Street h\u00e1 mais de 30 anos, estruturando transa\u00e7\u00f5es de<a class=\"moretag\" href=\"https:\/\/www.americaeb5visa.com\/br\/quem-somos-nos\/\"><span class=\"screen-reader-text\">Read more about Quem somos n\u00f3s?<\/span>[&#8230;]<\/a><\/p>\n","protected":false},"author":1,"featured_media":0,"parent":0,"menu_order":9,"comment_status":"closed","ping_status":"closed","template":"","meta":{"_acf_changed":false,"_monsterinsights_skip_tracking":false,"_monsterinsights_sitenote_active":false,"_monsterinsights_sitenote_note":"","_monsterinsights_sitenote_category":0,"footnotes":""},"class_list":["post-45","page","type-page","status-publish","hentry"],"acf":[],"rttpg_featured_image_url":null,"rttpg_author":{"display_name":"AdminNIso","author_link":"https:\/\/www.americaeb5visa.com\/br\/blog\/author\/admin\/"},"rttpg_comment":0,"rttpg_category":null,"rttpg_excerpt":"30 anosNossa equipe \u00e9 completamente composta de profissionais excepcionalmente qualificados que uma vez compartilharam seu sonho de imigrar para os Estados Unidos. Compreendemos suas reservas, suas preocupa\u00e7\u00f5es e seus medos. Mais importante ainda, entendemos que cada situa\u00e7\u00e3o \u00e9 diferente. Nossa administra\u00e7\u00e3o tem experi\u00eancia trabalhando em Wall Street h\u00e1 mais de 30 anos, estruturando transa\u00e7\u00f5es deRead&hellip;","_links":{"self":[{"href":"https:\/\/www.americaeb5visa.com\/br\/wp-json\/wp\/v2\/pages\/45","targetHints":{"allow":["GET"]}}],"collection":[{"href":"https:\/\/www.americaeb5visa.com\/br\/wp-json\/wp\/v2\/pages"}],"about":[{"href":"https:\/\/www.americaeb5visa.com\/br\/wp-json\/wp\/v2\/types\/page"}],"author":[{"embeddable":true,"href":"https:\/\/www.americaeb5visa.com\/br\/wp-json\/wp\/v2\/users\/1"}],"replies":[{"embeddable":true,"href":"https:\/\/www.americaeb5visa.com\/br\/wp-json\/wp\/v2\/comments?post=45"}],"version-history":[{"count":0,"href":"https:\/\/www.americaeb5visa.com\/br\/wp-json\/wp\/v2\/pages\/45\/revisions"}],"wp:attachment":[{"href":"https:\/\/www.americaeb5visa.com\/br\/wp-json\/wp\/v2\/media?parent=45"}],"curies":[{"name":"wp","href":"https:\/\/api.w.org\/{rel}","templated":true}]}}