{"id":74,"date":"2017-03-14T22:01:10","date_gmt":"2017-03-14T22:01:10","guid":{"rendered":"http:\/\/www.americaeb5visa.com\/?page_id=74"},"modified":"2024-04-22T02:46:34","modified_gmt":"2024-04-22T02:46:34","slug":"news","status":"publish","type":"page","link":"https:\/\/www.americaeb5visa.com\/br\/news\/","title":{"rendered":"Not\u00edcia"},"content":{"rendered":"<div id=\"pl-74\"  class=\"panel-layout\" ><div id=\"pg-74-0\"  class=\"panel-grid panel-no-style\" ><div id=\"pgc-74-0-0\"  class=\"panel-grid-cell\" ><div id=\"panel-74-0-0-0\" class=\"so-panel widget widget_sow-headline panel-first-child\" data-index=\"0\" ><div\n\t\t\t\n\t\t\tclass=\"so-widget-sow-headline so-widget-sow-headline-default-194407f109ba-74\"\n\t\t\t\n\t\t><div class=\"sow-headline-container \">\n\t\t\t\t\t\t\t<h1 class=\"sow-headline\">\n\t\t\t\t\t\tNot\u00edcia\t\t\t\t\t\t<\/h1>\n\t\t\t\t\t\t\t\t\t\t\t<div class=\"decoration\">\n\t\t\t\t\t\t<div class=\"decoration-inside\"><\/div>\n\t\t\t\t\t<\/div>\n\t\t\t\t\t<\/div>\n<\/div><\/div><div id=\"panel-74-0-0-1\" class=\"so-panel widget widget_wp_posts_carousel panel-last-child\" data-index=\"1\" ><div id=\"wp-posts-carousel-1292029162\" class=\"default-theme wp-posts-carousel owl-carousel\"><div class=\"wp-posts-carousel-slide slides-4\"><div class=\"wp-posts-carousel-container\"><div class=\"wp-posts-carousel-image\"><a href=\"https:\/\/www.americaeb5visa.com\/br\/blog\/2020\/08\/20\/uscis-esclarece-as-regras-de-redistribuicao-do-eb-5\/\" title=\"Read more USCIS esclarece as regras de redistribui\u00e7\u00e3o do EB-5\"><img decoding=\"async\" alt=\"USCIS esclarece as regras de redistribui\u00e7\u00e3o do EB-5\" style=\"max-width:100%;max-height:100%\" src=\"https:\/\/www.americaeb5visa.com\/br\/wp-content\/uploads\/sites\/13\/2020\/08\/uscis-update-150x150.png\"><\/a><\/div><div class=\"wp-posts-carousel-details\"><h3 class=\"wp-posts-carousel-title\"><a href=\"https:\/\/www.americaeb5visa.com\/br\/blog\/2020\/08\/20\/uscis-esclarece-as-regras-de-redistribuicao-do-eb-5\/\" title=\"USCIS esclarece as regras de redistribui\u00e7\u00e3o do EB-5\">USCIS esclarece as regras de redistribui\u00e7\u00e3o do EB-5<\/a><\/h3><p class=\"wp-posts-carousel-created-date\">August 20, 2020<\/p><\/div><\/div><\/div><div class=\"wp-posts-carousel-slide slides-4\"><div class=\"wp-posts-carousel-container\"><div class=\"wp-posts-carousel-image\"><a href=\"https:\/\/www.americaeb5visa.com\/br\/blog\/2020\/04\/27\/o-presidente-trump-assinou-uma-ordem-executiva-suspendendo-temporariamente-a-imigracao-para-os-eua-mas-relaxe-ela-nao-inclui-o-eb-5-e-muitos-outros-imigrantes-e-categorias-de-nao-imigrantes\/\" title=\"Read more O Presidente Trump assinou uma ordem executiva, suspendendo temporariamente a imigra\u00e7\u00e3o para os EUA. Mas relaxe, ela n\u00e3o inclui o EB-5 e muitos outros imigrantes e categorias de n\u00e3o imigrantes!\"><img decoding=\"async\" alt=\"O Presidente Trump assinou uma ordem executiva, suspendendo temporariamente a imigra\u00e7\u00e3o para os EUA. Mas relaxe, ela n\u00e3o inclui o EB-5 e muitos outros imigrantes e categorias de n\u00e3o imigrantes!\" style=\"max-width:100%;max-height:100%\" src=\"https:\/\/www.americaeb5visa.com\/br\/wp-content\/uploads\/sites\/13\/2020\/04\/trump-2546104-thumbnail-150x150.jpg\"><\/a><\/div><div class=\"wp-posts-carousel-details\"><h3 class=\"wp-posts-carousel-title\"><a href=\"https:\/\/www.americaeb5visa.com\/br\/blog\/2020\/04\/27\/o-presidente-trump-assinou-uma-ordem-executiva-suspendendo-temporariamente-a-imigracao-para-os-eua-mas-relaxe-ela-nao-inclui-o-eb-5-e-muitos-outros-imigrantes-e-categorias-de-nao-imigrantes\/\" title=\"O Presidente Trump assinou uma ordem executiva, suspendendo temporariamente a imigra\u00e7\u00e3o para os EUA. Mas relaxe, ela n\u00e3o inclui o EB-5 e muitos outros imigrantes e categorias de n\u00e3o imigrantes!\">O Presidente Trump assinou uma ordem executiva, suspendendo temporariamente a imigra\u00e7\u00e3o para os EUA. Mas relaxe, ela n\u00e3o inclui o EB-5 e muitos outros imigrantes e categorias de n\u00e3o imigrantes!<\/a><\/h3><p class=\"wp-posts-carousel-created-date\">April 27, 2020<\/p><\/div><\/div><\/div><div class=\"wp-posts-carousel-slide slides-4\"><div class=\"wp-posts-carousel-container\"><div class=\"wp-posts-carousel-image\"><a href=\"https:\/\/www.americaeb5visa.com\/br\/blog\/2017\/03\/19\/departamento-de-estado-dos-eua-divulga-estatisticas-de-vistos-para-o-ano-fiscal-2016\/\" title=\"Read more Departamento de Estado dos EUA divulga estat\u00edsticas de vistos para o Ano Fiscal 2016\"><img decoding=\"async\" alt=\"Departamento de Estado dos EUA divulga estat\u00edsticas de vistos para o Ano Fiscal 2016\" style=\"max-width:100%;max-height:100%\" src=\"https:\/\/www.americaeb5visa.com\/br\/wp-content\/uploads\/sites\/13\/2017\/04\/BlogAdobeStock_101769558-150x150.jpg\"><\/a><\/div><div class=\"wp-posts-carousel-details\"><h3 class=\"wp-posts-carousel-title\"><a href=\"https:\/\/www.americaeb5visa.com\/br\/blog\/2017\/03\/19\/departamento-de-estado-dos-eua-divulga-estatisticas-de-vistos-para-o-ano-fiscal-2016\/\" title=\"Departamento de Estado dos EUA divulga estat\u00edsticas de vistos para o Ano Fiscal 2016\">Departamento de Estado dos EUA divulga estat\u00edsticas de vistos para o Ano Fiscal 2016<\/a><\/h3><p class=\"wp-posts-carousel-created-date\">March 19, 2017<\/p><\/div><\/div><\/div><div class=\"wp-posts-carousel-slide slides-4\"><div class=\"wp-posts-carousel-container\"><div class=\"wp-posts-carousel-image\"><a href=\"https:\/\/www.americaeb5visa.com\/br\/blog\/2016\/12\/19\/em-6-de-dezembro-de-2016-o-congresso-dos-estados-unidos-aprovou-a-legislacao-de-resolucao-continua-cr\/\" title=\"Read more Em 6 de dezembro de 2016, o Congresso dos Estados Unidos aprovou a legisla\u00e7\u00e3o de Resolu\u00e7\u00e3o Cont\u00ednua (CR).\"><img decoding=\"async\" alt=\"Em 6 de dezembro de 2016, o Congresso dos Estados Unidos aprovou a legisla\u00e7\u00e3o de Resolu\u00e7\u00e3o Cont\u00ednua (CR).\" style=\"max-width:100%;max-height:100%\" src=\"https:\/\/www.americaeb5visa.com\/br\/wp-content\/uploads\/sites\/13\/2017\/04\/InvestmentIntro-150x150.jpg\"><\/a><\/div><div class=\"wp-posts-carousel-details\"><h3 class=\"wp-posts-carousel-title\"><a href=\"https:\/\/www.americaeb5visa.com\/br\/blog\/2016\/12\/19\/em-6-de-dezembro-de-2016-o-congresso-dos-estados-unidos-aprovou-a-legislacao-de-resolucao-continua-cr\/\" title=\"Em 6 de dezembro de 2016, o Congresso dos Estados Unidos aprovou a legisla\u00e7\u00e3o de Resolu\u00e7\u00e3o Cont\u00ednua (CR).\">Em 6 de dezembro de 2016, o Congresso dos Estados Unidos aprovou a legisla\u00e7\u00e3o de Resolu\u00e7\u00e3o Cont\u00ednua (CR).<\/a><\/h3><p class=\"wp-posts-carousel-created-date\">December 19, 2016<\/p><\/div><\/div><\/div><div class=\"wp-posts-carousel-slide slides-4\"><div class=\"wp-posts-carousel-container\"><div class=\"wp-posts-carousel-image\"><a href=\"https:\/\/www.americaeb5visa.com\/br\/blog\/2016\/11\/20\/congresso-estende-o-programa-eb-5-centro-regional-para-31-de-marco\/\" title=\"Read more Congresso estende o programa EB-5 Centro Regional para 31 de mar\u00e7o.\"><img decoding=\"async\" alt=\"Congresso estende o programa EB-5 Centro Regional para 31 de mar\u00e7o.\" style=\"max-width:100%;max-height:100%\" src=\"https:\/\/www.americaeb5visa.com\/br\/wp-content\/uploads\/sites\/13\/2017\/04\/RibbonAdobeStock_72339142-1-150x150.jpg\"><\/a><\/div><div class=\"wp-posts-carousel-details\"><h3 class=\"wp-posts-carousel-title\"><a href=\"https:\/\/www.americaeb5visa.com\/br\/blog\/2016\/11\/20\/congresso-estende-o-programa-eb-5-centro-regional-para-31-de-marco\/\" title=\"Congresso estende o programa EB-5 Centro Regional para 31 de mar\u00e7o.\">Congresso estende o programa EB-5 Centro Regional para 31 de mar\u00e7o.<\/a><\/h3><p class=\"wp-posts-carousel-created-date\">November 20, 2016<\/p><\/div><\/div><\/div><div class=\"wp-posts-carousel-slide slides-4\"><div class=\"wp-posts-carousel-container\"><div class=\"wp-posts-carousel-image\"><a href=\"https:\/\/www.americaeb5visa.com\/br\/blog\/2016\/10\/06\/senado-prorrogou-o-programa-eb-5-do-centro-regional-para-9-de-dezembro\/\" title=\"Read more Senado prorrogou o programa EB-5 do Centro Regional para 9 de dezembro\"><img decoding=\"async\" alt=\"Senado prorrogou o programa EB-5 do Centro Regional para 9 de dezembro\" style=\"max-width:100%;max-height:100%\" src=\"https:\/\/www.americaeb5visa.com\/br\/wp-content\/uploads\/sites\/13\/2017\/04\/WhoareWeAdobeStock_25409363-150x150.jpg\"><\/a><\/div><div class=\"wp-posts-carousel-details\"><h3 class=\"wp-posts-carousel-title\"><a href=\"https:\/\/www.americaeb5visa.com\/br\/blog\/2016\/10\/06\/senado-prorrogou-o-programa-eb-5-do-centro-regional-para-9-de-dezembro\/\" title=\"Senado prorrogou o programa EB-5 do Centro Regional para 9 de dezembro\">Senado prorrogou o programa EB-5 do Centro Regional para 9 de dezembro<\/a><\/h3><p class=\"wp-posts-carousel-created-date\">October 6, 2016<\/p><\/div><\/div><\/div><div class=\"wp-posts-carousel-slide slides-4\"><div class=\"wp-posts-carousel-container\"><div class=\"wp-posts-carousel-image\"><a href=\"https:\/\/www.americaeb5visa.com\/br\/blog\/2016\/09\/24\/congresso-avalia-aumentar-o-valor-do-investimento-para-o-visto-eb-5\/\" title=\"Read more Congresso avalia aumentar o valor do investimento para o visto EB-5.\"><img decoding=\"async\" alt=\"Congresso avalia aumentar o valor do investimento para o visto EB-5.\" style=\"max-width:100%;max-height:100%\" src=\"https:\/\/www.americaeb5visa.com\/br\/wp-content\/uploads\/sites\/13\/2017\/04\/EB5Death_to_Stock_Photography_NYC_Skyline_2-150x150.jpg\"><\/a><\/div><div class=\"wp-posts-carousel-details\"><h3 class=\"wp-posts-carousel-title\"><a href=\"https:\/\/www.americaeb5visa.com\/br\/blog\/2016\/09\/24\/congresso-avalia-aumentar-o-valor-do-investimento-para-o-visto-eb-5\/\" title=\"Congresso avalia aumentar o valor do investimento para o visto EB-5.\">Congresso avalia aumentar o valor do investimento para o visto EB-5.<\/a><\/h3><p class=\"wp-posts-carousel-created-date\">September 24, 2016<\/p><\/div><\/div><\/div><div class=\"wp-posts-carousel-slide slides-4\"><div class=\"wp-posts-carousel-container\"><div class=\"wp-posts-carousel-image\"><a href=\"https:\/\/www.americaeb5visa.com\/br\/blog\/2016\/09\/18\/visa-eb-5-um-caminho-simples-para-a-obtencao-de-um-green-card\/\" title=\"Read more Visa EB-5: Um caminho simples para a obten\u00e7\u00e3o de um Green Card.\"><img decoding=\"async\" alt=\"Visa EB-5: Um caminho simples para a obten\u00e7\u00e3o de um Green Card.\" style=\"max-width:100%;max-height:100%\" src=\"https:\/\/www.americaeb5visa.com\/br\/wp-content\/uploads\/sites\/13\/2017\/04\/Logo512SiteIcon-150x150.png\"><\/a><\/div><div class=\"wp-posts-carousel-details\"><h3 class=\"wp-posts-carousel-title\"><a href=\"https:\/\/www.americaeb5visa.com\/br\/blog\/2016\/09\/18\/visa-eb-5-um-caminho-simples-para-a-obtencao-de-um-green-card\/\" title=\"Visa EB-5: Um caminho simples para a obten\u00e7\u00e3o de um Green Card.\">Visa EB-5: Um caminho simples para a obten\u00e7\u00e3o de um Green Card.<\/a><\/h3><p class=\"wp-posts-carousel-created-date\">September 18, 2016<\/p><\/div><\/div><\/div><\/div><script type=\"text\/javascript\">\n              jQuery(window).load(function(e) {\n                  var wpPostsCarousel1292029162 = jQuery(\"#wp-posts-carousel-1292029162\");\n                  wpPostsCarousel1292029162.owlCarousel({\n                      loop: 0,\n                      nav: true,\n                      navSpeed: 800,\n                      dots: true,\n                      dotsSpeed: 800,\n                      lazyLoad: false,\n                      autoplay: false,\n                      autoplayHoverPause: false,\n                      autoplayTimeout: 1200,\n                      autoplaySpeed:  800,\n                      margin: 5,\n                      stagePadding: 0,\n                      freeDrag: false,\n                      mouseDrag: true,\n                      touchDrag: true,\n                      slideBy: 1,\n                      fallbackEasing: \"linear\",\n                      responsiveClass: true,\n                      navText: [ \"previous\", \"next\" ],\n                      responsive:{\n                          0:{items: 1},\n                          600:{items: 2},\n                          1000:{items: 4}\n                          \n                      },\n                      autoHeight: true\n                  });\n                  wpPostsCarousel1292029162.on(\"mousewheel\", \".owl-stage\", function(e) {\n                if (e.deltaY > 0) {\n                    wpPostsCarousel1292029162.trigger(\"next.owl\");\n                } else {\n                    wpPostsCarousel1292029162.trigger(\"prev.owl\");\n                }\n                e.preventDefault();\n            });\n              });\n          <\/script><\/div><\/div><\/div><\/div>","protected":false},"excerpt":{"rendered":"<p>Not\u00edcia USCIS esclarece as regras de redistribui\u00e7\u00e3o do EB-5August 20, 2020O Presidente Trump assinou uma ordem executiva, suspendendo temporariamente a imigra\u00e7\u00e3o para os EUA. Mas relaxe, ela n\u00e3o inclui o EB-5 e muitos outros imigrantes e categorias de n\u00e3o imigrantes!April 27, 2020Departamento de Estado dos EUA divulga estat\u00edsticas de vistos para o Ano Fiscal 2016March<a class=\"moretag\" href=\"https:\/\/www.americaeb5visa.com\/br\/news\/\"><span class=\"screen-reader-text\">Read more about Not\u00edcia<\/span>[&#8230;]<\/a><\/p>\n","protected":false},"author":1,"featured_media":0,"parent":0,"menu_order":7,"comment_status":"closed","ping_status":"closed","template":"","meta":{"_acf_changed":false,"_monsterinsights_skip_tracking":false,"_monsterinsights_sitenote_active":false,"_monsterinsights_sitenote_note":"","_monsterinsights_sitenote_category":0,"footnotes":""},"class_list":["post-74","page","type-page","status-publish","hentry"],"acf":[],"rttpg_featured_image_url":null,"rttpg_author":{"display_name":"AdminNIso","author_link":"https:\/\/www.americaeb5visa.com\/br\/blog\/author\/admin\/"},"rttpg_comment":0,"rttpg_category":null,"rttpg_excerpt":"Not\u00edcia USCIS esclarece as regras de redistribui\u00e7\u00e3o do EB-5August 20, 2020O Presidente Trump assinou uma ordem executiva, suspendendo temporariamente a imigra\u00e7\u00e3o para os EUA. Mas relaxe, ela n\u00e3o inclui o EB-5 e muitos outros imigrantes e categorias de n\u00e3o imigrantes!April 27, 2020Departamento de Estado dos EUA divulga estat\u00edsticas de vistos para o Ano Fiscal 2016MarchRead&hellip;","_links":{"self":[{"href":"https:\/\/www.americaeb5visa.com\/br\/wp-json\/wp\/v2\/pages\/74","targetHints":{"allow":["GET"]}}],"collection":[{"href":"https:\/\/www.americaeb5visa.com\/br\/wp-json\/wp\/v2\/pages"}],"about":[{"href":"https:\/\/www.americaeb5visa.com\/br\/wp-json\/wp\/v2\/types\/page"}],"author":[{"embeddable":true,"href":"https:\/\/www.americaeb5visa.com\/br\/wp-json\/wp\/v2\/users\/1"}],"replies":[{"embeddable":true,"href":"https:\/\/www.americaeb5visa.com\/br\/wp-json\/wp\/v2\/comments?post=74"}],"version-history":[{"count":0,"href":"https:\/\/www.americaeb5visa.com\/br\/wp-json\/wp\/v2\/pages\/74\/revisions"}],"wp:attachment":[{"href":"https:\/\/www.americaeb5visa.com\/br\/wp-json\/wp\/v2\/media?parent=74"}],"curies":[{"name":"wp","href":"https:\/\/api.w.org\/{rel}","templated":true}]}}