{"id":45,"date":"2017-03-13T22:03:22","date_gmt":"2017-03-13T22:03:22","guid":{"rendered":"http:\/\/www.americaeb5visa.com\/?page_id=45"},"modified":"2025-02-09T06:30:15","modified_gmt":"2025-02-09T11:30:15","slug":"biz-kimiz","status":"publish","type":"page","link":"https:\/\/www.americaeb5visa.com\/tr\/biz-kimiz\/","title":{"rendered":"Biz Kimiz?"},"content":{"rendered":"<div id=\"pl-45\"  class=\"panel-layout\" ><div id=\"pg-45-0\"  class=\"panel-grid panel-has-style\" ><div class=\"siteorigin-panels-stretch panel-row-style panel-row-style-for-45-0\" data-stretch-type=\"full-width-stretch\" ><div id=\"pgc-45-0-0\"  class=\"panel-grid-cell\" ><div id=\"panel-45-0-0-0\" class=\"so-panel widget widget_sow-hero panel-first-child panel-last-child\" data-index=\"0\" ><div\n\t\t\t\n\t\t\tclass=\"so-widget-sow-hero so-widget-sow-hero-default-89b41ad833c8-45 so-widget-fittext-wrapper\"\n\t\t\t data-fit-text-compressor=\"0.85\"\n\t\t>\t\t\t\t<div class=\"sow-slider-base\" style=\"display: none\" tabindex=\"0\">\n\t\t\t\t\t<ul\n\t\t\t\t\tclass=\"sow-slider-images\"\n\t\t\t\t\tdata-settings=\"{&quot;pagination&quot;:true,&quot;speed&quot;:800,&quot;timeout&quot;:8000,&quot;paused&quot;:false,&quot;pause_on_hover&quot;:false,&quot;swipe&quot;:true,&quot;nav_always_show_desktop&quot;:&quot;&quot;,&quot;nav_always_show_mobile&quot;:&quot;&quot;,&quot;breakpoint&quot;:&quot;780px&quot;,&quot;unmute&quot;:false,&quot;anchor&quot;:null}\"\n\t\t\t\t\tstyle=\"min-height: 500px\"\t\t\t\t\tdata-anchor-id=\"\"\n\t\t\t\t>\t\t<li class=\"sow-slider-image  sow-slider-image-cover\" style=\"visibility: visible;;background-color: #333333;background-image: url(https:\/\/www.americaeb5visa.com\/tr\/wp-content\/uploads\/sites\/6\/2017\/03\/AdobeStock_25409363-1.jpeg)\" >\n\t\t\t\t\t<div class=\"sow-slider-image-container\">\n\t\t\t<div class=\"sow-slider-image-wrapper\">\n\t\t\t\t<h1 style=\"text-align: center\">Bizi \u00f6zel k\u0131lan ve rakiplerimizden ay\u0131rt eden unsur nedir? Anlay\u0131\u015f.<\/h1><p>\u00a0<\/p><h2 style=\"text-align: center\">Ekibimiz sizler gibi bir zamanlar ABD'ye g\u00f6\u00e7 etme hayalini payla\u015fan benzersiz nitelikli profesyonellerden olu\u015fmaktad\u0131r.<\/h2>\t\t\t<\/div>\n\t\t<\/div>\n\t\t\t\t<\/li>\n\t\t<\/ul>\t\t\t\t<ol class=\"sow-slider-pagination\">\n\t\t\t\t\t\t\t\t\t\t\t<li><a href=\"#\" data-goto=\"0\" aria-label=\"Display slide 1\"><\/a><\/li>\n\t\t\t\t\t\t\t\t\t<\/ol>\n\n\t\t\t\t<div class=\"sow-slide-nav sow-slide-nav-next\">\n\t\t\t\t\t<a href=\"#\" data-goto=\"next\" aria-label=\"Next slide\" data-action=\"next\">\n\t\t\t\t\t\t<em class=\"sow-sld-icon-thin-right\"><\/em>\n\t\t\t\t\t<\/a>\n\t\t\t\t<\/div>\n\n\t\t\t\t<div class=\"sow-slide-nav sow-slide-nav-prev\">\n\t\t\t\t\t<a href=\"#\" data-goto=\"previous\" aria-label=\"Previous slide\" data-action=\"prev\">\n\t\t\t\t\t\t<em class=\"sow-sld-icon-thin-left\"><\/em>\n\t\t\t\t\t<\/a>\n\t\t\t\t<\/div>\n\t\t\t\t<\/div><\/div><\/div><\/div><\/div><\/div><div id=\"pg-45-1\"  class=\"panel-grid panel-no-style\" ><div id=\"pgc-45-1-0\"  class=\"panel-grid-cell\" ><div id=\"panel-45-1-0-0\" class=\"so-panel widget widget_sow-editor panel-first-child panel-last-child\" data-index=\"1\" ><div\n\t\t\t\n\t\t\tclass=\"so-widget-sow-editor so-widget-sow-editor-base\"\n\t\t\t\n\t\t>\n<div class=\"siteorigin-widget-tinymce textwidget\">\n\t<p style=\"text-align: center;\"><strong>Birlikte 30 Y\u0131l<\/strong><\/p>\n<p style=\"text-align: center;\">\u00a0<\/p>\n<p>Ekibimiz sizler gibi bir zamanlar ABD'ye g\u00f6\u00e7 etme hayalini payla\u015fan, benzersiz nitelikli, profesyonellerden olu\u015fmaktad\u0131r. B\u00fct\u00fcn u\u011fra\u015f\u0131lar\u0131n\u0131z\u0131, kayg\u0131lar\u0131n\u0131z\u0131 ve korkular\u0131n\u0131z\u0131 anlayabiliyoruz. En \u00f6nemlisi, her ki\u015finin ve her ailenin durumunun farkl\u0131 oldu\u011funu biliyor ve birbirinden ayr\u0131 bir \u015fekilde g\u00f6zden ge\u00e7irilmesinin gerekti\u011fini g\u00f6z \u00f6n\u00fcnde tutuyoruz.<\/p>\n<p>Y\u00f6netimimiz, 30 seneyi a\u015fk\u0131n bir s\u00fcredir Wall Street\u2019te sabit gelirli i\u015flemleri yap\u0131land\u0131rmak ve anla\u015f\u0131lmas\u0131 zor \u00f6zel ikamet muht\u0131ralar\u0131n\u0131 okuma konular\u0131nda tecr\u00fcbe kazanm\u0131\u015f bir kadrodan meydana gelir. Yat\u0131r\u0131mlar\u0131n i\u00e7indeki her t\u00fcrl\u00fc riski belirleyemesek bile risklerin b\u00fcy\u00fck bir oran\u0131n\u0131 y\u00fczeye \u00e7\u0131karmaya al\u0131\u015f\u0131\u011f\u0131z. Yat\u0131r\u0131mc\u0131lar\u0131n kar\u015f\u0131la\u015fabilece\u011fi olas\u0131 problemlere kar\u015f\u0131 b\u00fcy\u00fck miktarda hafifletici \u00e7\u00f6z\u00fcm \u00f6nerileri sunuyoruz.\u00a0 Bu riskler, belgelerin basit bir \u015fekilde okunmas\u0131 ile tan\u0131mlanamaz ve hafifletilemez. Bu \u015fekilde, kendimizi, yaln\u0131zca, proje sahibi emlak \u015firketinin uluslararas\u0131 itibar\u0131na g\u00fcvenerek pazarlama yapan tipik yerel profesyonellerden ay\u0131r\u0131yoruz. Ayn\u0131 zamanda dosyalar\u0131n\u0131z\u0131 b\u00fct\u00fcn detaylar\u0131yla birlikte g\u00f6zden ge\u00e7irmemize yol a\u00e7an g\u00fcveniniz i\u00e7in size minnet duyuyoruz. Bankac\u0131l\u0131k ge\u00e7mi\u015fimize dayanarak yat\u0131r\u0131mlardaki her avantaj\u0131 ve problemi dikkatle g\u00f6zler \u00f6n\u00fcne seriyoruz.<\/p>\n<\/div>\n<\/div><\/div><\/div><\/div><div id=\"pg-45-2\"  class=\"panel-grid panel-has-style\" ><div class=\"siteorigin-panels-stretch panel-row-style panel-row-style-for-45-2\" data-stretch-type=\"full\" ><div id=\"pgc-45-2-0\"  class=\"panel-grid-cell\" ><div id=\"panel-45-2-0-0\" class=\"so-panel widget widget_sow-image panel-first-child\" data-index=\"2\" ><div\n\t\t\t\n\t\t\tclass=\"so-widget-sow-image so-widget-sow-image-default-c67d20f9f743-45\"\n\t\t\t\n\t\t>\n<div class=\"sow-image-container\">\n\t\t<img fetchpriority=\"high\" \n\tsrc=\"https:\/\/www.americaeb5visa.com\/tr\/wp-content\/uploads\/sites\/6\/2017\/03\/marko-300x300.png\" width=\"300\" height=\"300\" srcset=\"https:\/\/www.americaeb5visa.com\/tr\/wp-content\/uploads\/sites\/6\/2017\/03\/marko-300x300.png 300w, https:\/\/www.americaeb5visa.com\/tr\/wp-content\/uploads\/sites\/6\/2017\/03\/marko-150x150.png 150w, https:\/\/www.americaeb5visa.com\/tr\/wp-content\/uploads\/sites\/6\/2017\/03\/marko-24x24.png 24w, https:\/\/www.americaeb5visa.com\/tr\/wp-content\/uploads\/sites\/6\/2017\/03\/marko-36x36.png 36w, https:\/\/www.americaeb5visa.com\/tr\/wp-content\/uploads\/sites\/6\/2017\/03\/marko-48x48.png 48w, https:\/\/www.americaeb5visa.com\/tr\/wp-content\/uploads\/sites\/6\/2017\/03\/marko.png 427w\" sizes=\"(max-width: 300px) 100vw, 300px\" alt=\"\" \t\tclass=\"so-widget-image\"\/>\n\t<\/div>\n\n<\/div><\/div><div id=\"panel-45-2-0-1\" class=\"so-panel widget widget_sow-editor\" data-index=\"3\" ><div\n\t\t\t\n\t\t\tclass=\"so-widget-sow-editor so-widget-sow-editor-base\"\n\t\t\t\n\t\t>\n<div class=\"siteorigin-widget-tinymce textwidget\">\n\t<h2 class=\"text-center mg-md\" style=\"text-align: center;\">Marko Issever<\/h2>\n<h4 style=\"text-align: center;\">Genel M\u00fcd\u00fcr<\/h4>\n<\/div>\n<\/div><\/div><div id=\"panel-45-2-0-2\" class=\"so-panel widget widget_sow-image panel-last-child\" data-index=\"4\" ><div\n\t\t\t\n\t\t\tclass=\"so-widget-sow-image so-widget-sow-image-default-c67d20f9f743-45\"\n\t\t\t\n\t\t>\n<div class=\"sow-image-container\">\n\t\t<img \n\tsrc=\"https:\/\/www.americaeb5visa.com\/tr\/wp-content\/uploads\/sites\/6\/2017\/03\/badge-broker-dealer.png\" width=\"224\" height=\"170\" srcset=\"https:\/\/www.americaeb5visa.com\/tr\/wp-content\/uploads\/sites\/6\/2017\/03\/badge-broker-dealer.png 224w, https:\/\/www.americaeb5visa.com\/tr\/wp-content\/uploads\/sites\/6\/2017\/03\/badge-broker-dealer-24x18.png 24w, https:\/\/www.americaeb5visa.com\/tr\/wp-content\/uploads\/sites\/6\/2017\/03\/badge-broker-dealer-36x27.png 36w, https:\/\/www.americaeb5visa.com\/tr\/wp-content\/uploads\/sites\/6\/2017\/03\/badge-broker-dealer-48x36.png 48w\" sizes=\"(max-width: 224px) 100vw, 224px\" alt=\"\" \t\tclass=\"so-widget-image\"\/>\n\t<\/div>\n\n<\/div><\/div><\/div><div id=\"pgc-45-2-1\"  class=\"panel-grid-cell\" ><div id=\"panel-45-2-1-0\" class=\"so-panel widget widget_sow-editor panel-first-child panel-last-child\" data-index=\"5\" ><div\n\t\t\t\n\t\t\tclass=\"so-widget-sow-editor so-widget-sow-editor-base\"\n\t\t\t\n\t\t>\n<div class=\"siteorigin-widget-tinymce textwidget\">\n\t<p>Kurucumuz ve Ba\u015f Y\u00f6neticimiz, Marko \u0130\u015fsever, 2016 y\u0131l\u0131n\u0131n May\u0131s ay\u0131nda <a href=\"http:\/\/www.rmginvestments.com\/rmg-team\/\">Riverside Management Grubuna (RMG)<\/a> genel m\u00fcd\u00fcr olarak kat\u0131ld\u0131. RMG\u2019nin %100 sahip oldu\u011fu, ba\u011fl\u0131 ortakl\u0131\u011f\u0131, <a href=\"http:\/\/www.rmginvestments.com\/bcw-securities\/\">BCW Securities LLC<\/a> vas\u0131tas\u0131yla firman\u0131n EB-5 sermaye art\u0131rma ve yerle\u015ftirme faaliyetlerini y\u00f6netiyor. Ayn\u0131 zamanda, kalk\u0131nma ve yat\u0131r\u0131m f\u0131rsatlar\u0131 konusunda uzmanla\u015fm\u0131\u015f bir gayrimenkul yat\u0131r\u0131m \u015firketi olan BH Capital Management'\u0131n da kurucu orta\u011f\u0131d\u0131r. RMG\u2019ye kat\u0131lmadan ve BHCM firmas\u0131n\u0131 kurup, y\u00fcr\u00fctmeye ba\u015flamadan \u00f6nce, M. \u0130\u015fsever,\u00a0 <a href=\"https:\/\/www.bnymellon.com\/us\/en\/who-we-are\/index.jsp#ourstory\">The Bank of New York Mellon<\/a>\u00a0bankas\u0131n\u0131n K\u00fcresel ve Sermaye Piyasalar\u0131 b\u00f6l\u00fcm\u00fcnde genel m\u00fcd\u00fcr k\u0131deminde, firman\u0131n t\u00fcrev i\u015flemlerini finansal kurulu\u015flara d\u00fcnya \u00e7ap\u0131nda pazarl\u0131yordu. 30 senenin \u00fcst\u00fcnde Wall Street\u2019te hizmet veren Marko bey, sonradan Sumitomo Capital Markets ile birle\u015ferek <a href=\"http:\/\/www.smbc-cm.com\/\">SMBC Capital Markets<\/a>\u2019i yaratan Sakura Global Capital\u2019in t\u00fcrev b\u00f6l\u00fcm\u00fcn\u00fcn de kurucu \u00fcyelerindendir. Kendisi, Wall Street kariyerine Prudential Securities' Finansal Stratejiler Grubunda ba\u015flam\u0131\u015ft\u0131r. Orada, teminatl\u0131 ipotek y\u00fck\u00fcml\u00fcl\u00fckleri, \u00a0risk kontroll\u00fc arbitraj i\u015flemleri, poli\u00e7e sahibi olanlara verilen kredilerin menkul de\u011ferler baz\u0131nda k\u0131ymetle\u015ftirilmesi gibi i\u015flemlerde uzmanla\u015ft\u0131. Marko \u0130\u015fsever, <a href=\"https:\/\/www.wharton.upenn.edu\/\">Pennsylvania \u00dcniversitesinin i\u015fletme fak\u00fcltesi olan Wharton School<\/a> mezunudur ve oradan MA ekonomi ve MBA finans diplomalar\u0131 vard\u0131r.\u00a0 Lisans \u00f6\u011frenimini ise <a href=\"http:\/\/www.boun.edu.tr\/\">Bo\u011fazi\u00e7i \u00dcniversitesi<\/a> ve lise e\u011fitimini de <a href=\"http:\/\/rcwww.robcol.k12.tr\/Pages\/default.aspx\">Robert College<\/a>\u2019de tamamlam\u0131\u015ft\u0131r. Kendisi T\u00fcrk\u00e7e (anadili) ve \u0130spanyolcay\u0131 ak\u0131c\u0131 olarak konu\u015fmaktad\u0131r. Kendisi, Yahudi destek kurulu\u015fu <a href=\"http:\/\/www.alephlearning.org\/\">Aleph Learning Center<\/a>'\u0131n da kurucu ba\u015fkan\u0131d\u0131r. Ayn\u0131 zamanda, <a href=\"http:\/\/www.sepharad.org\/index.cfm?page=about&amp;sub=our_board_of_directors\">Manhattan Sephardic Congregation<\/a>\u2019nin y\u00f6netim kurulu \u00fcyesidir. 7 ve 63 seri menkul k\u0131ymetler lisanslar\u0131n\u0131 elinde tutan M. \u0130\u015fsever, kar\u0131s\u0131 ve \u00e7ocuklar\u0131 ile New York City'de ya\u015famaktad\u0131r.<\/p>\n<\/div>\n<\/div><\/div><\/div><\/div><\/div><div id=\"pg-45-3\"  class=\"panel-grid panel-has-style\" ><div class=\"siteorigin-panels-stretch panel-row-style panel-row-style-for-45-3\" data-stretch-type=\"full\" ><div id=\"pgc-45-3-0\"  class=\"panel-grid-cell\" ><div id=\"panel-45-3-0-0\" class=\"so-panel widget widget_sow-editor panel-first-child panel-last-child\" data-index=\"6\" ><div\n\t\t\t\n\t\t\tclass=\"so-widget-sow-editor so-widget-sow-editor-base\"\n\t\t\t\n\t\t>\n<div class=\"siteorigin-widget-tinymce textwidget\">\n\t<p>Niso Zakuto, Amerika EB-5 Vize \u015firketinin pazarlama b\u00f6l\u00fcm\u00fc ile ilgilenmektedir. Niso EB-5 Vizesi hakk\u0131nda b\u00fct\u00fcn prosed\u00fcrlere hakim bir konumda olmak ile beraber, dikkatini ABD\u2019ye g\u00f6\u00e7 etmek isteyen insanlara yo\u011funla\u015ft\u0131r\u0131yor. Niso, firmam\u0131zda \u00e7al\u0131\u015fmadan \u00f6nce <a href=\"http:\/\/perfectedtech.com\/\">PerfectedTech<\/a> isimli yaz\u0131l\u0131m firmas\u0131nda Junior Developer mevkiinde, daha \u00f6nce de Lisans program\u0131n\u0131n son d\u00f6neminde mobil yaz\u0131l\u0131m \u015firketi <a href=\"http:\/\/corvega.com\/\">Corvega\u2019da<\/a> \u00e7al\u0131\u015fm\u0131\u015ft\u0131r. <a href=\"https:\/\/www.okan.edu.tr\/\">Okan \u00dcniversitesinden<\/a> Lisans diplomas\u0131n\u0131 2015 y\u0131l\u0131nda alm\u0131\u015f olan Niso, 7 y\u0131ldan uzun s\u00fcredir bilgisayar end\u00fcstrisinin i\u00e7erisindedir. Uluslararas\u0131 kimli\u011fi ile ve bilgisayar teknolojilerine olan yatk\u0131nl\u0131\u011f\u0131yla, yeteneklerini Amerika EB-5 Vize\u2019nin potansiyel m\u00fc\u015fterine hizmet etmeye ve kar\u015f\u0131la\u015f\u0131labilecek olan herhangi bir sorunun \u00fczerinden gerek kendi tecr\u00fcbesi ile gerekse tak\u0131m\u0131n sahip oldu\u011fu birliktelik kuvveti ile birlikte a\u015fmaya haz\u0131r.<\/p>\n<\/div>\n<\/div><\/div><\/div><div id=\"pgc-45-3-1\"  class=\"panel-grid-cell\" ><div id=\"panel-45-3-1-0\" class=\"so-panel widget widget_sow-image panel-first-child\" data-index=\"7\" ><div\n\t\t\t\n\t\t\tclass=\"so-widget-sow-image so-widget-sow-image-default-c67d20f9f743-45\"\n\t\t\t\n\t\t>\n<div class=\"sow-image-container\">\n\t\t<img \n\tsrc=\"https:\/\/www.americaeb5visa.com\/tr\/wp-content\/uploads\/sites\/6\/2020\/06\/niso-300x300.png\" width=\"300\" height=\"300\" srcset=\"https:\/\/www.americaeb5visa.com\/tr\/wp-content\/uploads\/sites\/6\/2020\/06\/niso-300x300.png 300w, https:\/\/www.americaeb5visa.com\/tr\/wp-content\/uploads\/sites\/6\/2020\/06\/niso-150x150.png 150w, https:\/\/www.americaeb5visa.com\/tr\/wp-content\/uploads\/sites\/6\/2020\/06\/niso-24x24.png 24w, https:\/\/www.americaeb5visa.com\/tr\/wp-content\/uploads\/sites\/6\/2020\/06\/niso-36x36.png 36w, https:\/\/www.americaeb5visa.com\/tr\/wp-content\/uploads\/sites\/6\/2020\/06\/niso-48x48.png 48w, https:\/\/www.americaeb5visa.com\/tr\/wp-content\/uploads\/sites\/6\/2020\/06\/niso.png 427w\" sizes=\"(max-width: 300px) 100vw, 300px\" alt=\"\" \t\tclass=\"so-widget-image\"\/>\n\t<\/div>\n\n<\/div><\/div><div id=\"panel-45-3-1-1\" class=\"so-panel widget widget_sow-editor panel-last-child\" data-index=\"8\" ><div\n\t\t\t\n\t\t\tclass=\"so-widget-sow-editor so-widget-sow-editor-base\"\n\t\t\t\n\t\t>\n<div class=\"siteorigin-widget-tinymce textwidget\">\n\t<h2 class=\"text-center mg-md\" style=\"text-align: center;\">Niso Zakuto<\/h2>\n<h4 style=\"text-align: center;\">Genel Pazarlama M\u00fcd\u00fcr\u00fc<\/h4>\n<\/div>\n<\/div><\/div><\/div><\/div><\/div><div id=\"pg-45-4\"  class=\"panel-grid panel-has-style\" ><div class=\"siteorigin-panels-stretch panel-row-style panel-row-style-for-45-4\" data-stretch-type=\"full\" ><div id=\"pgc-45-4-0\"  class=\"panel-grid-cell\" ><div id=\"panel-45-4-0-0\" class=\"so-panel widget widget_sow-image panel-first-child\" data-index=\"9\" ><div\n\t\t\t\n\t\t\tclass=\"so-widget-sow-image so-widget-sow-image-default-c67d20f9f743-45\"\n\t\t\t\n\t\t>\n<div class=\"sow-image-container\">\n\t\t<img loading=\"lazy\" \n\tsrc=\"https:\/\/www.americaeb5visa.com\/tr\/wp-content\/uploads\/sites\/6\/2017\/12\/EcoinomyAAT-275x300.jpg\" width=\"275\" height=\"300\" srcset=\"https:\/\/www.americaeb5visa.com\/tr\/wp-content\/uploads\/sites\/6\/2017\/12\/EcoinomyAAT-275x300.jpg 275w, https:\/\/www.americaeb5visa.com\/tr\/wp-content\/uploads\/sites\/6\/2017\/12\/EcoinomyAAT-768x837.jpg 768w, https:\/\/www.americaeb5visa.com\/tr\/wp-content\/uploads\/sites\/6\/2017\/12\/EcoinomyAAT-22x24.jpg 22w, https:\/\/www.americaeb5visa.com\/tr\/wp-content\/uploads\/sites\/6\/2017\/12\/EcoinomyAAT-33x36.jpg 33w, https:\/\/www.americaeb5visa.com\/tr\/wp-content\/uploads\/sites\/6\/2017\/12\/EcoinomyAAT-44x48.jpg 44w, https:\/\/www.americaeb5visa.com\/tr\/wp-content\/uploads\/sites\/6\/2017\/12\/EcoinomyAAT.jpg 882w\" sizes=\"(max-width: 275px) 100vw, 275px\" alt=\"\" \t\tclass=\"so-widget-image\"\/>\n\t<\/div>\n\n<\/div><\/div><div id=\"panel-45-4-0-1\" class=\"so-panel widget widget_sow-editor panel-last-child\" data-index=\"10\" ><div\n\t\t\t\n\t\t\tclass=\"so-widget-sow-editor so-widget-sow-editor-base\"\n\t\t\t\n\t\t>\n<div class=\"siteorigin-widget-tinymce textwidget\">\n\t<h2 class=\"text-center mg-md\" style=\"text-align: center;\">Ay\u00e7a Apak<\/h2>\n<h4 style=\"text-align: center;\">\u0130stanbul B\u00fcrosu Liaison M\u00fcd\u00fcr\u00fc<\/h4>\n<\/div>\n<\/div><\/div><\/div><div id=\"pgc-45-4-1\"  class=\"panel-grid-cell\" ><div id=\"panel-45-4-1-0\" class=\"so-panel widget widget_sow-editor panel-first-child panel-last-child\" data-index=\"11\" ><div\n\t\t\t\n\t\t\tclass=\"so-widget-sow-editor so-widget-sow-editor-base\"\n\t\t\t\n\t\t>\n<div class=\"siteorigin-widget-tinymce textwidget\">\n\t<p>Etkinlik y\u00f6netimi, kurumsal ileti\u015fim, halkla ili\u015fkiler, tan\u0131t\u0131m ve pazarlama uzman\u0131 olan Ay\u00e7a Apak, New York k\u00f6kenli America EB5 Visa\u2019n\u0131n Istanbul ofisini y\u00f6netmektedir. Doksanl\u0131 y\u0131llarda, Global Yat\u0131r\u0131m Holding'de Uluslararas\u0131 Halkla \u0130li\u015fkiler sorumlusu iken, 1998'de ya\u015fam\u0131n\u0131 Londra'ya ta\u015f\u0131m\u0131\u015ft\u0131r. 2001 y\u0131l\u0131nda Londra\u2019da 'k\u00fcresel d\u00fc\u015f\u00fcn, yerel davran' d\u00fcsturuyla butik bir ileti\u015fim dan\u0131\u015fmanl\u0131\u011f\u0131 olan Apak \u0130leti\u015fim'i kurmu\u015ftur.<br \/>\n\u015eirket, bankac\u0131l\u0131k ve finans, ila\u00e7 ve sa\u011fl\u0131k, yap\u0131 ve in\u015faat, \u00e7evre ve s\u00fcrd\u00fcr\u00fclebilirlik sekt\u00f6rlerinde, ba\u015fta B2B konferanslar, seminerler, profesyonel geli\u015fim e\u011fitimleri olmak \u00fczere, roadshowlar, fuar organizasyonlar\u0131, uluslararas\u0131 bas\u0131n programlar\u0131 ve kurumsal etkinlikleri de kapsayan geni\u015f bir yelpazede faaliyet g\u00f6stermi\u015ftir.<br \/>\nFinancial Times, Reuters, Thomson Financial, IFR Dergisi, Incisive Media, Alfa Bank ve Global Yat\u0131r\u0131m Holding gibi m\u00fc\u015fterilerle \u00e7al\u0131\u015ft\u0131\u011f\u0131 uzun bir finans sekt\u00f6r\u00fc tecr\u00fcbesinin ard\u0131ndan Ay\u00e7a Apak, \u00e7evre ve s\u00fcrd\u00fcr\u00fclebilirlik alan\u0131na kaym\u0131\u015ft\u0131r. Bu alanda bir\u00e7ok etkinli\u011fin yap\u0131mc\u0131l\u0131\u011f\u0131n\u0131 ve y\u00f6netmenli\u011fini \u00fcstlenmi\u015f olup k\u00fcresel g\u0131da sisteminde 'a\u00e7\u0131k kaynak' prensibini savunan bir STK'n\u0131n kurulu\u015funda g\u00f6rev alm\u0131\u015f ve \u00e7al\u0131\u015fanlar\u0131n i\u015fyerinde \u00e7evreci davran\u0131\u015f modelleri geli\u015ftirmelerini te\u015fvik eden bir teknoloji \u015firketini hayata ge\u00e7irmi\u015ftir.<br \/>\nAmerika, Avrupa, Orta Do\u011fu, Kuzey Afrika ve Uzak Do\u011fu co\u011frafyas\u0131nda y\u00fczlerce ba\u015far\u0131l\u0131 etkinli\u011fe, yan\u0131 s\u0131ra kurumsal ileti\u015fim, pazarlama ileti\u015fimi ve sosyal medya kampanyas\u0131na imza atm\u0131\u015f olan Ay\u00e7a Apak, 2015'den itibaren T\u00fcrkiye\u2019de de dan\u0131\u015fmanl\u0131k hizmeti vermeye ba\u015flam\u0131\u015ft\u0131r.<\/p>\n<\/div>\n<\/div><\/div><\/div><\/div><\/div><div id=\"pg-45-5\"  class=\"panel-grid panel-has-style\" ><div class=\"siteorigin-panels-stretch panel-row-style panel-row-style-for-45-5\" data-stretch-type=\"full\" ><div id=\"pgc-45-5-0\"  class=\"panel-grid-cell\" ><div id=\"panel-45-5-0-0\" class=\"so-panel widget widget_sow-editor panel-first-child panel-last-child\" data-index=\"12\" ><div\n\t\t\t\n\t\t\tclass=\"so-widget-sow-editor so-widget-sow-editor-base\"\n\t\t\t\n\t\t>\n<div class=\"siteorigin-widget-tinymce textwidget\">\n\t<p>Y\u0131ld\u0131z Tu\u011f\u00e7e Erduran, \u0130stanbul \u00dcniversitesi Hukuk Fak\u00fcltesi mezunu bir avukat ve uzman arabulucudur. Y\u00fcksek lisans derecesini uluslararas\u0131 hukuki \u00e7er\u00e7eveler \u00fczerine tamamlam\u0131\u015f olup, bu alanda bas\u0131l\u0131 kitaplara ve hakemli makalelere imza atm\u0131\u015ft\u0131r.<br \/>\nHukuk kariyeri boyunca, Almanya ve ABD merkezli prestijli hukuk ofislerinde ve \u015firketlerde avukat ve dan\u0131\u015fman olarak g\u00f6rev yapm\u0131\u015ft\u0131r. A\u011f\u0131rl\u0131kl\u0131 olarak ticari uyu\u015fmazl\u0131klar \u00fczerine \u00e7al\u0131\u015fm\u0131\u015f; ayn\u0131 zamanda kendi hukuk ofisini y\u00f6neterek geni\u015f bir m\u00fc\u015fteri kitlesine kapsaml\u0131 hukuki hizmetler sunmu\u015ftur. Ayr\u0131ca, yerli ve yabanc\u0131 KOB\u0130'lerin fonlama s\u00fcre\u00e7lerine odaklanan STK projelerinde aktif rol alarak bu alanda de\u011ferli deneyimler edinmi\u015ftir.<br \/>\nY\u0131ld\u0131z, Avrupa Birli\u011fi, ABD ve T\u00fcrk hukuku \u00fczerine kar\u015f\u0131la\u015ft\u0131rmal\u0131 hukuk konular\u0131nda kitaplar ve hakemli makaleler yazm\u0131\u015f, bu uzmanl\u0131\u011f\u0131n\u0131 uluslararas\u0131 akademik \u00e7evrelerle payla\u015fm\u0131\u015ft\u0131r. Bunun yan\u0131 s\u0131ra, \u00fcniversitelerde konu\u015fmac\u0131 olarak yer alm\u0131\u015f; seminerler ve konferanslarla bilgi birikimini aktarmaya devam etmektedir.<br \/>\n2023 y\u0131l\u0131nda, Birle\u015fmi\u015f Milletler Kad\u0131n Expo\u2019sunda T\u00fcrkiye\u2019nin en iyi kad\u0131n liderli\u011findeki giri\u015fimlerinden biri olarak se\u00e7ilen bir startup\u2019\u0131n kurucular\u0131ndan biri olmu\u015ftur. Bu deneyim, onun stratejik planlama, yat\u0131r\u0131mc\u0131 ili\u015fkileri ve i\u015f geli\u015ftirme alanlar\u0131ndaki uzmanl\u0131\u011f\u0131n\u0131 daha da peki\u015ftirmi\u015ftir.<\/p>\n<\/div>\n<\/div><\/div><\/div><div id=\"pgc-45-5-1\"  class=\"panel-grid-cell\" ><div id=\"panel-45-5-1-0\" class=\"so-panel widget widget_sow-image panel-first-child\" data-index=\"13\" ><div\n\t\t\t\n\t\t\tclass=\"so-widget-sow-image so-widget-sow-image-default-c67d20f9f743-45\"\n\t\t\t\n\t\t>\n<div class=\"sow-image-container\">\n\t\t<img loading=\"lazy\" \n\tsrc=\"https:\/\/www.americaeb5visa.com\/tr\/wp-content\/uploads\/sites\/6\/2025\/02\/Yildiz-Tugce-Erduran-300x300.jpg\" width=\"300\" height=\"300\" srcset=\"https:\/\/www.americaeb5visa.com\/tr\/wp-content\/uploads\/sites\/6\/2025\/02\/Yildiz-Tugce-Erduran-300x300.jpg 300w, https:\/\/www.americaeb5visa.com\/tr\/wp-content\/uploads\/sites\/6\/2025\/02\/Yildiz-Tugce-Erduran-150x150.jpg 150w, https:\/\/www.americaeb5visa.com\/tr\/wp-content\/uploads\/sites\/6\/2025\/02\/Yildiz-Tugce-Erduran-24x24.jpg 24w, https:\/\/www.americaeb5visa.com\/tr\/wp-content\/uploads\/sites\/6\/2025\/02\/Yildiz-Tugce-Erduran-36x36.jpg 36w, https:\/\/www.americaeb5visa.com\/tr\/wp-content\/uploads\/sites\/6\/2025\/02\/Yildiz-Tugce-Erduran-48x48.jpg 48w, https:\/\/www.americaeb5visa.com\/tr\/wp-content\/uploads\/sites\/6\/2025\/02\/Yildiz-Tugce-Erduran.jpg 427w\" sizes=\"(max-width: 300px) 100vw, 300px\" title=\"Yildiz Tug\u0306c\u0327e Erduran\" alt=\"\" \t\tclass=\"so-widget-image\"\/>\n\t<\/div>\n\n<\/div><\/div><div id=\"panel-45-5-1-1\" class=\"so-panel widget widget_sow-editor panel-last-child\" data-index=\"14\" ><div\n\t\t\t\n\t\t\tclass=\"so-widget-sow-editor so-widget-sow-editor-base\"\n\t\t\t\n\t\t>\n<div class=\"siteorigin-widget-tinymce textwidget\">\n\t<h2 style=\"text-align: center;\"><b>Y\u0131ld\u0131z Tu\u011f\u00e7e Erduran<\/b><\/h2>\n<h4 style=\"text-align: center;\">Hukuk Dan\u0131\u015fman\u0131, \u0130stanbul Liaison B\u00fcrosu<\/h4>\n<\/div>\n<\/div><\/div><\/div><\/div><\/div><div id=\"pg-45-6\"  class=\"panel-grid panel-has-style\" ><div class=\"siteorigin-panels-stretch panel-row-style panel-row-style-for-45-6\" data-stretch-type=\"full\" ><div id=\"pgc-45-6-0\"  class=\"panel-grid-cell\" ><div id=\"panel-45-6-0-0\" class=\"so-panel widget widget_sow-image panel-first-child\" data-index=\"15\" ><div\n\t\t\t\n\t\t\tclass=\"so-widget-sow-image so-widget-sow-image-default-c67d20f9f743-45\"\n\t\t\t\n\t\t>\n<div class=\"sow-image-container\">\n\t\t<img loading=\"lazy\" \n\tsrc=\"https:\/\/www.americaeb5visa.com\/tr\/wp-content\/uploads\/sites\/6\/2023\/10\/ARMAGAN-ONDER-4-ABD-V-copy-300x300.jpg\" width=\"300\" height=\"300\" srcset=\"https:\/\/www.americaeb5visa.com\/tr\/wp-content\/uploads\/sites\/6\/2023\/10\/ARMAGAN-ONDER-4-ABD-V-copy-300x300.jpg 300w, https:\/\/www.americaeb5visa.com\/tr\/wp-content\/uploads\/sites\/6\/2023\/10\/ARMAGAN-ONDER-4-ABD-V-copy-150x150.jpg 150w, https:\/\/www.americaeb5visa.com\/tr\/wp-content\/uploads\/sites\/6\/2023\/10\/ARMAGAN-ONDER-4-ABD-V-copy-24x24.jpg 24w, https:\/\/www.americaeb5visa.com\/tr\/wp-content\/uploads\/sites\/6\/2023\/10\/ARMAGAN-ONDER-4-ABD-V-copy-36x36.jpg 36w, https:\/\/www.americaeb5visa.com\/tr\/wp-content\/uploads\/sites\/6\/2023\/10\/ARMAGAN-ONDER-4-ABD-V-copy-48x48.jpg 48w, https:\/\/www.americaeb5visa.com\/tr\/wp-content\/uploads\/sites\/6\/2023\/10\/ARMAGAN-ONDER-4-ABD-V-copy.jpg 630w\" sizes=\"(max-width: 300px) 100vw, 300px\" title=\"ARMAGAN ONDER 4 ABD V+ copy\" alt=\"\" \t\tclass=\"so-widget-image\"\/>\n\t<\/div>\n\n<\/div><\/div><div id=\"panel-45-6-0-1\" class=\"so-panel widget widget_sow-editor panel-last-child\" data-index=\"16\" ><div\n\t\t\t\n\t\t\tclass=\"so-widget-sow-editor so-widget-sow-editor-base\"\n\t\t\t\n\t\t>\n<div class=\"siteorigin-widget-tinymce textwidget\">\n\t<h2 class=\"text-center mg-md\" style=\"text-align: center;\">Arma\u011fan \u00d6nder<\/h2>\n<h4 style=\"text-align: center;\">Ankara Temsilcilik Ba\u015fkan\u0131<\/h4>\n<\/div>\n<\/div><\/div><\/div><div id=\"pgc-45-6-1\"  class=\"panel-grid-cell\" ><div id=\"panel-45-6-1-0\" class=\"so-panel widget widget_sow-editor panel-first-child panel-last-child\" data-index=\"17\" ><div\n\t\t\t\n\t\t\tclass=\"so-widget-sow-editor so-widget-sow-editor-base\"\n\t\t\t\n\t\t>\n<div class=\"siteorigin-widget-tinymce textwidget\">\n\t<p>Ankara Temsilcilik Ba\u015fkan\u0131m\u0131z Arma\u011fan \u00d6nder \u00dcrg\u00fcp'te do\u011fdu. \u0130lk, orta ve y\u00fcksek \u00f6\u011frenimini Ankara'da tamamlad\u0131. Hacettepe \u00dcniversitesi Fen Fak\u00fcltesi Biyoloji B\u00f6l\u00fcm\u00fcnden \u00fcst\u00fcn ba\u015far\u0131 ile mezun oldu.<\/p>\n<p>Akademik \u00e7al\u0131\u015fmalar\u0131na Fransa'n\u0131n Nantes \u015fehrinde Nantes \u00dcniversitesi Fen Fak\u00fcltesi Hayvan Fizyolojisi ve H\u00fccre Biyolojisi B\u00f6l\u00fcm\u00fc'nde devam etti. Profesyonel staj\u0131n\u0131 Fransa'n\u0131n Loire-Atlantique B\u00f6lgesi'nde G\u0131da End\u00fcstrisinde Kalite Kontrol sistemleri \u00fczerine tamamlad\u0131.<\/p>\n<p>T\u00fcrkiye'ye d\u00f6nd\u00fckten sonra orta \u00f6l\u00e7ekli i\u015fletme y\u00f6neticileri vakf\u0131 TOSY\u00d6V'de Uluslararas\u0131 \u0130li\u015fkiler Birimi \u015eefi olarak g\u00f6rev yapt\u0131 ve American-Life Hayat Sigorta A.\u015e.'de sigorta acentesi olarak \u00e7al\u0131\u015ft\u0131.<\/p>\n<p>Fransa'n\u0131n Ankara B\u00fcy\u00fckel\u00e7ili\u011fi Konsolosluk B\u00f6l\u00fcm\u00fc'nde ge\u00e7ici idari memur olarak g\u00f6rev yapt\u0131. Daha sonra T\u00fcrk-Frans\u0131z K\u00fclt\u00fcr Derne\u011fi Ba\u015fkan\u0131 ve Y\u00f6netim Kurulu Ba\u015fkan\u0131 se\u00e7ildi. Kariyerine Avusturya'n\u0131n Viyana merkezli ISG Grubu'nda K\u0131demli Dan\u0131\u015fman olarak devam etti.<\/p>\n<p>Son olarak D\u00fcnya \u0130\u015f Melekleri Yat\u0131r\u0131m Forumunda, WBAF, International Partner oldu. Halen, burada Global StartUp Avrupa Alt Komitesi \u00fcyesi olarak \u00e7al\u0131\u015fmalar\u0131na devam ediyor.<\/p>\n<p>Ankara\u2019da ikamet eden, Arma\u011fan Frans\u0131zca ve \u0130ngilizce konu\u015fan gururlu bir annedir.<\/p>\n<\/div>\n<\/div><\/div><\/div><\/div><\/div><div id=\"pg-45-7\"  class=\"panel-grid panel-has-style\" ><div class=\"siteorigin-panels-stretch panel-row-style panel-row-style-for-45-7\" data-stretch-type=\"full\" ><div id=\"pgc-45-7-0\"  class=\"panel-grid-cell\" ><div id=\"panel-45-7-0-0\" class=\"so-panel widget widget_sow-editor panel-first-child panel-last-child\" data-index=\"18\" ><div\n\t\t\t\n\t\t\tclass=\"so-widget-sow-editor so-widget-sow-editor-base\"\n\t\t\t\n\t\t>\n<div class=\"siteorigin-widget-tinymce textwidget\">\n\t<p>\u00a0<\/p>\n<p>New York do\u011fumlu olan, Esther Malka Amerika EB-5 Vize\u2019nin sosyal yard\u0131m koordinat\u00f6r\u00fc olarak hizmet vermektedir. Esther <a href=\"http:\/\/www.yale.edu\/\">Yale \u00dcniversitesinde<\/a> Ekonomi ve Modern Orta Do\u011fu b\u00f6l\u00fcmlerinden 2019 y\u0131l\u0131nda lisans mezunu olacakt\u0131r. \u00dcniversite e\u011fitimine ba\u015flamadan \u00f6nce <a href=\"http:\/\/beitchana.org\/\">Beit Chana\u2019da<\/a> bir y\u0131l boyunca yo\u011fun bir \u015fekilde ileti\u015fim dersleri alm\u0131\u015ft\u0131r. \u00dcniversite\u2019ye giri\u015f s\u00fcrecinde yard\u0131ma ihtiyac\u0131 olan lise \u00f6\u011frencilerini Yale \u00f6\u011frencileri ile e\u015fle\u015ftiren program REACH\u2019te sosyal yard\u0131m koordinat\u00f6rl\u00fc\u011f\u00fc rol\u00fcn\u00fc \u00fcstlenmi\u015ftir. Ayn\u0131 zamanda Esther, <a href=\"http:\/\/www.mmaths.org\/\">MMATH <\/a>Sturnuvas\u0131nda koordinat\u00f6r olup s\u00fcrekli olarak liselerin akademik kadrosu ile ileti\u015fimi s\u0131k\u0131 tutuyor.<br \/>MMATHS\u2019in reklam\u0131n\u0131 da yapan Esther, bunlara ek olarak 2016 y\u0131l\u0131nda turnuvan\u0131n bir k\u0131sm\u0131n\u0131 \u00fcniversitesi olan Yale\u2019de d\u00fczenleyebilmeyi ba\u015farabilmi\u015ftir. \u0130leti\u015fim ve uluslararas\u0131 ekonomi \u00fczerine sahip oldu\u011fu bilgi ve yetenekler ile kendisi Amerika EB-5 Vize\u2019de \u00e7ok \u00f6nemli rol oynamaktad\u0131r. B\u00f6ylelikle yat\u0131r\u0131mc\u0131lar, gayrimenkul m\u00fcteahhitleri ve B\u00f6lgesel Merkez m\u00fc\u015fterileri bu prosed\u00fcrde kendilerini olabildi\u011fince rahat hissetmektedirler.<\/p>\n<\/div>\n<\/div><\/div><\/div><div id=\"pgc-45-7-1\"  class=\"panel-grid-cell\" ><div id=\"panel-45-7-1-0\" class=\"so-panel widget widget_sow-image panel-first-child\" data-index=\"19\" ><div\n\t\t\t\n\t\t\tclass=\"so-widget-sow-image so-widget-sow-image-default-c67d20f9f743-45\"\n\t\t\t\n\t\t>\n<div class=\"sow-image-container\">\n\t\t<img loading=\"lazy\" \n\tsrc=\"https:\/\/www.americaeb5visa.com\/tr\/wp-content\/uploads\/sites\/6\/2017\/03\/esther-300x300.png\" width=\"300\" height=\"300\" srcset=\"https:\/\/www.americaeb5visa.com\/tr\/wp-content\/uploads\/sites\/6\/2017\/03\/esther-300x300.png 300w, https:\/\/www.americaeb5visa.com\/tr\/wp-content\/uploads\/sites\/6\/2017\/03\/esther-150x150.png 150w, https:\/\/www.americaeb5visa.com\/tr\/wp-content\/uploads\/sites\/6\/2017\/03\/esther-24x24.png 24w, https:\/\/www.americaeb5visa.com\/tr\/wp-content\/uploads\/sites\/6\/2017\/03\/esther-36x36.png 36w, https:\/\/www.americaeb5visa.com\/tr\/wp-content\/uploads\/sites\/6\/2017\/03\/esther-48x48.png 48w, https:\/\/www.americaeb5visa.com\/tr\/wp-content\/uploads\/sites\/6\/2017\/03\/esther.png 427w\" sizes=\"(max-width: 300px) 100vw, 300px\" alt=\"\" \t\tclass=\"so-widget-image\"\/>\n\t<\/div>\n\n<\/div><\/div><div id=\"panel-45-7-1-1\" class=\"so-panel widget widget_sow-editor panel-last-child\" data-index=\"20\" ><div\n\t\t\t\n\t\t\tclass=\"so-widget-sow-editor so-widget-sow-editor-base\"\n\t\t\t\n\t\t>\n<div class=\"siteorigin-widget-tinymce textwidget\">\n\t<h2 class=\"text-center mg-md\" style=\"text-align: center;\">Esther Malka<\/h2>\n<h4 style=\"text-align: center;\">Sosyal Yard\u0131m M\u00fcd\u00fcr\u00fc<\/h4>\n<\/div>\n<\/div><\/div><\/div><\/div><\/div><div id=\"pg-45-8\"  class=\"panel-grid panel-no-style\" ><div id=\"pgc-45-8-0\"  class=\"panel-grid-cell panel-grid-cell-empty panel-grid-cell-mobile-last\" ><\/div><div id=\"pgc-45-8-1\"  class=\"panel-grid-cell panel-grid-cell-empty\" ><\/div><\/div><\/div>","protected":false},"excerpt":{"rendered":"<p>Birlikte 30 Y\u0131l\u00a0Ekibimiz sizler gibi bir zamanlar ABD&#8217;ye g\u00f6\u00e7 etme hayalini payla\u015fan, benzersiz nitelikli, profesyonellerden olu\u015fmaktad\u0131r. B\u00fct\u00fcn u\u011fra\u015f\u0131lar\u0131n\u0131z\u0131, kayg\u0131lar\u0131n\u0131z\u0131 ve korkular\u0131n\u0131z\u0131 anlayabiliyoruz. En \u00f6nemlisi, her ki\u015finin ve her ailenin durumunun farkl\u0131 oldu\u011funu biliyor ve birbirinden ayr\u0131 bir \u015fekilde g\u00f6zden ge\u00e7irilmesinin gerekti\u011fini g\u00f6z \u00f6n\u00fcnde tutuyoruz.Y\u00f6netimimiz, 30 seneyi a\u015fk\u0131n bir s\u00fcredir Wall Street\u2019te sabit gelirli i\u015flemleri yap\u0131land\u0131rmak<a class=\"moretag\" href=\"https:\/\/www.americaeb5visa.com\/tr\/biz-kimiz\/\"><span class=\"screen-reader-text\">Hakk\u0131nda daha fazlas\u0131n\u0131 oku Biz Kimiz?<\/span>[&#8230;]<\/a><\/p>\n","protected":false},"author":1,"featured_media":0,"parent":0,"menu_order":0,"comment_status":"closed","ping_status":"closed","template":"","meta":{"_acf_changed":false,"_monsterinsights_skip_tracking":false,"_monsterinsights_sitenote_active":false,"_monsterinsights_sitenote_note":"","_monsterinsights_sitenote_category":0,"footnotes":""},"class_list":["post-45","page","type-page","status-publish","hentry"],"acf":[],"rttpg_featured_image_url":null,"rttpg_author":{"display_name":"AdminNIso","author_link":"https:\/\/www.americaeb5visa.com\/tr\/blog\/author\/admin\/"},"rttpg_comment":0,"rttpg_category":null,"rttpg_excerpt":"Birlikte 30 Y\u0131l\u00a0Ekibimiz sizler gibi bir zamanlar ABD'ye g\u00f6\u00e7 etme hayalini payla\u015fan, benzersiz nitelikli, profesyonellerden olu\u015fmaktad\u0131r. B\u00fct\u00fcn u\u011fra\u015f\u0131lar\u0131n\u0131z\u0131, kayg\u0131lar\u0131n\u0131z\u0131 ve korkular\u0131n\u0131z\u0131 anlayabiliyoruz. En \u00f6nemlisi, her ki\u015finin ve her ailenin durumunun farkl\u0131 oldu\u011funu biliyor ve birbirinden ayr\u0131 bir \u015fekilde g\u00f6zden ge\u00e7irilmesinin gerekti\u011fini g\u00f6z \u00f6n\u00fcnde tutuyoruz.Y\u00f6netimimiz, 30 seneyi a\u015fk\u0131n bir s\u00fcredir Wall Street\u2019te sabit gelirli i\u015flemleri yap\u0131land\u0131rmakHakk\u0131nda&hellip;","_links":{"self":[{"href":"https:\/\/www.americaeb5visa.com\/tr\/wp-json\/wp\/v2\/pages\/45","targetHints":{"allow":["GET"]}}],"collection":[{"href":"https:\/\/www.americaeb5visa.com\/tr\/wp-json\/wp\/v2\/pages"}],"about":[{"href":"https:\/\/www.americaeb5visa.com\/tr\/wp-json\/wp\/v2\/types\/page"}],"author":[{"embeddable":true,"href":"https:\/\/www.americaeb5visa.com\/tr\/wp-json\/wp\/v2\/users\/1"}],"replies":[{"embeddable":true,"href":"https:\/\/www.americaeb5visa.com\/tr\/wp-json\/wp\/v2\/comments?post=45"}],"version-history":[{"count":0,"href":"https:\/\/www.americaeb5visa.com\/tr\/wp-json\/wp\/v2\/pages\/45\/revisions"}],"wp:attachment":[{"href":"https:\/\/www.americaeb5visa.com\/tr\/wp-json\/wp\/v2\/media?parent=45"}],"curies":[{"name":"wp","href":"https:\/\/api.w.org\/{rel}","templated":true}]}}