{"id":57,"date":"2017-03-14T21:35:00","date_gmt":"2017-03-14T21:35:00","guid":{"rendered":"http:\/\/www.americaeb5visa.com\/?page_id=57"},"modified":"2022-03-25T00:37:06","modified_gmt":"2022-03-25T05:37:06","slug":"eb-5-durum-tespit-sureci","status":"publish","type":"page","link":"https:\/\/www.americaeb5visa.com\/tr\/eb-5-durum-tespit-sureci\/","title":{"rendered":"EB-5 Durum Tespit S\u00fcreci"},"content":{"rendered":"<div id=\"pl-57\"  class=\"panel-layout\" ><div id=\"pg-57-0\"  class=\"panel-grid panel-has-style\" ><div class=\"siteorigin-panels-stretch panel-row-style panel-row-style-for-57-0\" data-stretch-type=\"full-stretched\" ><div id=\"pgc-57-0-0\"  class=\"panel-grid-cell\" ><div id=\"panel-57-0-0-0\" class=\"so-panel widget widget_sow-hero panel-first-child panel-last-child\" data-index=\"0\" ><div\n\t\t\t\n\t\t\tclass=\"so-widget-sow-hero so-widget-sow-hero-default-3d3f69fb2c42-57 so-widget-fittext-wrapper\"\n\t\t\t data-fit-text-compressor=\"0.85\"\n\t\t>\t\t\t\t<div class=\"sow-slider-base\" style=\"display: none\" tabindex=\"0\">\n\t\t\t\t\t<ul\n\t\t\t\t\tclass=\"sow-slider-images\"\n\t\t\t\t\tdata-settings=\"{&quot;pagination&quot;:true,&quot;speed&quot;:800,&quot;timeout&quot;:8000,&quot;paused&quot;:false,&quot;pause_on_hover&quot;:false,&quot;swipe&quot;:true,&quot;nav_always_show_desktop&quot;:&quot;&quot;,&quot;nav_always_show_mobile&quot;:&quot;&quot;,&quot;breakpoint&quot;:&quot;780px&quot;,&quot;unmute&quot;:false,&quot;anchor&quot;:null}\"\n\t\t\t\t\tstyle=\"min-height: 600px\"\t\t\t\t\tdata-anchor-id=\"\"\n\t\t\t\t>\t\t<li class=\"sow-slider-image  sow-slider-image-cover\" style=\"visibility: visible;;background-color: #333333;background-image: url(https:\/\/www.americaeb5visa.com\/tr\/wp-content\/uploads\/sites\/6\/2017\/03\/Death_to_Stock_Photography_NYC_Skyline_2-2.jpg)\" >\n\t\t\t\t\t<div class=\"sow-slider-image-container\">\n\t\t\t<div class=\"sow-slider-image-wrapper\">\n\t\t\t\t<h1 style=\"text-align: center\">EB-5 Durum Tespit S\u00fcreci<\/h1><p>\u00a0<\/p><h2 style=\"text-align: center\">Yat\u0131r\u0131m\u0131n\u0131z\u0131n g\u00fcvenli olup olmad\u0131\u011f\u0131n\u0131 tespit etmek i\u00e7in gerekli en \u00f6nemli \u00e7al\u0131\u015fma<\/h2>\t\t\t<\/div>\n\t\t<\/div>\n\t\t\t\t<\/li>\n\t\t<\/ul>\t\t\t\t<ol class=\"sow-slider-pagination\">\n\t\t\t\t\t\t\t\t\t\t\t<li><a href=\"#\" data-goto=\"0\" aria-label=\"Display slide 1\"><\/a><\/li>\n\t\t\t\t\t\t\t\t\t<\/ol>\n\n\t\t\t\t<div class=\"sow-slide-nav sow-slide-nav-next\">\n\t\t\t\t\t<a href=\"#\" data-goto=\"next\" aria-label=\"Next slide\" data-action=\"next\">\n\t\t\t\t\t\t<em class=\"sow-sld-icon-thin-right\"><\/em>\n\t\t\t\t\t<\/a>\n\t\t\t\t<\/div>\n\n\t\t\t\t<div class=\"sow-slide-nav sow-slide-nav-prev\">\n\t\t\t\t\t<a href=\"#\" data-goto=\"previous\" aria-label=\"Previous slide\" data-action=\"prev\">\n\t\t\t\t\t\t<em class=\"sow-sld-icon-thin-left\"><\/em>\n\t\t\t\t\t<\/a>\n\t\t\t\t<\/div>\n\t\t\t\t<\/div><\/div><\/div><\/div><\/div><\/div><div id=\"pg-57-1\"  class=\"panel-grid panel-has-style\" ><div class=\"siteorigin-panels-stretch panel-row-style panel-row-style-for-57-1\" data-stretch-type=\"full\" ><div id=\"pgc-57-1-0\"  class=\"panel-grid-cell\" ><div id=\"panel-57-1-0-0\" class=\"so-panel widget widget_sow-editor panel-first-child panel-last-child\" data-index=\"1\" ><div\n\t\t\t\n\t\t\tclass=\"so-widget-sow-editor so-widget-sow-editor-base\"\n\t\t\t\n\t\t>\n<div class=\"siteorigin-widget-tinymce textwidget\">\n\t<div id=\"bloc-3\" class=\"row offset-mg\">\n<p><strong>EB-5 Vizesi Hakk\u0131nda<\/strong><\/p>\n<ul>\n<li>\u015eirket bug\u00fcne kadar ka\u00e7 EB-5 projesi tamamlad\u0131?<\/li>\n<li>Gerekli yat\u0131r\u0131m ne kadard\u0131r? Herhangi bir \u0130dari Masraf harc\u0131 var m\u0131? Ne kadar?<\/li>\n<li>E\u011fer yat\u0131r\u0131m 800,000 $ olarak belirlenmi\u015f ise, hangi Makam, projenin geli\u015fme alan\u0131n\u0131n Hedeflenen \u0130stihdam Alan\u0131 oldu\u011funu onaylam\u0131\u015ft\u0131r?<\/li>\n<li>EB-5 ba\u015fvuru sahibinden daha sonraki bir tarihte ilk yat\u0131r\u0131m tutar\u0131 \u00fczerinde ek para yat\u0131rmas\u0131 istenebilir mi?<\/li>\n<li>EB-5 Projesi toplam finansal kaynaklar\u0131n y\u00fczde ka\u00e7\u0131n\u0131 temsil eder?<\/li>\n<li>\u0130\u015fleme gayrimenkul geli\u015ftiricisi ne miktarda sermaye yat\u0131rd\u0131? Geri \u00f6deme \u00f6nceli\u011fi a\u00e7\u0131s\u0131ndan, EB-5 yat\u0131r\u0131m\u0131 bu yat\u0131r\u0131lan sermayenin \u00fcst\u00fcnde mi?<\/li>\n<li>Geri \u00f6deme \u00f6nceli\u011fi a\u00e7\u0131s\u0131ndan, EB-5 yat\u0131r\u0131m\u0131n\u0131n \u00fcst\u00fcnde, herhangi bir banka borcu var m\u0131? E\u011fer varsa, bor\u00e7 taahh\u00fct safhas\u0131n\u0131 ge\u00e7ti mi? Bor\u00e7 ne kadar? Toplam finans kaynaklar\u0131n y\u00fczde ka\u00e7\u0131n\u0131 temsil eder?<\/li>\n<li>Yat\u0131r\u0131mc\u0131n\u0131n kazand\u0131\u011f\u0131 herhangi sabit bir faiz \u00f6demesi var m\u0131? Varsa ne kadar uzun bir s\u00fcre i\u00e7in?<\/li>\n<li>E\u011fer sabit faiz \u00f6demesi yoksa ne gibi bir getiri s\u00f6z konusu olur? Bu getirinin ne s\u0131kl\u0131kla \u00f6denmesi gerekir?<\/li>\n<li>Proje Geli\u015ftiricisi projenin tamamlanaca\u011f\u0131na dair bir garanti veriyor mu?<\/li>\n<li>Yat\u0131r\u0131mc\u0131 ba\u015f\u0131na ka\u00e7 tane i\u015f yarat\u0131labilece\u011fini varsayabiliriz?<\/li>\n<li>\u0130\u015f yarat\u0131m\u0131n\u0131 yak\u0131ndan takip ederek g\u00f6zleyip denetleyebilmek i\u00e7in ne gibi \u00f6nlemler al\u0131n\u0131r? Gerekli istihdam yarat\u0131lmad\u0131\u011f\u0131 takdirde ne tip ad\u0131mlar atmak gereklidir?<\/li>\n<li>\u0130stihdam sa\u011flama tahminini i\u00e7eren ekonomik dosyay\u0131 kim haz\u0131rlad\u0131?\u00a0 Bu ekonomik rapor yat\u0131r\u0131mc\u0131lar taraf\u0131ndan g\u00f6r\u00fclebilir mi?<\/li>\n<li>Tamamland\u0131\u011f\u0131nda, bilirki\u015fi taraf\u0131ndan, m\u00fclk\u00fcn kazanaca\u011f\u0131 de\u011ferin bir tahmini var m\u0131? Bu de\u011fer, y\u00fczde olarak, projenin tamam\u0131n\u0131n toplam sermaye harcamas\u0131n\u0131 ne kadar a\u015fmaktad\u0131r?<\/li>\n<li>E\u011fer I-526 ba\u015fvurusu kabul edilmezse yat\u0131r\u0131mc\u0131 yapt\u0131\u011f\u0131 b\u00fct\u00fcn maddi yat\u0131r\u0131m\u0131 geri alabilir mi? Bu madde Abonelik Anla\u015fmas\u0131'nda ve \u00d6zel M\u00fclkiyet Bildirisi'nde a\u00e7\u0131k\u00e7a belirtilmi\u015f midir?<\/li>\n<li>Yat\u0131r\u0131mc\u0131n\u0131n, anla\u015fmalar\u0131 eline ge\u00e7irip inceleyebilmesi i\u00e7in herhangi bir para yat\u0131rma veya herhangi bir \u00fccret \u00f6demek zorunlulu\u011fu var m\u0131d\u0131r?<\/li>\n<li>B\u00f6lgesel Merkezler,\u00a0 d\u00fczenli bir \u015fekilde yat\u0131r\u0131mc\u0131lar\u0131n\u0131, yapt\u0131klar\u0131 yat\u0131r\u0131m\u0131n durumu hakk\u0131nda bilgilendiriyorlar m\u0131? E\u011fer bilgilendiriyorlarsa ne s\u0131kl\u0131kla durumu rapor ediyorlar?<\/li>\n<\/ul>\n<p>&nbsp;<\/p>\n<p>&nbsp;<\/p>\n<p><strong>G\u00f6\u00e7menlik Hakk\u0131nda<\/strong><\/p>\n<ul>\n<li>\u015eirketin ka\u00e7 tane I-526 onay\u0131 vard\u0131r?<\/li>\n<li>\u015eirketin ka\u00e7 tane I-526 ba\u015fvurusu reddedildi? Bunlar\u0131n genel sebepleri nelerdir?<\/li>\n<li>Ka\u00e7 tane Ko\u015fullu Ye\u015fil Kart onaylanm\u0131\u015ft\u0131r?<\/li>\n<li>Ka\u00e7 tane Ko\u015fullu Ye\u015fil Kart ba\u015fvurusu reddedildi? Bunlar\u0131n genel sebepleri nelerdir?<\/li>\n<li>Ka\u00e7 tane ba\u015fvurucunun Ko\u015fullu Ye\u015fil Kart\u0131 Ko\u015fulsuz Ye\u015fil Karta d\u00f6nd\u00fc? (Ko\u015fullu Ye\u015fil Kart al\u0131nmas\u0131 sonucunda Ko\u015fullar\u0131n kald\u0131r\u0131lmas\u0131yla beraber Ye\u015fil Kart sahibi daimi ikamet etmek hakk\u0131n\u0131 kazan\u0131r)<\/li>\n<li>Ka\u00e7 tane ba\u015fvurucunun Ko\u015fullu Ye\u015fil Kartlar\u0131n\u0131n ko\u015fullar\u0131n\u0131n kald\u0131r\u0131lma ba\u015fvurusu reddedildi? Bunlar\u0131n genel sebepleri nelerdir?<\/li>\n<\/ul>\n<p>&nbsp;<\/p>\n<p>&nbsp;<\/p>\n<p><strong>B\u00f6lgesel Merkez Hakk\u0131nda<\/strong><\/p>\n<ul>\n<li>\u0130lk B\u00f6lgesel Merkez ne zaman kuruldu? I-924 ilk ne zaman kabul edildi?<\/li>\n<li>Proje geli\u015ftiricileri ka\u00e7 senedir gayrimenkul i\u015fi yap\u0131yorlar?\u00a0 Bundan \u00f6nce hi\u00e7 EB-5 arac\u0131l\u0131\u011f\u0131yla kendilerine kaynak sa\u011fland\u0131 m\u0131?<\/li>\n<li>Proje Geli\u015ftiricileri, d\u00fcnyaca \u00fcnl\u00fc, \u00f6nde gelen Standard &amp; Poors veya Moody's gibi k\u00fcresel de\u011ferlendirme \u015firketlerinden ba\u011f\u0131ms\u0131z bir de\u011ferlendirilmeye sahip mi?<\/li>\n<li>Yat\u0131r\u0131m ne zaman sat\u0131labilir? M\u00fc\u015fteri yat\u0131r\u0131m\u0131n\u0131 ne zaman geri alabilir? \u015eu ana kadar ka\u00e7 tane yat\u0131r\u0131mc\u0131n\u0131n yat\u0131r\u0131m\u0131 geri \u00f6dendi?<\/li>\n<li>Geri \u00f6deme miktar\u0131 nas\u0131l belirleniyor?<\/li>\n<li>I-829 Ba\u015fvurular\u0131 kabul olup 5 y\u0131l bekleme s\u00fcresindeki yat\u0131r\u0131mc\u0131lar\u0131n, yat\u0131r\u0131mlar\u0131n\u0131n kar\u015f\u0131l\u0131\u011f\u0131n\u0131 almas\u0131 i\u00e7in gereken s\u00fcre, yat\u0131r\u0131mlar\u0131n\u0131 geri \u00e7ekmi\u015f di\u011fer adaylar taraf\u0131ndan etkilenir mi? Yani di\u011fer yat\u0131r\u0131mc\u0131lar\u0131n geri \u00e7ekilme olas\u0131l\u0131\u011f\u0131, aday\u0131n da yat\u0131r\u0131m\u0131n\u0131 geri \u00e7ekme zaman\u0131nda bir de\u011fi\u015fiklik yarat\u0131r m\u0131?<\/li>\n<li>Di\u011fer yat\u0131r\u0131mc\u0131lar\u0131n onay suresinin uzamas\u0131, I-829 ba\u015fvurular\u0131 onaylanm\u0131\u015f olan yat\u0131r\u0131mc\u0131lar\u0131n anapara geri d\u00f6n\u00fc\u015f\u00fcn\u00fc geciktiriyor mu?<\/li>\n<li>Projenin gerek erken tamamlanmas\u0131n\u0131n, gerek erken \u00e7\u0131k\u0131\u015f stratejisine ba\u011fl\u0131 olmas\u0131n\u0131n, I-829 ba\u015fvurular\u0131 hen\u00fcz onaylanmam\u0131\u015f veya onaylanm\u0131\u015f ama gerekli be\u015f y\u0131ll\u0131k bir bekleme s\u00fcresi hen\u00fcz yerine getirilmemi\u015f yat\u0131r\u0131mc\u0131lara yat\u0131r\u0131mlar\u0131n\u0131n anaparalar\u0131n\u0131n iadesini gerektiriyor mu? De\u011filse, B\u00f6lgesel Merkez, I-829 onay\u0131n\u0131n tehlikeye d\u00fc\u015fmemesi i\u00e7in fonlar\u0131 yeniden da\u011f\u0131tma hususunda hangi tip planlar\u0131 yap\u0131yor?<\/li>\n<li>Yat\u0131r\u0131m projesinin genel orta\u011f\u0131 veya genel m\u00fcd\u00fcr\u00fc ka\u00e7 y\u0131ld\u0131r bu tip g\u00f6\u00e7men yat\u0131r\u0131mc\u0131 programlar\u0131yla \u00e7al\u0131\u015f\u0131yor?<\/li>\n<\/ul>\n<\/div>\n<\/div>\n<\/div><\/div><\/div><\/div><\/div><\/div>","protected":false},"excerpt":{"rendered":"<p>EB-5 Vizesi Hakk\u0131nda \u015eirket bug\u00fcne kadar ka\u00e7 EB-5 projesi tamamlad\u0131? Gerekli yat\u0131r\u0131m ne kadard\u0131r? Herhangi bir \u0130dari Masraf harc\u0131 var m\u0131? Ne kadar? E\u011fer yat\u0131r\u0131m $ olarak belirlenmi\u015f ise, hangi Makam, projenin geli\u015fme alan\u0131n\u0131n Hedeflenen \u0130stihdam Alan\u0131 oldu\u011funu onaylam\u0131\u015ft\u0131r? EB-5 ba\u015fvuru sahibinden daha sonraki bir tarihte ilk yat\u0131r\u0131m tutar\u0131 \u00fczerinde ek para yat\u0131rmas\u0131 istenebilir mi?<a class=\"moretag\" href=\"https:\/\/www.americaeb5visa.com\/tr\/eb-5-durum-tespit-sureci\/\"><span class=\"screen-reader-text\">Hakk\u0131nda daha fazlas\u0131n\u0131 oku EB-5 Durum Tespit S\u00fcreci<\/span>[&#8230;]<\/a><\/p>\n","protected":false},"author":1,"featured_media":0,"parent":0,"menu_order":0,"comment_status":"closed","ping_status":"closed","template":"","meta":{"_acf_changed":false,"_monsterinsights_skip_tracking":false,"_monsterinsights_sitenote_active":false,"_monsterinsights_sitenote_note":"","_monsterinsights_sitenote_category":0,"footnotes":""},"class_list":["post-57","page","type-page","status-publish","hentry"],"acf":[],"rttpg_featured_image_url":null,"rttpg_author":{"display_name":"AdminNIso","author_link":"https:\/\/www.americaeb5visa.com\/tr\/blog\/author\/admin\/"},"rttpg_comment":0,"rttpg_category":null,"rttpg_excerpt":"EB-5 Vizesi Hakk\u0131nda \u015eirket bug\u00fcne kadar ka\u00e7 EB-5 projesi tamamlad\u0131? Gerekli yat\u0131r\u0131m ne kadard\u0131r? Herhangi bir \u0130dari Masraf harc\u0131 var m\u0131? Ne kadar? E\u011fer yat\u0131r\u0131m $ olarak belirlenmi\u015f ise, hangi Makam, projenin geli\u015fme alan\u0131n\u0131n Hedeflenen \u0130stihdam Alan\u0131 oldu\u011funu onaylam\u0131\u015ft\u0131r? EB-5 ba\u015fvuru sahibinden daha sonraki bir tarihte ilk yat\u0131r\u0131m tutar\u0131 \u00fczerinde ek para yat\u0131rmas\u0131 istenebilir mi?Hakk\u0131nda&hellip;","_links":{"self":[{"href":"https:\/\/www.americaeb5visa.com\/tr\/wp-json\/wp\/v2\/pages\/57","targetHints":{"allow":["GET"]}}],"collection":[{"href":"https:\/\/www.americaeb5visa.com\/tr\/wp-json\/wp\/v2\/pages"}],"about":[{"href":"https:\/\/www.americaeb5visa.com\/tr\/wp-json\/wp\/v2\/types\/page"}],"author":[{"embeddable":true,"href":"https:\/\/www.americaeb5visa.com\/tr\/wp-json\/wp\/v2\/users\/1"}],"replies":[{"embeddable":true,"href":"https:\/\/www.americaeb5visa.com\/tr\/wp-json\/wp\/v2\/comments?post=57"}],"version-history":[{"count":0,"href":"https:\/\/www.americaeb5visa.com\/tr\/wp-json\/wp\/v2\/pages\/57\/revisions"}],"wp:attachment":[{"href":"https:\/\/www.americaeb5visa.com\/tr\/wp-json\/wp\/v2\/media?parent=57"}],"curies":[{"name":"wp","href":"https:\/\/api.w.org\/{rel}","templated":true}]}}