{"id":74,"date":"2017-03-14T22:01:10","date_gmt":"2017-03-14T22:01:10","guid":{"rendered":"http:\/\/www.americaeb5visa.com\/?page_id=74"},"modified":"2024-04-21T21:46:30","modified_gmt":"2024-04-22T02:46:30","slug":"haberler","status":"publish","type":"page","link":"https:\/\/www.americaeb5visa.com\/tr\/haberler\/","title":{"rendered":"Haberler"},"content":{"rendered":"<div id=\"pl-74\"  class=\"panel-layout\" ><div id=\"pg-74-0\"  class=\"panel-grid panel-no-style\" ><div id=\"pgc-74-0-0\"  class=\"panel-grid-cell\" ><div id=\"panel-74-0-0-0\" class=\"so-panel widget widget_sow-headline panel-first-child\" data-index=\"0\" ><div\n\t\t\t\n\t\t\tclass=\"so-widget-sow-headline so-widget-sow-headline-default-194407f109ba-74\"\n\t\t\t\n\t\t><div class=\"sow-headline-container \">\n\t\t\t\t\t\t\t<h1 class=\"sow-headline\">\n\t\t\t\t\t\tHaberler\t\t\t\t\t\t<\/h1>\n\t\t\t\t\t\t\t\t\t\t\t<div class=\"decoration\">\n\t\t\t\t\t\t<div class=\"decoration-inside\"><\/div>\n\t\t\t\t\t<\/div>\n\t\t\t\t\t<\/div>\n<\/div><\/div><div id=\"panel-74-0-0-1\" class=\"so-panel widget widget_wp_posts_carousel panel-last-child\" data-index=\"1\" ><div id=\"wp-posts-carousel-1874842121\" class=\"default-theme wp-posts-carousel owl-carousel\"><div class=\"wp-posts-carousel-slide slides-4\"><div class=\"wp-posts-carousel-container\"><div class=\"wp-posts-carousel-image\"><a href=\"https:\/\/www.americaeb5visa.com\/tr\/blog\/2026\/02\/17\/eb-5-basics-with-figen-cansever-x-marko-issever\/\" title=\"Read more EB-5 Yat\u0131r\u0131m Yoluyla ABD Ye\u015fil Kart (Green Card) Nas\u0131l Al\u0131n\u0131r? | Marko Issever R\u00f6portaj\u0131\"><img alt=\"EB-5 Yat\u0131r\u0131m Yoluyla ABD Ye\u015fil Kart (Green Card) Nas\u0131l Al\u0131n\u0131r? | Marko Issever R\u00f6portaj\u0131\" style=\"max-width:100%;max-height:100%\" data-src=\"https:\/\/www.americaeb5visa.com\/tr\/wp-content\/uploads\/sites\/6\/2026\/02\/Lets-talk-about-Eb-5-3-150x150.png\" data-src-retina=\"https:\/\/www.americaeb5visa.com\/tr\/wp-content\/uploads\/sites\/6\/2026\/02\/Lets-talk-about-Eb-5-3-150x150.png\"class=\"owl-lazy\"><\/a><\/div><div class=\"wp-posts-carousel-details\"><h3 class=\"wp-posts-carousel-title\"><a href=\"https:\/\/www.americaeb5visa.com\/tr\/blog\/2026\/02\/17\/eb-5-basics-with-figen-cansever-x-marko-issever\/\" title=\"EB-5 Yat\u0131r\u0131m Yoluyla ABD Ye\u015fil Kart (Green Card) Nas\u0131l Al\u0131n\u0131r? | Marko Issever R\u00f6portaj\u0131\">EB-5 Yat\u0131r\u0131m Yoluyla ABD Ye\u015fil Kart (Green Card) Nas\u0131l Al\u0131n\u0131r? | Marko Issever R\u00f6portaj\u0131<\/a><\/h3><p class=\"wp-posts-carousel-created-date\">\u015eubat 17, 2026<\/p><p class=\"wp-posts-carousel-categories\"><a href=\"https:\/\/www.americaeb5visa.com\/tr\/blog\/category\/video\/\" title=\"View all items in Video\">Video<\/a> <\/p><div class=\"wp-posts-carousel-desc\"><p>ABD\u2019de kal\u0131c\u0131 oturum izni (Green Card) alman\u0131n en do\u011frudan yolunu mu ar\u0131yorsunuz? Bu r\u00f6portajda, America EB5 Visa CEO\u2019su Marko Issever, EB-5 G\u00f6\u00e7men Yat\u0131r\u0131mc\u0131 Program\u0131 hakk\u0131nda bilmeniz gereken her \u015feyi detaylar\u0131yla anlat\u0131yor. Yat\u0131r\u0131m limitlerinden ba\u015fvuru s\u00fcrecine kadar; bu program\u0131n Avrupa&#8217;daki &#8220;Alt\u0131n Vizelerden&#8221; (Golden Visa) fark\u0131n\u0131 ve neden uluslararas\u0131 aileler i\u00e7in ABD&#8217;ye yerle\u015fmenin en g\u00fcvenilir yollar\u0131ndan biri<a class=\"moretag\" href=\"https:\/\/www.americaeb5visa.com\/tr\/blog\/2026\/02\/17\/eb-5-basics-with-figen-cansever-x-marko-issever\/\"><span class=\"screen-reader-text\">Hakk\u0131nda daha fazlas\u0131n\u0131 oku EB-5 Yat\u0131r\u0131m Yoluyla ABD Ye\u015fil Kart (Green Card) Nas\u0131l Al\u0131n\u0131r? | Marko Issever R\u00f6portaj\u0131<\/span>[&#8230;]<\/a><\/p>\n<\/div><p class=\"wp-posts-carousel-tags\"><\/p><p class=\"wp-posts-carousel-buttons\"><a href=\"https:\/\/www.americaeb5visa.com\/tr\/blog\/2026\/02\/17\/eb-5-basics-with-figen-cansever-x-marko-issever\/\" class=\"wp-posts-carousel-more-button button\" title=\"Read more EB-5 Yat\u0131r\u0131m Yoluyla ABD Ye\u015fil Kart (Green Card) Nas\u0131l Al\u0131n\u0131r? | Marko Issever R\u00f6portaj\u0131\">read more<\/a><p><\/div><\/div><\/div><div class=\"wp-posts-carousel-slide slides-4\"><div class=\"wp-posts-carousel-container\"><div class=\"wp-posts-carousel-image\"><a href=\"https:\/\/www.americaeb5visa.com\/tr\/blog\/2025\/08\/05\/amerikada-kalici-oturum-yatirim-yolu-ile-eb-5-green-card\/\" title=\"Read more Amerika\u2019da Kal\u0131c\u0131 Oturum \u2013 Yat\u0131r\u0131m Yolu ile EB-5 Green Card\"><img alt=\"Amerika\u2019da Kal\u0131c\u0131 Oturum \u2013 Yat\u0131r\u0131m Yolu ile EB-5 Green Card\" style=\"max-width:100%;max-height:100%\" data-src=\"https:\/\/www.americaeb5visa.com\/tr\/wp-content\/uploads\/sites\/6\/2025\/09\/Amerikada-kalici-oturum-yatirim-yolu-ile-eb5-green-card-150x150.png\" data-src-retina=\"https:\/\/www.americaeb5visa.com\/tr\/wp-content\/uploads\/sites\/6\/2025\/09\/Amerikada-kalici-oturum-yatirim-yolu-ile-eb5-green-card-150x150.png\"class=\"owl-lazy\"><\/a><\/div><div class=\"wp-posts-carousel-details\"><h3 class=\"wp-posts-carousel-title\"><a href=\"https:\/\/www.americaeb5visa.com\/tr\/blog\/2025\/08\/05\/amerikada-kalici-oturum-yatirim-yolu-ile-eb-5-green-card\/\" title=\"Amerika\u2019da Kal\u0131c\u0131 Oturum \u2013 Yat\u0131r\u0131m Yolu ile EB-5 Green Card\">Amerika\u2019da Kal\u0131c\u0131 Oturum \u2013 Yat\u0131r\u0131m Yolu ile EB-5 Green Card<\/a><\/h3><p class=\"wp-posts-carousel-created-date\">A\u011fustos 5, 2025<\/p><p class=\"wp-posts-carousel-categories\"><a href=\"https:\/\/www.americaeb5visa.com\/tr\/blog\/category\/video\/\" title=\"View all items in Video\">Video<\/a> <\/p><div class=\"wp-posts-carousel-desc\">Amerika \u2019da Kal\u0131c\u0131 Oturum \u2013 Yat\u0131r\u0131m Yolu ile EB-5 Green Card EB-5 Vizesi Nedir? Neden Regional Center? RIA\u2019n\u0131n Getirdi\u011fi Yenilikler Source of Funds (Yat\u0131r\u0131m Kayna\u011f\u0131n\u0131n \u0130spat\u0131) Do\u011fru Brokerla \u00c7al\u0131\u015fman\u0131n \u00d6nemi Do\u011fru Broker-Avukat \u0130\u015fbirli\u011fi Golden Visa ve EB-5 Yakla\u015f\u0131mlar\u0131 EB-5'e Ba\u015fvurmak \u0130\u00e7in Do\u011fru Zaman m\u0131 ve Kimler Ba\u015fvurabilir? Do\u011fru EB-5 Projesi Nedir? Do\u011fru Avukatla \u00c7al\u0131\u015fman\u0131n Avantaj\u0131<\/div><p class=\"wp-posts-carousel-tags\"><\/p><p class=\"wp-posts-carousel-buttons\"><a href=\"https:\/\/www.americaeb5visa.com\/tr\/blog\/2025\/08\/05\/amerikada-kalici-oturum-yatirim-yolu-ile-eb-5-green-card\/\" class=\"wp-posts-carousel-more-button button\" title=\"Read more Amerika\u2019da Kal\u0131c\u0131 Oturum \u2013 Yat\u0131r\u0131m Yolu ile EB-5 Green Card\">read more<\/a><p><\/div><\/div><\/div><div class=\"wp-posts-carousel-slide slides-4\"><div class=\"wp-posts-carousel-container\"><div class=\"wp-posts-carousel-image\"><a href=\"https:\/\/www.americaeb5visa.com\/tr\/blog\/2025\/07\/23\/yatirim-yoluyla-green-card-almak-eb-5-vizesi-nedir\/\" title=\"Read more Yat\u0131r\u0131m Yoluyla Green Card Almak: EB-5 Vizesi Nedir?\"><img alt=\"Yat\u0131r\u0131m Yoluyla Green Card Almak: EB-5 Vizesi Nedir?\" style=\"max-width:100%;max-height:100%\" data-src=\"https:\/\/www.americaeb5visa.com\/tr\/wp-content\/uploads\/sites\/6\/2025\/07\/hqdefault-150x150.jpg\" data-src-retina=\"https:\/\/www.americaeb5visa.com\/tr\/wp-content\/uploads\/sites\/6\/2025\/07\/hqdefault-150x150.jpg\"class=\"owl-lazy\"><\/a><\/div><div class=\"wp-posts-carousel-details\"><h3 class=\"wp-posts-carousel-title\"><a href=\"https:\/\/www.americaeb5visa.com\/tr\/blog\/2025\/07\/23\/yatirim-yoluyla-green-card-almak-eb-5-vizesi-nedir\/\" title=\"Yat\u0131r\u0131m Yoluyla Green Card Almak: EB-5 Vizesi Nedir?\">Yat\u0131r\u0131m Yoluyla Green Card Almak: EB-5 Vizesi Nedir?<\/a><\/h3><p class=\"wp-posts-carousel-created-date\">Temmuz 23, 2025<\/p><p class=\"wp-posts-carousel-categories\"><a href=\"https:\/\/www.americaeb5visa.com\/tr\/blog\/category\/video\/\" title=\"View all items in Video\">Video<\/a> <\/p><div class=\"wp-posts-carousel-desc\">Amerika'da yat\u0131r\u0131m yaparak Green Card almak ister misiniz? Bu videoda, yat\u0131r\u0131m yoluyla ABD\u2019ye yerle\u015fmenin en etkili yollar\u0131ndan biri olan EB-5 Yat\u0131r\u0131mc\u0131 Vizesi hakk\u0131nda merak etti\u011finiz her \u015feyi konu\u015fuyoruz! Yat\u0131r\u0131m dan\u0131\u015fman\u0131 Marko \u0130\u015fsever ve Onal Galant ofisinin kurucu avukatlar\u0131ndan David Fatih Gallant, EB-5 s\u00fcrecini ba\u015ftan sona masaya yat\u0131r\u0131yor. EB-5 vizesi nedir? S\u00fcre\u00e7 nas\u0131l i\u015fler? Do\u011fru EB-5<a class=\"moretag\" href=\"https:\/\/www.americaeb5visa.com\/tr\/blog\/2025\/07\/23\/yatirim-yoluyla-green-card-almak-eb-5-vizesi-nedir\/\"><span class=\"screen-reader-text\">Hakk\u0131nda daha fazlas\u0131n\u0131 oku Yat\u0131r\u0131m Yoluyla Green Card Almak: EB-5 Vizesi Nedir?<\/span>[...]<\/a><\/div><p class=\"wp-posts-carousel-tags\"><\/p><p class=\"wp-posts-carousel-buttons\"><a href=\"https:\/\/www.americaeb5visa.com\/tr\/blog\/2025\/07\/23\/yatirim-yoluyla-green-card-almak-eb-5-vizesi-nedir\/\" class=\"wp-posts-carousel-more-button button\" title=\"Read more Yat\u0131r\u0131m Yoluyla Green Card Almak: EB-5 Vizesi Nedir?\">read more<\/a><p><\/div><\/div><\/div><div class=\"wp-posts-carousel-slide slides-4\"><div class=\"wp-posts-carousel-container\"><div class=\"wp-posts-carousel-image\"><a href=\"https:\/\/www.americaeb5visa.com\/tr\/blog\/2023\/08\/15\/form-i-526-icin-vize-uygunluk-yaklasiminda-guncelleme\/\" title=\"Read more Form I-526 i\u00e7in Vize Uygunluk Yakla\u015f\u0131m\u0131nda G\u00fcncelleme\"><img alt=\"Form I-526 i\u00e7in Vize Uygunluk Yakla\u015f\u0131m\u0131nda G\u00fcncelleme\" style=\"max-width:100%;max-height:100%\" data-src=\"https:\/\/www.americaeb5visa.com\/tr\/wp-content\/uploads\/sites\/6\/2023\/08\/Update-to-Visa-Availability-Approach-for-Form-I-526-150x150.jpg\" data-src-retina=\"https:\/\/www.americaeb5visa.com\/tr\/wp-content\/uploads\/sites\/6\/2023\/08\/Update-to-Visa-Availability-Approach-for-Form-I-526-150x150.jpg\"class=\"owl-lazy\"><\/a><\/div><div class=\"wp-posts-carousel-details\"><h3 class=\"wp-posts-carousel-title\"><a href=\"https:\/\/www.americaeb5visa.com\/tr\/blog\/2023\/08\/15\/form-i-526-icin-vize-uygunluk-yaklasiminda-guncelleme\/\" title=\"Form I-526 i\u00e7in Vize Uygunluk Yakla\u015f\u0131m\u0131nda G\u00fcncelleme\">Form I-526 i\u00e7in Vize Uygunluk Yakla\u015f\u0131m\u0131nda G\u00fcncelleme<\/a><\/h3><p class=\"wp-posts-carousel-created-date\">A\u011fustos 15, 2023<\/p><p class=\"wp-posts-carousel-categories\"><a href=\"https:\/\/www.americaeb5visa.com\/tr\/blog\/category\/haber\/\" title=\"View all items in Haber\">Haber<\/a> <\/p><div class=\"wp-posts-carousel-desc\">Yeni asgari yat\u0131r\u0131m tutar\u0131 \u015fimdi 800.000 $! 15 Mart 2022 Sal\u0131 g\u00fcn\u00fc, Ba\u015fkan Biden, H.R. 2471 \u2013 2022 Konsolide \u00d6denekler Yasas\u0131n\u0131 imzalad\u0131. <\/div><p class=\"wp-posts-carousel-tags\"><\/p><p class=\"wp-posts-carousel-buttons\"><a href=\"https:\/\/www.americaeb5visa.com\/tr\/blog\/2023\/08\/15\/form-i-526-icin-vize-uygunluk-yaklasiminda-guncelleme\/\" class=\"wp-posts-carousel-more-button button\" title=\"Read more Form I-526 i\u00e7in Vize Uygunluk Yakla\u015f\u0131m\u0131nda G\u00fcncelleme\">read more<\/a><p><\/div><\/div><\/div><div class=\"wp-posts-carousel-slide slides-4\"><div class=\"wp-posts-carousel-container\"><div class=\"wp-posts-carousel-image\"><a href=\"https:\/\/www.americaeb5visa.com\/tr\/blog\/2022\/03\/23\/yeni-eb-5-bolgesel-merkez-programi-yururluge-girdi-yeni-asgari-yatirim-tutari-simdi-800-000\/\" title=\"Read more Yeni EB-5 B\u00f6lgesel Merkez Program\u0131 y\u00fcr\u00fcrl\u00fc\u011fe girdi! Yeni asgari yat\u0131r\u0131m tutar\u0131 \u015fimdi 800.000 $!\"><img alt=\"Yeni EB-5 B\u00f6lgesel Merkez Program\u0131 y\u00fcr\u00fcrl\u00fc\u011fe girdi! Yeni asgari yat\u0131r\u0131m tutar\u0131 \u015fimdi 800.000 $!\" style=\"max-width:100%;max-height:100%\" data-src=\"https:\/\/www.americaeb5visa.com\/tr\/wp-content\/uploads\/sites\/6\/2022\/03\/EB-5-Regional-Center-Program-is-reauthorized_-150x150.png\" data-src-retina=\"https:\/\/www.americaeb5visa.com\/tr\/wp-content\/uploads\/sites\/6\/2022\/03\/EB-5-Regional-Center-Program-is-reauthorized_-150x150.png\"class=\"owl-lazy\"><\/a><\/div><div class=\"wp-posts-carousel-details\"><h3 class=\"wp-posts-carousel-title\"><a href=\"https:\/\/www.americaeb5visa.com\/tr\/blog\/2022\/03\/23\/yeni-eb-5-bolgesel-merkez-programi-yururluge-girdi-yeni-asgari-yatirim-tutari-simdi-800-000\/\" title=\"Yeni EB-5 B\u00f6lgesel Merkez Program\u0131 y\u00fcr\u00fcrl\u00fc\u011fe girdi! Yeni asgari yat\u0131r\u0131m tutar\u0131 \u015fimdi 800.000 $!\">Yeni EB-5 B\u00f6lgesel Merkez Program\u0131 y\u00fcr\u00fcrl\u00fc\u011fe girdi! Yeni asgari yat\u0131r\u0131m tutar\u0131 \u015fimdi 800.000 $!<\/a><\/h3><p class=\"wp-posts-carousel-created-date\">Mart 23, 2022<\/p><p class=\"wp-posts-carousel-categories\"><a href=\"https:\/\/www.americaeb5visa.com\/tr\/blog\/category\/haber\/\" title=\"View all items in Haber\">Haber<\/a> <\/p><div class=\"wp-posts-carousel-desc\">Yeni asgari yat\u0131r\u0131m tutar\u0131 \u015fimdi 800.000 $! 15 Mart 2022 Sal\u0131 g\u00fcn\u00fc, Ba\u015fkan Biden, H.R. 2471 \u2013 2022 Konsolide \u00d6denekler Yasas\u0131n\u0131 imzalad\u0131. <\/div><p class=\"wp-posts-carousel-tags\"><\/p><p class=\"wp-posts-carousel-buttons\"><a href=\"https:\/\/www.americaeb5visa.com\/tr\/blog\/2022\/03\/23\/yeni-eb-5-bolgesel-merkez-programi-yururluge-girdi-yeni-asgari-yatirim-tutari-simdi-800-000\/\" class=\"wp-posts-carousel-more-button button\" title=\"Read more Yeni EB-5 B\u00f6lgesel Merkez Program\u0131 y\u00fcr\u00fcrl\u00fc\u011fe girdi! Yeni asgari yat\u0131r\u0131m tutar\u0131 \u015fimdi 800.000 $!\">read more<\/a><p><\/div><\/div><\/div><div class=\"wp-posts-carousel-slide slides-4\"><div class=\"wp-posts-carousel-container\"><div class=\"wp-posts-carousel-image\"><a href=\"https:\/\/www.americaeb5visa.com\/tr\/blog\/2021\/07\/26\/hurriyet-gazetesi-muhabirlerinden-kubra-genc-kalabalik-ile-eb-5-uzerinde-soylesi\/\" title=\"Read more H\u00fcrriyet Gazetesi muhabirlerinden, K\u00fcbra Gen\u00e7 Kalabal\u0131k ile EB-5 \u00fczerinde s\u00f6yle\u015fi\"><img alt=\"H\u00fcrriyet Gazetesi muhabirlerinden, K\u00fcbra Gen\u00e7 Kalabal\u0131k ile EB-5 \u00fczerinde s\u00f6yle\u015fi\" style=\"max-width:100%;max-height:100%\" data-src=\"https:\/\/www.americaeb5visa.com\/tr\/wp-content\/uploads\/sites\/6\/2021\/07\/hurriyet-150x150.png\" data-src-retina=\"https:\/\/www.americaeb5visa.com\/tr\/wp-content\/uploads\/sites\/6\/2021\/07\/hurriyet-150x150.png\"class=\"owl-lazy\"><\/a><\/div><div class=\"wp-posts-carousel-details\"><h3 class=\"wp-posts-carousel-title\"><a href=\"https:\/\/www.americaeb5visa.com\/tr\/blog\/2021\/07\/26\/hurriyet-gazetesi-muhabirlerinden-kubra-genc-kalabalik-ile-eb-5-uzerinde-soylesi\/\" title=\"H\u00fcrriyet Gazetesi muhabirlerinden, K\u00fcbra Gen\u00e7 Kalabal\u0131k ile EB-5 \u00fczerinde s\u00f6yle\u015fi\">H\u00fcrriyet Gazetesi muhabirlerinden, K\u00fcbra Gen\u00e7 Kalabal\u0131k ile EB-5 \u00fczerinde s\u00f6yle\u015fi<\/a><\/h3><p class=\"wp-posts-carousel-created-date\">Temmuz 26, 2021<\/p><p class=\"wp-posts-carousel-categories\"><a href=\"https:\/\/www.americaeb5visa.com\/tr\/blog\/category\/video\/\" title=\"View all items in Video\">Video<\/a> <\/p><div class=\"wp-posts-carousel-desc\">H\u00fcrriyet Gazetesi muhabirlerinden, K\u00fcbra Gen\u00e7 Kalabal\u0131k ile EB-5 \u00fczerinde s\u00f6yle\u015fi \u2013 9 Mart 2021\u00a0 Amerika Birle\u015fik Devletleri'nin yeni Ba\u015fkan\u0131n\u0131n g\u00f6reve ba\u015flamas\u0131ndan 50 g\u00fcn sonra New York merkezli Amerika EB5 Visa'n\u0131n Kurucu Orta\u011f\u0131, Say\u0131n Marko Issever ile g\u00f6r\u00fc\u015ft\u00fck. Yeni Ba\u015fkan Joe Biden\u2019in g\u00f6reve atanmas\u0131na ili\u015fkin g\u00f6r\u00fc\u015flerini \u00f6\u011frenmek istedik. Olas\u0131 yeni politikalar\u0131n ABD\u2019ye g\u00f6\u00e7men kabul\u00fc \u00fczerindeki spesifik<a class=\"moretag\" href=\"https:\/\/www.americaeb5visa.com\/tr\/blog\/2021\/07\/26\/hurriyet-gazetesi-muhabirlerinden-kubra-genc-kalabalik-ile-eb-5-uzerinde-soylesi\/\"><span class=\"screen-reader-text\">Hakk\u0131nda daha fazlas\u0131n\u0131 oku H\u00fcrriyet Gazetesi muhabirlerinden, K\u00fcbra Gen\u00e7 Kalabal\u0131k ile EB-5 \u00fczerinde s\u00f6yle\u015fi<\/span>[...]<\/a><\/div><p class=\"wp-posts-carousel-tags\"><\/p><p class=\"wp-posts-carousel-buttons\"><a href=\"https:\/\/www.americaeb5visa.com\/tr\/blog\/2021\/07\/26\/hurriyet-gazetesi-muhabirlerinden-kubra-genc-kalabalik-ile-eb-5-uzerinde-soylesi\/\" class=\"wp-posts-carousel-more-button button\" title=\"Read more H\u00fcrriyet Gazetesi muhabirlerinden, K\u00fcbra Gen\u00e7 Kalabal\u0131k ile EB-5 \u00fczerinde s\u00f6yle\u015fi\">read more<\/a><p><\/div><\/div><\/div><div class=\"wp-posts-carousel-slide slides-4\"><div class=\"wp-posts-carousel-container\"><div class=\"wp-posts-carousel-image\"><a href=\"https:\/\/www.americaeb5visa.com\/tr\/blog\/2020\/06\/24\/baskan-trump-abdye-girisi-kisitlayan-yeni-bir-icra-emri-imzaladi\/\" title=\"Read more Ba\u015fkan Trump, ABD&#039;ye giri\u015fi k\u0131s\u0131tlayan yeni bir icra emri imzalad\u0131\"><img alt=\"Ba\u015fkan Trump, ABD&#039;ye giri\u015fi k\u0131s\u0131tlayan yeni bir icra emri imzalad\u0131\" style=\"max-width:100%;max-height:100%\" data-src=\"https:\/\/www.americaeb5visa.com\/tr\/wp-content\/uploads\/sites\/6\/2020\/06\/ana-lanza-ia1UNEtktg-unsplash-150x150.jpg\" data-src-retina=\"https:\/\/www.americaeb5visa.com\/tr\/wp-content\/uploads\/sites\/6\/2020\/06\/ana-lanza-ia1UNEtktg-unsplash-150x150.jpg\"class=\"owl-lazy\"><\/a><\/div><div class=\"wp-posts-carousel-details\"><h3 class=\"wp-posts-carousel-title\"><a href=\"https:\/\/www.americaeb5visa.com\/tr\/blog\/2020\/06\/24\/baskan-trump-abdye-girisi-kisitlayan-yeni-bir-icra-emri-imzaladi\/\" title=\"Ba\u015fkan Trump, ABD&#039;ye giri\u015fi k\u0131s\u0131tlayan yeni bir icra emri imzalad\u0131\">Ba\u015fkan Trump, ABD&#039;ye giri\u015fi k\u0131s\u0131tlayan yeni bir icra emri imzalad\u0131<\/a><\/h3><p class=\"wp-posts-carousel-created-date\">Haziran 24, 2020<\/p><p class=\"wp-posts-carousel-categories\"><a href=\"https:\/\/www.americaeb5visa.com\/tr\/blog\/category\/haber\/\" title=\"View all items in Haber\">Haber<\/a> <\/p><div class=\"wp-posts-carousel-desc\">Biliyor muydunuz? &nbsp; &nbsp; Ba\u015fkan Trump, H \u2010 1B, L \u2010 1, J \u2010 1 ve H \u2010 2B gibi g\u00f6\u00e7men olmayan vize kategorileri yoluyla ABD'ye giri\u015fi k\u0131s\u0131tlayan yeni bir icra emri imzalad\u0131. Ancak rahatlay\u0131n! Tebli\u011f, EB-5 ve di\u011fer bir\u00e7ok g\u00f6\u00e7men ve g\u00f6\u00e7men olmayan kategorileri i\u00e7ermiyor! Ba\u015fkan Trump, H-1B, L-1, J-1 ve H-2B gibi g\u00f6\u00e7men<a class=\"moretag\" href=\"https:\/\/www.americaeb5visa.com\/tr\/blog\/2020\/06\/24\/baskan-trump-abdye-girisi-kisitlayan-yeni-bir-icra-emri-imzaladi\/\"><span class=\"screen-reader-text\">Hakk\u0131nda daha fazlas\u0131n\u0131 oku Ba\u015fkan Trump, ABD&#8217;ye giri\u015fi k\u0131s\u0131tlayan yeni bir icra emri imzalad\u0131<\/span>[...]<\/a><\/div><p class=\"wp-posts-carousel-tags\"><\/p><p class=\"wp-posts-carousel-buttons\"><a href=\"https:\/\/www.americaeb5visa.com\/tr\/blog\/2020\/06\/24\/baskan-trump-abdye-girisi-kisitlayan-yeni-bir-icra-emri-imzaladi\/\" class=\"wp-posts-carousel-more-button button\" title=\"Read more Ba\u015fkan Trump, ABD&#039;ye giri\u015fi k\u0131s\u0131tlayan yeni bir icra emri imzalad\u0131\">read more<\/a><p><\/div><\/div><\/div><div class=\"wp-posts-carousel-slide slides-4\"><div class=\"wp-posts-carousel-container\"><div class=\"wp-posts-carousel-image\"><a href=\"https:\/\/www.americaeb5visa.com\/tr\/blog\/2020\/04\/24\/baskan-trump-abdye-gocu-gecici-olarak-kisitlayan-bir-icraemri-imzaladi-ancak-rahatlayin-teblig-eb-5-ve-diger-bircokgocmen-ve-gocmen-olmayan-kategorileri-icermiyor\/\" title=\"Read more Ba\u015fkan Trump, ABD&#039;ye g\u00f6\u00e7\u00fc ge\u00e7ici olarak k\u0131s\u0131tlayan bir icra emri imzalad\u0131. Ancak rahatlay\u0131n! Tebli\u011f, EB-5 ve di\u011fer bir\u00e7ok g\u00f6\u00e7men ve g\u00f6\u00e7men olmayan kategorileri i\u00e7ermiyor!\"><img alt=\"Ba\u015fkan Trump, ABD&#039;ye g\u00f6\u00e7\u00fc ge\u00e7ici olarak k\u0131s\u0131tlayan bir icra emri imzalad\u0131. Ancak rahatlay\u0131n! Tebli\u011f, EB-5 ve di\u011fer bir\u00e7ok g\u00f6\u00e7men ve g\u00f6\u00e7men olmayan kategorileri i\u00e7ermiyor!\" style=\"max-width:100%;max-height:100%\" data-src=\"https:\/\/www.americaeb5visa.com\/tr\/wp-content\/uploads\/sites\/6\/2020\/04\/trump-2546104-thumbnail-150x150.png\" data-src-retina=\"https:\/\/www.americaeb5visa.com\/tr\/wp-content\/uploads\/sites\/6\/2020\/04\/trump-2546104-thumbnail-150x150.png\"class=\"owl-lazy\"><\/a><\/div><div class=\"wp-posts-carousel-details\"><h3 class=\"wp-posts-carousel-title\"><a href=\"https:\/\/www.americaeb5visa.com\/tr\/blog\/2020\/04\/24\/baskan-trump-abdye-gocu-gecici-olarak-kisitlayan-bir-icraemri-imzaladi-ancak-rahatlayin-teblig-eb-5-ve-diger-bircokgocmen-ve-gocmen-olmayan-kategorileri-icermiyor\/\" title=\"Ba\u015fkan Trump, ABD&#039;ye g\u00f6\u00e7\u00fc ge\u00e7ici olarak k\u0131s\u0131tlayan bir icra emri imzalad\u0131. Ancak rahatlay\u0131n! Tebli\u011f, EB-5 ve di\u011fer bir\u00e7ok g\u00f6\u00e7men ve g\u00f6\u00e7men olmayan kategorileri i\u00e7ermiyor!\">Ba\u015fkan Trump, ABD&#039;ye g\u00f6\u00e7\u00fc ge\u00e7ici olarak k\u0131s\u0131tlayan bir icra emri imzalad\u0131. Ancak rahatlay\u0131n! Tebli\u011f, EB-5 ve di\u011fer bir\u00e7ok g\u00f6\u00e7men ve g\u00f6\u00e7men olmayan kategorileri i\u00e7ermiyor!<\/a><\/h3><p class=\"wp-posts-carousel-created-date\">Nisan 24, 2020<\/p><p class=\"wp-posts-carousel-categories\"><a href=\"https:\/\/www.americaeb5visa.com\/tr\/blog\/category\/haber\/\" title=\"View all items in Haber\">Haber<\/a> <\/p><div class=\"wp-posts-carousel-desc\">Biliyor muydunuz? &nbsp; Ba\u015fkan Trump, ABD'ye g\u00f6\u00e7\u00fc ge\u00e7ici olarak k\u0131s\u0131tlayan bir icra emri imzalad\u0131. Ancak rahatlay\u0131n! Tebli\u011f, EB-5 ve di\u011fer bir\u00e7ok g\u00f6\u00e7men ve g\u00f6\u00e7men olmayan kategorileri i\u00e7ermiyor! &nbsp; Haber ajanslar\u0131n\u0131n neredeyse tamam\u0131 Ba\u015fkan Trump'\u0131n d\u00fcn gece Amerika Birle\u015fik Devletleri'ne g\u00f6\u00e7\u00fc s\u0131n\u0131rlayacak bir y\u00fcr\u00fctme emri imzalad\u0131\u011f\u0131n\u0131 bildirdi. Bu haber m\u00fcvekkillerimizin \u00e7o\u011fu i\u00e7in olduk\u00e7a endi\u015fe verici gibi<a class=\"moretag\" href=\"https:\/\/www.americaeb5visa.com\/tr\/blog\/2020\/04\/24\/baskan-trump-abdye-gocu-gecici-olarak-kisitlayan-bir-icraemri-imzaladi-ancak-rahatlayin-teblig-eb-5-ve-diger-bircokgocmen-ve-gocmen-olmayan-kategorileri-icermiyor\/\"><span class=\"screen-reader-text\">Hakk\u0131nda daha fazlas\u0131n\u0131 oku Ba\u015fkan Trump, ABD&#8217;ye g\u00f6\u00e7\u00fc ge\u00e7ici olarak k\u0131s\u0131tlayan bir icra emri imzalad\u0131. Ancak rahatlay\u0131n! Tebli\u011f, EB-5 ve di\u011fer bir\u00e7ok g\u00f6\u00e7men ve g\u00f6\u00e7men olmayan kategorileri i\u00e7ermiyor!<\/span>[...]<\/a><\/div><p class=\"wp-posts-carousel-tags\"><\/p><p class=\"wp-posts-carousel-buttons\"><a href=\"https:\/\/www.americaeb5visa.com\/tr\/blog\/2020\/04\/24\/baskan-trump-abdye-gocu-gecici-olarak-kisitlayan-bir-icraemri-imzaladi-ancak-rahatlayin-teblig-eb-5-ve-diger-bircokgocmen-ve-gocmen-olmayan-kategorileri-icermiyor\/\" class=\"wp-posts-carousel-more-button button\" title=\"Read more Ba\u015fkan Trump, ABD&#039;ye g\u00f6\u00e7\u00fc ge\u00e7ici olarak k\u0131s\u0131tlayan bir icra emri imzalad\u0131. Ancak rahatlay\u0131n! Tebli\u011f, EB-5 ve di\u011fer bir\u00e7ok g\u00f6\u00e7men ve g\u00f6\u00e7men olmayan kategorileri i\u00e7ermiyor!\">read more<\/a><p><\/div><\/div><\/div><div class=\"wp-posts-carousel-slide slides-4\"><div class=\"wp-posts-carousel-container\"><div class=\"wp-posts-carousel-image\"><a href=\"https:\/\/www.americaeb5visa.com\/tr\/blog\/2020\/03\/16\/eb-5-nisan-2020-vize-bulteni-cikti\/\" title=\"Read more EB-5 Nisan 2020 Vize B\u00fclteni \u00e7\u0131kt\u0131!\"><img alt=\"EB-5 Nisan 2020 Vize B\u00fclteni \u00e7\u0131kt\u0131!\" style=\"max-width:100%;max-height:100%\" data-src=\"https:\/\/www.americaeb5visa.com\/tr\/wp-content\/uploads\/sites\/6\/2020\/03\/EB-5-Visa-Bulletin-for-April-2020-150x150.png\" data-src-retina=\"https:\/\/www.americaeb5visa.com\/tr\/wp-content\/uploads\/sites\/6\/2020\/03\/EB-5-Visa-Bulletin-for-April-2020-150x150.png\"class=\"owl-lazy\"><\/a><\/div><div class=\"wp-posts-carousel-details\"><h3 class=\"wp-posts-carousel-title\"><a href=\"https:\/\/www.americaeb5visa.com\/tr\/blog\/2020\/03\/16\/eb-5-nisan-2020-vize-bulteni-cikti\/\" title=\"EB-5 Nisan 2020 Vize B\u00fclteni \u00e7\u0131kt\u0131!\">EB-5 Nisan 2020 Vize B\u00fclteni \u00e7\u0131kt\u0131!<\/a><\/h3><p class=\"wp-posts-carousel-created-date\">Mart 16, 2020<\/p><p class=\"wp-posts-carousel-categories\"><a href=\"https:\/\/www.americaeb5visa.com\/tr\/blog\/category\/haber\/\" title=\"View all items in Haber\">Haber<\/a> <\/p><div class=\"wp-posts-carousel-desc\">Biliyor muydunuz? EB-5 Nisan 2020 Vize B\u00fclteni \u00e7\u0131kt\u0131! &nbsp; Bu hafta USCIS, EB-5 Payda\u015f Kat\u0131l\u0131m\u0131 toplant\u0131s\u0131 d\u00fczenledi. EB-5 Nisan 2020 Vize B\u00fclteni de yay\u0131nland\u0131. Retrogression ile ilgili haberler iyile\u015fmeye ba\u015flad\u0131. \u015eimdiye kadar retrogression\u2019a tabi olan \u00fc\u00e7 \u00fclke aras\u0131nda, hem Hindistan ve hem de Vietnam, \"Son \u0130\u015flem Tarihleri\" grafi\u011finin aksine, \"Dosyalanma Tarihleri\" grafi\u011fine dayal\u0131 olarak i\u015flem<a class=\"moretag\" href=\"https:\/\/www.americaeb5visa.com\/tr\/blog\/2020\/03\/16\/eb-5-nisan-2020-vize-bulteni-cikti\/\"><span class=\"screen-reader-text\">Hakk\u0131nda daha fazlas\u0131n\u0131 oku EB-5 Nisan 2020 Vize B\u00fclteni \u00e7\u0131kt\u0131!<\/span>[...]<\/a><\/div><p class=\"wp-posts-carousel-tags\"><\/p><p class=\"wp-posts-carousel-buttons\"><a href=\"https:\/\/www.americaeb5visa.com\/tr\/blog\/2020\/03\/16\/eb-5-nisan-2020-vize-bulteni-cikti\/\" class=\"wp-posts-carousel-more-button button\" title=\"Read more EB-5 Nisan 2020 Vize B\u00fclteni \u00e7\u0131kt\u0131!\">read more<\/a><p><\/div><\/div><\/div><div class=\"wp-posts-carousel-slide slides-4\"><div class=\"wp-posts-carousel-container\"><div class=\"wp-posts-carousel-image\"><a href=\"https:\/\/www.americaeb5visa.com\/tr\/blog\/2019\/08\/16\/abd-kalici-ve-gecici-vizeleri-eb-5-ve-diger-alternatif-vizeler\/\" title=\"Read more ABD kal\u0131c\u0131 ve ge\u00e7ici vizeleri: EB-5 ve di\u011fer alternatif vizeler\"><img alt=\"ABD kal\u0131c\u0131 ve ge\u00e7ici vizeleri: EB-5 ve di\u011fer alternatif vizeler\" style=\"max-width:100%;max-height:100%\" data-src=\"https:\/\/www.americaeb5visa.com\/tr\/wp-content\/uploads\/sites\/6\/2019\/08\/abd-kalici-ve-gecici-vizeleri-150x150.png\" data-src-retina=\"https:\/\/www.americaeb5visa.com\/tr\/wp-content\/uploads\/sites\/6\/2019\/08\/abd-kalici-ve-gecici-vizeleri-150x150.png\"class=\"owl-lazy\"><\/a><\/div><div class=\"wp-posts-carousel-details\"><h3 class=\"wp-posts-carousel-title\"><a href=\"https:\/\/www.americaeb5visa.com\/tr\/blog\/2019\/08\/16\/abd-kalici-ve-gecici-vizeleri-eb-5-ve-diger-alternatif-vizeler\/\" title=\"ABD kal\u0131c\u0131 ve ge\u00e7ici vizeleri: EB-5 ve di\u011fer alternatif vizeler\">ABD kal\u0131c\u0131 ve ge\u00e7ici vizeleri: EB-5 ve di\u011fer alternatif vizeler<\/a><\/h3><p class=\"wp-posts-carousel-created-date\">A\u011fustos 16, 2019<\/p><p class=\"wp-posts-carousel-categories\"><a href=\"https:\/\/www.americaeb5visa.com\/tr\/blog\/category\/video\/\" title=\"View all items in Video\">Video<\/a> <\/p><div class=\"wp-posts-carousel-desc\">&nbsp; &nbsp; ABD kal\u0131c\u0131 ve ge\u00e7ici vizeleri: EB-5 ve di\u011fer alternatif vizeler: Arda Be\u015fkarde\u015f, Be\u015fkarde\u015f Hukuk B\u00fcrosu EB-5 d\u0131\u015f\u0131nda g\u00f6\u00e7menlik ve g\u00f6\u00e7men olmayan alternatif vizeler: \u00d6zellikle E-2 vizesi nedir? Nas\u0131l al\u0131n\u0131r? Kimler bundan yararlanabilir? Kimler i\u00e7in uygun de\u011fildir? E-2\u2019den EB-5 vizesine ve nihayet ye\u015fil karta nas\u0131l ge\u00e7ilir? &nbsp; Emre \u00d6zg\u00fc, Barst Mukamal, Kleiner Hukuk B\u00fcrosu<a class=\"moretag\" href=\"https:\/\/www.americaeb5visa.com\/tr\/blog\/2019\/08\/16\/abd-kalici-ve-gecici-vizeleri-eb-5-ve-diger-alternatif-vizeler\/\"><span class=\"screen-reader-text\">Hakk\u0131nda daha fazlas\u0131n\u0131 oku ABD kal\u0131c\u0131 ve ge\u00e7ici vizeleri: EB-5 ve di\u011fer alternatif vizeler<\/span>[...]<\/a><\/div><p class=\"wp-posts-carousel-tags\"><\/p><p class=\"wp-posts-carousel-buttons\"><a href=\"https:\/\/www.americaeb5visa.com\/tr\/blog\/2019\/08\/16\/abd-kalici-ve-gecici-vizeleri-eb-5-ve-diger-alternatif-vizeler\/\" class=\"wp-posts-carousel-more-button button\" title=\"Read more ABD kal\u0131c\u0131 ve ge\u00e7ici vizeleri: EB-5 ve di\u011fer alternatif vizeler\">read more<\/a><p><\/div><\/div><\/div><div class=\"wp-posts-carousel-slide slides-4\"><div class=\"wp-posts-carousel-container\"><div class=\"wp-posts-carousel-image\"><a href=\"https:\/\/www.americaeb5visa.com\/tr\/blog\/2019\/07\/24\/asgari-yatirimlar-artiyor-hedeflenen-istihdam-alani-hia-belirlemeleri-yeniden-tanimlaniyor\/\" title=\"Read more Asgari Yat\u0131r\u0131mlar art\u0131yor, Hedeflenen \u0130stihdam Alan\u0131 (HIA) Belirlemeleri yeniden tan\u0131mlan\u0131yor.\"><img alt=\"Asgari Yat\u0131r\u0131mlar art\u0131yor, Hedeflenen \u0130stihdam Alan\u0131 (HIA) Belirlemeleri yeniden tan\u0131mlan\u0131yor.\" style=\"max-width:100%;max-height:100%\" data-src=\"https:\/\/www.americaeb5visa.com\/tr\/wp-content\/uploads\/sites\/6\/2019\/07\/usastamps-150x150.jpg\" data-src-retina=\"https:\/\/www.americaeb5visa.com\/tr\/wp-content\/uploads\/sites\/6\/2019\/07\/usastamps-150x150.jpg\"class=\"owl-lazy\"><\/a><\/div><div class=\"wp-posts-carousel-details\"><h3 class=\"wp-posts-carousel-title\"><a href=\"https:\/\/www.americaeb5visa.com\/tr\/blog\/2019\/07\/24\/asgari-yatirimlar-artiyor-hedeflenen-istihdam-alani-hia-belirlemeleri-yeniden-tanimlaniyor\/\" title=\"Asgari Yat\u0131r\u0131mlar art\u0131yor, Hedeflenen \u0130stihdam Alan\u0131 (HIA) Belirlemeleri yeniden tan\u0131mlan\u0131yor.\">Asgari Yat\u0131r\u0131mlar art\u0131yor, Hedeflenen \u0130stihdam Alan\u0131 (HIA) Belirlemeleri yeniden tan\u0131mlan\u0131yor.<\/a><\/h3><p class=\"wp-posts-carousel-created-date\">Temmuz 24, 2019<\/p><p class=\"wp-posts-carousel-categories\"><a href=\"https:\/\/www.americaeb5visa.com\/tr\/blog\/category\/haber\/\" title=\"View all items in Haber\">Haber<\/a> <\/p><div class=\"wp-posts-carousel-desc\">Biliyor muydunuz? &nbsp; Asgari Yat\u0131r\u0131mlar art\u0131yor, Hedeflenen \u0130stihdam Alan\u0131 (HIA) Belirlemeleri yeniden tan\u0131mlan\u0131yor &nbsp; Bu haberde, 24 Temmuz\u2019da yay\u0131nlanacak ve 21 Kas\u0131m 2019\u2019da y\u00fcr\u00fcrl\u00fc\u011fe girecek olan uzun zamand\u0131r beklenen bir karar\u0131 a\u00e7\u0131klayaca\u011f\u0131z. ABD Vatanda\u015fl\u0131k ve G\u00f6\u00e7menlik Hizmetleri (USCIS), nihai karar\u0131n\u0131 i\u00e7eren yeni geli\u015fmeleri a\u00e7\u0131klad\u0131: Asgari yat\u0131r\u0131m tutar\u0131n\u0131 art\u0131rmak: Nihai kural\u0131n y\u00fcr\u00fcrl\u00fc\u011fe girdi\u011fi tarih itibariyle, standart<a class=\"moretag\" href=\"https:\/\/www.americaeb5visa.com\/tr\/blog\/2019\/07\/24\/asgari-yatirimlar-artiyor-hedeflenen-istihdam-alani-hia-belirlemeleri-yeniden-tanimlaniyor\/\"><span class=\"screen-reader-text\">Hakk\u0131nda daha fazlas\u0131n\u0131 oku Asgari Yat\u0131r\u0131mlar art\u0131yor, Hedeflenen \u0130stihdam Alan\u0131 (HIA) Belirlemeleri yeniden tan\u0131mlan\u0131yor.<\/span>[...]<\/a><\/div><p class=\"wp-posts-carousel-tags\"><\/p><p class=\"wp-posts-carousel-buttons\"><a href=\"https:\/\/www.americaeb5visa.com\/tr\/blog\/2019\/07\/24\/asgari-yatirimlar-artiyor-hedeflenen-istihdam-alani-hia-belirlemeleri-yeniden-tanimlaniyor\/\" class=\"wp-posts-carousel-more-button button\" title=\"Read more Asgari Yat\u0131r\u0131mlar art\u0131yor, Hedeflenen \u0130stihdam Alan\u0131 (HIA) Belirlemeleri yeniden tan\u0131mlan\u0131yor.\">read more<\/a><p><\/div><\/div><\/div><div class=\"wp-posts-carousel-slide slides-4\"><div class=\"wp-posts-carousel-container\"><div class=\"wp-posts-carousel-image\"><a href=\"https:\/\/www.americaeb5visa.com\/tr\/blog\/2019\/06\/30\/kurtulus-turkmen-ve-marko-issever-ile-eb-5\/\" title=\"Read more Kurtulus Turkmen ve Marko Issever ile EB-5\"><img alt=\"Kurtulus Turkmen ve Marko Issever ile EB-5\" style=\"max-width:100%;max-height:100%\" data-src=\"https:\/\/www.americaeb5visa.com\/tr\/wp-content\/uploads\/sites\/6\/2019\/06\/Kurtulus-Turkmen-ile-Marko-Issever-1-150x150.png\" data-src-retina=\"https:\/\/www.americaeb5visa.com\/tr\/wp-content\/uploads\/sites\/6\/2019\/06\/Kurtulus-Turkmen-ile-Marko-Issever-1-150x150.png\"class=\"owl-lazy\"><\/a><\/div><div class=\"wp-posts-carousel-details\"><h3 class=\"wp-posts-carousel-title\"><a href=\"https:\/\/www.americaeb5visa.com\/tr\/blog\/2019\/06\/30\/kurtulus-turkmen-ve-marko-issever-ile-eb-5\/\" title=\"Kurtulus Turkmen ve Marko Issever ile EB-5\">Kurtulus Turkmen ve Marko Issever ile EB-5<\/a><\/h3><p class=\"wp-posts-carousel-created-date\">Haziran 30, 2019<\/p><p class=\"wp-posts-carousel-categories\"><a href=\"https:\/\/www.americaeb5visa.com\/tr\/blog\/category\/video\/\" title=\"View all items in Video\">Video<\/a> <\/p><div class=\"wp-posts-carousel-desc\">Marko Issever, Hayat\u0131n \u0131\u015f\u0131\u011f\u0131 program\u0131ndayd\u0131<\/div><p class=\"wp-posts-carousel-tags\"><\/p><p class=\"wp-posts-carousel-buttons\"><a href=\"https:\/\/www.americaeb5visa.com\/tr\/blog\/2019\/06\/30\/kurtulus-turkmen-ve-marko-issever-ile-eb-5\/\" class=\"wp-posts-carousel-more-button button\" title=\"Read more Kurtulus Turkmen ve Marko Issever ile EB-5\">read more<\/a><p><\/div><\/div><\/div><div class=\"wp-posts-carousel-slide slides-4\"><div class=\"wp-posts-carousel-container\"><div class=\"wp-posts-carousel-image\"><a href=\"https:\/\/www.americaeb5visa.com\/tr\/blog\/2018\/03\/21\/eb-5-programinin-yine-hic-bir-degisiklik-yapilmadan-30-eylul-2018e-uzatilmasi-bekleniyor\/\" title=\"Read more EB-5 Program\u0131n\u0131n yine hi\u00e7 bir de\u011fi\u015fiklik yap\u0131lmadan 30 Eyl\u00fcl 2018&#039;e Uzat\u0131lmas\u0131 Bekleniyor!!!\"><img alt=\"EB-5 Program\u0131n\u0131n yine hi\u00e7 bir de\u011fi\u015fiklik yap\u0131lmadan 30 Eyl\u00fcl 2018&#039;e Uzat\u0131lmas\u0131 Bekleniyor!!!\" style=\"max-width:100%;max-height:100%\" data-src=\"https:\/\/www.americaeb5visa.com\/tr\/wp-content\/uploads\/sites\/6\/2018\/03\/liberty-150x150.png\" data-src-retina=\"https:\/\/www.americaeb5visa.com\/tr\/wp-content\/uploads\/sites\/6\/2018\/03\/liberty-150x150.png\"class=\"owl-lazy\"><\/a><\/div><div class=\"wp-posts-carousel-details\"><h3 class=\"wp-posts-carousel-title\"><a href=\"https:\/\/www.americaeb5visa.com\/tr\/blog\/2018\/03\/21\/eb-5-programinin-yine-hic-bir-degisiklik-yapilmadan-30-eylul-2018e-uzatilmasi-bekleniyor\/\" title=\"EB-5 Program\u0131n\u0131n yine hi\u00e7 bir de\u011fi\u015fiklik yap\u0131lmadan 30 Eyl\u00fcl 2018&#039;e Uzat\u0131lmas\u0131 Bekleniyor!!!\">EB-5 Program\u0131n\u0131n yine hi\u00e7 bir de\u011fi\u015fiklik yap\u0131lmadan 30 Eyl\u00fcl 2018&#039;e Uzat\u0131lmas\u0131 Bekleniyor!!!<\/a><\/h3><p class=\"wp-posts-carousel-created-date\">Mart 21, 2018<\/p><p class=\"wp-posts-carousel-categories\"><a href=\"https:\/\/www.americaeb5visa.com\/tr\/blog\/category\/uncategorized\/\" title=\"View all items in Uncategorized\">Uncategorized<\/a> <\/p><div class=\"wp-posts-carousel-desc\">Biliyor muydunuz? EB-5 Program\u0131n\u0131n yine hi\u00e7 bir de\u011fi\u015fiklik yap\u0131lmadan 30 Eyl\u00fcl 2018'e Uzat\u0131lmas\u0131 Bekleniyor!!! 23 Mart 2018'de oylanmas\u0131 planlanan Federal omnibus mevzuat\u0131, EB-5 Program\u0131n\u0131n yine hi\u00e7 bir de\u011fi\u015fiklik yap\u0131lmadan 30 Eyl\u00fcl 2018'e uzat\u0131lmas\u0131n\u0131 \u00f6neren bir karar\u0131 i\u00e7erecek. EB-5 B\u00f6lgesel Merkez Program\u0131na ili\u015fkin, ulusal ticaret birli\u011fi olan ve EB-5 yat\u0131r\u0131mc\u0131 vizesi program\u0131n\u0131n gerek Amerikan Kongre\u2019sinde ve<a class=\"moretag\" href=\"https:\/\/www.americaeb5visa.com\/tr\/blog\/2018\/03\/21\/eb-5-programinin-yine-hic-bir-degisiklik-yapilmadan-30-eylul-2018e-uzatilmasi-bekleniyor\/\"><span class=\"screen-reader-text\">Hakk\u0131nda daha fazlas\u0131n\u0131 oku EB-5 Program\u0131n\u0131n yine hi\u00e7 bir de\u011fi\u015fiklik yap\u0131lmadan 30 Eyl\u00fcl 2018&#8217;e Uzat\u0131lmas\u0131 Bekleniyor!!!<\/span>[...]<\/a><\/div><p class=\"wp-posts-carousel-tags\"><\/p><p class=\"wp-posts-carousel-buttons\"><a href=\"https:\/\/www.americaeb5visa.com\/tr\/blog\/2018\/03\/21\/eb-5-programinin-yine-hic-bir-degisiklik-yapilmadan-30-eylul-2018e-uzatilmasi-bekleniyor\/\" class=\"wp-posts-carousel-more-button button\" title=\"Read more EB-5 Program\u0131n\u0131n yine hi\u00e7 bir de\u011fi\u015fiklik yap\u0131lmadan 30 Eyl\u00fcl 2018&#039;e Uzat\u0131lmas\u0131 Bekleniyor!!!\">read more<\/a><p><\/div><\/div><\/div><div class=\"wp-posts-carousel-slide slides-4\"><div class=\"wp-posts-carousel-container\"><div class=\"wp-posts-carousel-image\"><a href=\"https:\/\/www.americaeb5visa.com\/tr\/blog\/2018\/01\/30\/500-000-seviyesinde-yatirim-yapmak-icin-firsat-penceresi-daraliyor-abd-kongresi-mevcut-yasayi-8-subat-2018e-kadar-herhangi-bir-degisiklik-yapmadan-uzatti\/\" title=\"Read more 500.000 $ seviyesinde yat\u0131r\u0131m yapmak i\u00e7in f\u0131rsat penceresi daral\u0131yor. ABD Kongresi mevcut yasay\u0131 8 \u015eubat 2018&#039;e kadar herhangi bir de\u011fi\u015fiklik yapmadan uzatt\u0131!\"><img alt=\"500.000 $ seviyesinde yat\u0131r\u0131m yapmak i\u00e7in f\u0131rsat penceresi daral\u0131yor. ABD Kongresi mevcut yasay\u0131 8 \u015eubat 2018&#039;e kadar herhangi bir de\u011fi\u015fiklik yapmadan uzatt\u0131!\" style=\"max-width:100%;max-height:100%\" data-src=\"https:\/\/www.americaeb5visa.com\/tr\/wp-content\/uploads\/sites\/6\/2018\/01\/GrandCentral-Black40-150x150.jpg\" data-src-retina=\"https:\/\/www.americaeb5visa.com\/tr\/wp-content\/uploads\/sites\/6\/2018\/01\/GrandCentral-Black40-150x150.jpg\"class=\"owl-lazy\"><\/a><\/div><div class=\"wp-posts-carousel-details\"><h3 class=\"wp-posts-carousel-title\"><a href=\"https:\/\/www.americaeb5visa.com\/tr\/blog\/2018\/01\/30\/500-000-seviyesinde-yatirim-yapmak-icin-firsat-penceresi-daraliyor-abd-kongresi-mevcut-yasayi-8-subat-2018e-kadar-herhangi-bir-degisiklik-yapmadan-uzatti\/\" title=\"500.000 $ seviyesinde yat\u0131r\u0131m yapmak i\u00e7in f\u0131rsat penceresi daral\u0131yor. ABD Kongresi mevcut yasay\u0131 8 \u015eubat 2018&#039;e kadar herhangi bir de\u011fi\u015fiklik yapmadan uzatt\u0131!\">500.000 $ seviyesinde yat\u0131r\u0131m yapmak i\u00e7in f\u0131rsat penceresi daral\u0131yor. ABD Kongresi mevcut yasay\u0131 8 \u015eubat 2018&#039;e kadar herhangi bir de\u011fi\u015fiklik yapmadan uzatt\u0131!<\/a><\/h3><p class=\"wp-posts-carousel-created-date\">Ocak 30, 2018<\/p><p class=\"wp-posts-carousel-categories\"><a href=\"https:\/\/www.americaeb5visa.com\/tr\/blog\/category\/uncategorized\/\" title=\"View all items in Uncategorized\">Uncategorized<\/a> <\/p><div class=\"wp-posts-carousel-desc\">Biliyor muydunuz? \u00a0 500.000 $ seviyesinde yat\u0131r\u0131m yapmak i\u00e7in f\u0131rsat penceresi daral\u0131yor. ABD Kongresi mevcut yasay\u0131 8 \u015eubat 2018'e kadar herhangi bir de\u011fi\u015fiklik yapmadan uzatt\u0131! \u00a0 Evet! Bu sefer ger\u00e7ekten! Ayn\u0131 tip projeye 1.800.000 $ yat\u0131r\u0131m yapmak zorunda kalmak istemiyorsan\u0131z bize g\u00fcvenin ve \u015fimdi hareket edin. Bu sefer ger\u00e7ekten y\u00fckseltilece\u011fini neden mi d\u00fc\u015f\u00fcn\u00fcyoruz? \u00c7\u00fcnk\u00fc son<a class=\"moretag\" href=\"https:\/\/www.americaeb5visa.com\/tr\/blog\/2018\/01\/30\/500-000-seviyesinde-yatirim-yapmak-icin-firsat-penceresi-daraliyor-abd-kongresi-mevcut-yasayi-8-subat-2018e-kadar-herhangi-bir-degisiklik-yapmadan-uzatti\/\"><span class=\"screen-reader-text\">Hakk\u0131nda daha fazlas\u0131n\u0131 oku 500.000 $ seviyesinde yat\u0131r\u0131m yapmak i\u00e7in f\u0131rsat penceresi daral\u0131yor. ABD Kongresi mevcut yasay\u0131 8 \u015eubat 2018&#8217;e kadar herhangi bir de\u011fi\u015fiklik yapmadan uzatt\u0131!<\/span>[...]<\/a><\/div><p class=\"wp-posts-carousel-tags\"><\/p><p class=\"wp-posts-carousel-buttons\"><a href=\"https:\/\/www.americaeb5visa.com\/tr\/blog\/2018\/01\/30\/500-000-seviyesinde-yatirim-yapmak-icin-firsat-penceresi-daraliyor-abd-kongresi-mevcut-yasayi-8-subat-2018e-kadar-herhangi-bir-degisiklik-yapmadan-uzatti\/\" class=\"wp-posts-carousel-more-button button\" title=\"Read more 500.000 $ seviyesinde yat\u0131r\u0131m yapmak i\u00e7in f\u0131rsat penceresi daral\u0131yor. ABD Kongresi mevcut yasay\u0131 8 \u015eubat 2018&#039;e kadar herhangi bir de\u011fi\u015fiklik yapmadan uzatt\u0131!\">read more<\/a><p><\/div><\/div><\/div><div class=\"wp-posts-carousel-slide slides-4\"><div class=\"wp-posts-carousel-container\"><div class=\"wp-posts-carousel-image\"><a href=\"https:\/\/www.americaeb5visa.com\/tr\/blog\/2017\/12\/23\/baskan-donald-trump-dun-22-aralikta-bu-kararnameyi-imzalayarak-kanuna-gecirdi\/\" title=\"Read more ABD Kongresi, EB-5 program\u0131n\u0131 19 Ocak 2018&#039;e kadar de\u011fi\u015fiklik yapmadan uzatt\u0131.\"><img alt=\"ABD Kongresi, EB-5 program\u0131n\u0131 19 Ocak 2018&#039;e kadar de\u011fi\u015fiklik yapmadan uzatt\u0131.\" style=\"max-width:100%;max-height:100%\" data-src=\"https:\/\/www.americaeb5visa.com\/tr\/wp-content\/uploads\/sites\/6\/2017\/12\/mount-rushmore-740713-150x150.jpg\" data-src-retina=\"https:\/\/www.americaeb5visa.com\/tr\/wp-content\/uploads\/sites\/6\/2017\/12\/mount-rushmore-740713-150x150.jpg\"class=\"owl-lazy\"><\/a><\/div><div class=\"wp-posts-carousel-details\"><h3 class=\"wp-posts-carousel-title\"><a href=\"https:\/\/www.americaeb5visa.com\/tr\/blog\/2017\/12\/23\/baskan-donald-trump-dun-22-aralikta-bu-kararnameyi-imzalayarak-kanuna-gecirdi\/\" title=\"ABD Kongresi, EB-5 program\u0131n\u0131 19 Ocak 2018&#039;e kadar de\u011fi\u015fiklik yapmadan uzatt\u0131.\">ABD Kongresi, EB-5 program\u0131n\u0131 19 Ocak 2018&#039;e kadar de\u011fi\u015fiklik yapmadan uzatt\u0131.<\/a><\/h3><p class=\"wp-posts-carousel-created-date\">Aral\u0131k 23, 2017<\/p><p class=\"wp-posts-carousel-categories\"><a href=\"https:\/\/www.americaeb5visa.com\/tr\/blog\/category\/uncategorized\/\" title=\"View all items in Uncategorized\">Uncategorized<\/a> <\/p><div class=\"wp-posts-carousel-desc\">Biliyor muydunuz? ABD Kongresi, EB-5 program\u0131n\u0131 19 Ocak 2018'e kadar de\u011fi\u015fiklik yapmadan uzatt\u0131. Bekledi\u011fimiz gibi, Meclis\u2019te 188\u2019e kar\u015f\u0131 231 oy \u00e7o\u011funlu\u011fu ile ve Senato'da 32\u2019ye kar\u015f\u0131 66 oy \u00e7o\u011funlu\u011fu ile ABD Kongresi, EB-5 program\u0131n\u0131 19 Ocak 2018'e kadar hi\u00e7 bir de\u011fi\u015fiklik yapmadan uzatan kararnameyi kabul etti. Ba\u015fkan Donald Trump, d\u00fcn, 22 Aral\u0131k'ta, bu kararnameyi imzalayarak<a class=\"moretag\" href=\"https:\/\/www.americaeb5visa.com\/tr\/blog\/2017\/12\/23\/baskan-donald-trump-dun-22-aralikta-bu-kararnameyi-imzalayarak-kanuna-gecirdi\/\"><span class=\"screen-reader-text\">Hakk\u0131nda daha fazlas\u0131n\u0131 oku ABD Kongresi, EB-5 program\u0131n\u0131 19 Ocak 2018&#8217;e kadar de\u011fi\u015fiklik yapmadan uzatt\u0131.<\/span>[...]<\/a><\/div><p class=\"wp-posts-carousel-tags\"><\/p><p class=\"wp-posts-carousel-buttons\"><a href=\"https:\/\/www.americaeb5visa.com\/tr\/blog\/2017\/12\/23\/baskan-donald-trump-dun-22-aralikta-bu-kararnameyi-imzalayarak-kanuna-gecirdi\/\" class=\"wp-posts-carousel-more-button button\" title=\"Read more ABD Kongresi, EB-5 program\u0131n\u0131 19 Ocak 2018&#039;e kadar de\u011fi\u015fiklik yapmadan uzatt\u0131.\">read more<\/a><p><\/div><\/div><\/div><div class=\"wp-posts-carousel-slide slides-4\"><div class=\"wp-posts-carousel-container\"><div class=\"wp-posts-carousel-image\"><a href=\"https:\/\/www.americaeb5visa.com\/tr\/blog\/2017\/12\/13\/abd-kongresi-su-anda-yururlukte-olan-eb5-yasasini-tekrar-22-aralik-2017ye-kadar-herhangi-bir-degisiklik-yapmadan-uzatilmasina-karar-verdi\/\" title=\"Read more ABD Kongresi, \u015fu anda y\u00fcr\u00fcrl\u00fckte olan EB5 yasas\u0131n\u0131, \u201ctekrar\u201d 22 Aral\u0131k 2017&#039;ye kadar herhangi bir de\u011fi\u015fiklik yapmadan uzat\u0131lmas\u0131na karar verdi!\"><img alt=\"ABD Kongresi, \u015fu anda y\u00fcr\u00fcrl\u00fckte olan EB5 yasas\u0131n\u0131, \u201ctekrar\u201d 22 Aral\u0131k 2017&#039;ye kadar herhangi bir de\u011fi\u015fiklik yapmadan uzat\u0131lmas\u0131na karar verdi!\" style=\"max-width:100%;max-height:100%\" data-src=\"https:\/\/www.americaeb5visa.com\/tr\/wp-content\/uploads\/sites\/6\/2017\/08\/TopPic-150x150.jpg\" data-src-retina=\"https:\/\/www.americaeb5visa.com\/tr\/wp-content\/uploads\/sites\/6\/2017\/08\/TopPic-150x150.jpg\"class=\"owl-lazy\"><\/a><\/div><div class=\"wp-posts-carousel-details\"><h3 class=\"wp-posts-carousel-title\"><a href=\"https:\/\/www.americaeb5visa.com\/tr\/blog\/2017\/12\/13\/abd-kongresi-su-anda-yururlukte-olan-eb5-yasasini-tekrar-22-aralik-2017ye-kadar-herhangi-bir-degisiklik-yapmadan-uzatilmasina-karar-verdi\/\" title=\"ABD Kongresi, \u015fu anda y\u00fcr\u00fcrl\u00fckte olan EB5 yasas\u0131n\u0131, \u201ctekrar\u201d 22 Aral\u0131k 2017&#039;ye kadar herhangi bir de\u011fi\u015fiklik yapmadan uzat\u0131lmas\u0131na karar verdi!\">ABD Kongresi, \u015fu anda y\u00fcr\u00fcrl\u00fckte olan EB5 yasas\u0131n\u0131, \u201ctekrar\u201d 22 Aral\u0131k 2017&#039;ye kadar herhangi bir de\u011fi\u015fiklik yapmadan uzat\u0131lmas\u0131na karar verdi!<\/a><\/h3><p class=\"wp-posts-carousel-created-date\">Aral\u0131k 13, 2017<\/p><p class=\"wp-posts-carousel-categories\"><a href=\"https:\/\/www.americaeb5visa.com\/tr\/blog\/category\/uncategorized\/\" title=\"View all items in Uncategorized\">Uncategorized<\/a> <\/p><div class=\"wp-posts-carousel-desc\">Biliyor muydunuz? ABD Kongresi, \u015fu anda y\u00fcr\u00fcrl\u00fckte olan EB5 yasas\u0131n\u0131, \u201ctekrar\u201d 22 Aral\u0131k 2017'ye kadar herhangi bir de\u011fi\u015fiklik yapmadan uzat\u0131lmas\u0131na karar verdi! ABD Kongresi \u015fu an EB-5 ile ilgili bir\u00e7ok maddenin m\u00fczakeresi ile me\u015fgul. Umudumuz, uzun zamand\u0131r beklenen de\u011fi\u015fiklikler yap\u0131ld\u0131ktan ve yeni kapsaml\u0131 g\u00f6\u00e7 yasas\u0131 y\u00fcr\u00fcrl\u00fc\u011fe konulduktan sonra bu konular\u0131n t\u00fcm\u00fcn\u00fcn netle\u015ftirilmesidir. G\u00fcndemde olan maddeler<a class=\"moretag\" href=\"https:\/\/www.americaeb5visa.com\/tr\/blog\/2017\/12\/13\/abd-kongresi-su-anda-yururlukte-olan-eb5-yasasini-tekrar-22-aralik-2017ye-kadar-herhangi-bir-degisiklik-yapmadan-uzatilmasina-karar-verdi\/\"><span class=\"screen-reader-text\">Hakk\u0131nda daha fazlas\u0131n\u0131 oku ABD Kongresi, \u015fu anda y\u00fcr\u00fcrl\u00fckte olan EB5 yasas\u0131n\u0131, \u201ctekrar\u201d 22 Aral\u0131k 2017&#8217;ye kadar herhangi bir de\u011fi\u015fiklik yapmadan uzat\u0131lmas\u0131na karar verdi!<\/span>[...]<\/a><\/div><p class=\"wp-posts-carousel-tags\"><\/p><p class=\"wp-posts-carousel-buttons\"><a href=\"https:\/\/www.americaeb5visa.com\/tr\/blog\/2017\/12\/13\/abd-kongresi-su-anda-yururlukte-olan-eb5-yasasini-tekrar-22-aralik-2017ye-kadar-herhangi-bir-degisiklik-yapmadan-uzatilmasina-karar-verdi\/\" class=\"wp-posts-carousel-more-button button\" title=\"Read more ABD Kongresi, \u015fu anda y\u00fcr\u00fcrl\u00fckte olan EB5 yasas\u0131n\u0131, \u201ctekrar\u201d 22 Aral\u0131k 2017&#039;ye kadar herhangi bir de\u011fi\u015fiklik yapmadan uzat\u0131lmas\u0131na karar verdi!\">read more<\/a><p><\/div><\/div><\/div><div class=\"wp-posts-carousel-slide slides-4\"><div class=\"wp-posts-carousel-container\"><div class=\"wp-posts-carousel-image\"><a href=\"https:\/\/www.americaeb5visa.com\/tr\/blog\/2017\/09\/12\/abd-kongresi-su-anda-yururlukte-olan-eb5-yasasini-8-aralik-2017ye-kadar-herhangi-bir-degisiklik-yapmadan-uzatilmasina-karar-verdi\/\" title=\"Read more ABD Kongresi, \u015fu anda y\u00fcr\u00fcrl\u00fckte olan EB5 yasas\u0131n\u0131, 8 Aral\u0131k 2017&#039;ye kadar herhangi bir de\u011fi\u015fiklik yapmadan uzat\u0131lmas\u0131na karar verdi!\"><img alt=\"ABD Kongresi, \u015fu anda y\u00fcr\u00fcrl\u00fckte olan EB5 yasas\u0131n\u0131, 8 Aral\u0131k 2017&#039;ye kadar herhangi bir de\u011fi\u015fiklik yapmadan uzat\u0131lmas\u0131na karar verdi!\" style=\"max-width:100%;max-height:100%\" data-src=\"https:\/\/www.americaeb5visa.com\/tr\/wp-content\/uploads\/sites\/6\/2017\/04\/RibbonAdobeStock_72339142-150x150.jpg\" data-src-retina=\"https:\/\/www.americaeb5visa.com\/tr\/wp-content\/uploads\/sites\/6\/2017\/04\/RibbonAdobeStock_72339142-150x150.jpg\"class=\"owl-lazy\"><\/a><\/div><div class=\"wp-posts-carousel-details\"><h3 class=\"wp-posts-carousel-title\"><a href=\"https:\/\/www.americaeb5visa.com\/tr\/blog\/2017\/09\/12\/abd-kongresi-su-anda-yururlukte-olan-eb5-yasasini-8-aralik-2017ye-kadar-herhangi-bir-degisiklik-yapmadan-uzatilmasina-karar-verdi\/\" title=\"ABD Kongresi, \u015fu anda y\u00fcr\u00fcrl\u00fckte olan EB5 yasas\u0131n\u0131, 8 Aral\u0131k 2017&#039;ye kadar herhangi bir de\u011fi\u015fiklik yapmadan uzat\u0131lmas\u0131na karar verdi!\">ABD Kongresi, \u015fu anda y\u00fcr\u00fcrl\u00fckte olan EB5 yasas\u0131n\u0131, 8 Aral\u0131k 2017&#039;ye kadar herhangi bir de\u011fi\u015fiklik yapmadan uzat\u0131lmas\u0131na karar verdi!<\/a><\/h3><p class=\"wp-posts-carousel-created-date\">Eyl\u00fcl 12, 2017<\/p><p class=\"wp-posts-carousel-categories\"><a href=\"https:\/\/www.americaeb5visa.com\/tr\/blog\/category\/uncategorized\/\" title=\"View all items in Uncategorized\">Uncategorized<\/a> <\/p><div class=\"wp-posts-carousel-desc\">Biliyor muydunuz? ABD Kongresi, \u015fu anda y\u00fcr\u00fcrl\u00fckte olan EB5 yasas\u0131n\u0131, 8 Aral\u0131k 2017'ye kadar herhangi bir de\u011fi\u015fiklik yapmadan uzat\u0131lmas\u0131na karar verdi! 8 A\u011fustos Cuma g\u00fcn\u00fc Ba\u015fkan Trump Federal h\u00fck\u00fcmete fon sa\u011flayacak ve EB-5 B\u00f6lge Merkezi Program\u0131n\u0131 8 Aral\u0131k'a kadar uzatacak 601 numaral\u0131 kararnameyi imzalad\u0131 ve Kongre de hi\u00e7 bir de\u011fi\u015fiklik yapmadan onaylad\u0131. Bir yandan, gerekli<a class=\"moretag\" href=\"https:\/\/www.americaeb5visa.com\/tr\/blog\/2017\/09\/12\/abd-kongresi-su-anda-yururlukte-olan-eb5-yasasini-8-aralik-2017ye-kadar-herhangi-bir-degisiklik-yapmadan-uzatilmasina-karar-verdi\/\"><span class=\"screen-reader-text\">Hakk\u0131nda daha fazlas\u0131n\u0131 oku ABD Kongresi, \u015fu anda y\u00fcr\u00fcrl\u00fckte olan EB5 yasas\u0131n\u0131, 8 Aral\u0131k 2017&#8217;ye kadar herhangi bir de\u011fi\u015fiklik yapmadan uzat\u0131lmas\u0131na karar verdi!<\/span>[...]<\/a><\/div><p class=\"wp-posts-carousel-tags\"><\/p><p class=\"wp-posts-carousel-buttons\"><a href=\"https:\/\/www.americaeb5visa.com\/tr\/blog\/2017\/09\/12\/abd-kongresi-su-anda-yururlukte-olan-eb5-yasasini-8-aralik-2017ye-kadar-herhangi-bir-degisiklik-yapmadan-uzatilmasina-karar-verdi\/\" class=\"wp-posts-carousel-more-button button\" title=\"Read more ABD Kongresi, \u015fu anda y\u00fcr\u00fcrl\u00fckte olan EB5 yasas\u0131n\u0131, 8 Aral\u0131k 2017&#039;ye kadar herhangi bir de\u011fi\u015fiklik yapmadan uzat\u0131lmas\u0131na karar verdi!\">read more<\/a><p><\/div><\/div><\/div><div class=\"wp-posts-carousel-slide slides-4\"><div class=\"wp-posts-carousel-container\"><div class=\"wp-posts-carousel-image\"><a href=\"https:\/\/www.americaeb5visa.com\/tr\/blog\/2017\/04\/30\/bu-karar-bir-endise-mi-ya-da-rahatlama-mi-yaratacak\/\" title=\"Read more Bu karar bir endi\u015fe mi ya da rahatlama m\u0131 yaratacak?\"><img alt=\"Bu karar bir endi\u015fe mi ya da rahatlama m\u0131 yaratacak?\" style=\"max-width:100%;max-height:100%\" data-src=\"https:\/\/www.americaeb5visa.com\/tr\/wp-content\/uploads\/sites\/6\/2017\/08\/Adam-Miller-photos-for-EB5-site-3-150x150.jpg\" data-src-retina=\"https:\/\/www.americaeb5visa.com\/tr\/wp-content\/uploads\/sites\/6\/2017\/08\/Adam-Miller-photos-for-EB5-site-3-150x150.jpg\"class=\"owl-lazy\"><\/a><\/div><div class=\"wp-posts-carousel-details\"><h3 class=\"wp-posts-carousel-title\"><a href=\"https:\/\/www.americaeb5visa.com\/tr\/blog\/2017\/04\/30\/bu-karar-bir-endise-mi-ya-da-rahatlama-mi-yaratacak\/\" title=\"Bu karar bir endi\u015fe mi ya da rahatlama m\u0131 yaratacak?\">Bu karar bir endi\u015fe mi ya da rahatlama m\u0131 yaratacak?<\/a><\/h3><p class=\"wp-posts-carousel-created-date\">Nisan 30, 2017<\/p><p class=\"wp-posts-carousel-categories\"><a href=\"https:\/\/www.americaeb5visa.com\/tr\/blog\/category\/uncategorized\/\" title=\"View all items in Uncategorized\">Uncategorized<\/a> <\/p><div class=\"wp-posts-carousel-desc\">Biliyor muydunuz?28 Nisan 2017'de ABD Kongresi, Federal h\u00fck\u00fcmetin b\u00fct\u00e7esini kar\u015f\u0131layabilmesi i\u00e7in, halen mevcut kanunun 5 May\u0131s'a kadar hi\u00e7 bir de\u011fi\u015fiklik yapmadan devam etmesi karar\u0131n\u0131 onaylad\u0131. Bu karar, ayn\u0131 zamanda 28 Nisan'a kadar nihayetlendirilmesini bekledi\u011fimiz EB-5 program\u0131n\u0131 da etkilerken, program\u0131n gelece\u011fi konusundaki m\u00fczakerelerin bir hafta daha uzat\u0131lmas\u0131 anlam\u0131na da geliyor. Tebli\u011fin, I-526 ba\u015fvurular\u0131 gecikmi\u015f yat\u0131r\u0131mc\u0131lara zaman<a class=\"moretag\" href=\"https:\/\/www.americaeb5visa.com\/tr\/blog\/2017\/04\/30\/bu-karar-bir-endise-mi-ya-da-rahatlama-mi-yaratacak\/\"><span class=\"screen-reader-text\">Hakk\u0131nda daha fazlas\u0131n\u0131 oku Bu karar bir endi\u015fe mi ya da rahatlama m\u0131 yaratacak?<\/span>[...]<\/a><\/div><p class=\"wp-posts-carousel-tags\"><\/p><p class=\"wp-posts-carousel-buttons\"><a href=\"https:\/\/www.americaeb5visa.com\/tr\/blog\/2017\/04\/30\/bu-karar-bir-endise-mi-ya-da-rahatlama-mi-yaratacak\/\" class=\"wp-posts-carousel-more-button button\" title=\"Read more Bu karar bir endi\u015fe mi ya da rahatlama m\u0131 yaratacak?\">read more<\/a><p><\/div><\/div><\/div><div class=\"wp-posts-carousel-slide slides-4\"><div class=\"wp-posts-carousel-container\"><div class=\"wp-posts-carousel-image\"><a href=\"https:\/\/www.americaeb5visa.com\/tr\/blog\/2017\/04\/21\/h-1b-kontenjani-karsilandi-tekrar\/\" title=\"Read more H-1B kontenjan\u0131 kar\u015f\u0131land\u0131! Tekrar!\"><img alt=\"H-1B kontenjan\u0131 kar\u015f\u0131land\u0131! Tekrar!\" style=\"max-width:100%;max-height:100%\" data-src=\"https:\/\/www.americaeb5visa.com\/tr\/wp-content\/uploads\/sites\/6\/2017\/04\/CapitolSquare-150x150.png\" data-src-retina=\"https:\/\/www.americaeb5visa.com\/tr\/wp-content\/uploads\/sites\/6\/2017\/04\/CapitolSquare-150x150.png\"class=\"owl-lazy\"><\/a><\/div><div class=\"wp-posts-carousel-details\"><h3 class=\"wp-posts-carousel-title\"><a href=\"https:\/\/www.americaeb5visa.com\/tr\/blog\/2017\/04\/21\/h-1b-kontenjani-karsilandi-tekrar\/\" title=\"H-1B kontenjan\u0131 kar\u015f\u0131land\u0131! Tekrar!\">H-1B kontenjan\u0131 kar\u015f\u0131land\u0131! Tekrar!<\/a><\/h3><p class=\"wp-posts-carousel-created-date\">Nisan 21, 2017<\/p><p class=\"wp-posts-carousel-categories\"><a href=\"https:\/\/www.americaeb5visa.com\/tr\/blog\/category\/uncategorized\/\" title=\"View all items in Uncategorized\">Uncategorized<\/a> <\/p><div class=\"wp-posts-carousel-desc\">Biliyor muydunuz?USCIS, 7 Nisan 2017'de, 2018 Mali y\u0131l\u0131 i\u00e7in H-1B kotas\u0131n\u0131n hem normal ba\u015fvurular i\u00e7in hem de Master diplomasi olanlar i\u00e7in doldu\u011funu a\u00e7\u0131klad\u0131. The National Law Review \u015funu rapor etmi\u015ftir:USCIS, yaln\u0131zca a\u015fa\u011f\u0131daki ama\u00e7lar i\u00e7in s\u0131n\u0131rlamaya tabi olmayan H-1B dilek\u00e7elerini kabul etmeye devam edecektir:Mevcut H-1B sahiplerinin, Amerika Birle\u015fik Devletleri'nde daha uzun bir sure kalabilmeleri i\u00e7in kendilerine<a class=\"moretag\" href=\"https:\/\/www.americaeb5visa.com\/tr\/blog\/2017\/04\/21\/h-1b-kontenjani-karsilandi-tekrar\/\"><span class=\"screen-reader-text\">Hakk\u0131nda daha fazlas\u0131n\u0131 oku H-1B kontenjan\u0131 kar\u015f\u0131land\u0131! Tekrar!<\/span>[...]<\/a><\/div><p class=\"wp-posts-carousel-tags\"><\/p><p class=\"wp-posts-carousel-buttons\"><a href=\"https:\/\/www.americaeb5visa.com\/tr\/blog\/2017\/04\/21\/h-1b-kontenjani-karsilandi-tekrar\/\" class=\"wp-posts-carousel-more-button button\" title=\"Read more H-1B kontenjan\u0131 kar\u015f\u0131land\u0131! Tekrar!\">read more<\/a><p><\/div><\/div><\/div><div class=\"wp-posts-carousel-slide slides-4\"><div class=\"wp-posts-carousel-container\"><div class=\"wp-posts-carousel-image\"><a href=\"https:\/\/www.americaeb5visa.com\/tr\/blog\/2017\/08\/04\/30-eylul-2017-tarihine-kadar-guvenli-2\/\" title=\"Read more 30 Eyl\u00fcl son ba\u015fvuru tarihi yakla\u015f\u0131yor!\"><img alt=\"30 Eyl\u00fcl son ba\u015fvuru tarihi yakla\u015f\u0131yor!\" style=\"max-width:100%;max-height:100%\" data-src=\"https:\/\/www.americaeb5visa.com\/tr\/wp-content\/uploads\/sites\/6\/2017\/08\/Adam-Miller-photos-for-EB5-site-2-150x150.jpg\" data-src-retina=\"https:\/\/www.americaeb5visa.com\/tr\/wp-content\/uploads\/sites\/6\/2017\/08\/Adam-Miller-photos-for-EB5-site-2-150x150.jpg\"class=\"owl-lazy\"><\/a><\/div><div class=\"wp-posts-carousel-details\"><h3 class=\"wp-posts-carousel-title\"><a href=\"https:\/\/www.americaeb5visa.com\/tr\/blog\/2017\/08\/04\/30-eylul-2017-tarihine-kadar-guvenli-2\/\" title=\"30 Eyl\u00fcl son ba\u015fvuru tarihi yakla\u015f\u0131yor!\">30 Eyl\u00fcl son ba\u015fvuru tarihi yakla\u015f\u0131yor!<\/a><\/h3><p class=\"wp-posts-carousel-created-date\">A\u011fustos 4, 2017<\/p><p class=\"wp-posts-carousel-categories\"><a href=\"https:\/\/www.americaeb5visa.com\/tr\/blog\/category\/uncategorized\/\" title=\"View all items in Uncategorized\">Uncategorized<\/a> <\/p><div class=\"wp-posts-carousel-desc\">Biliyor muydunuz? 30 Eyl\u00fcl 2017 son ba\u015fvuru tarihine iki aydan daha k\u0131sa bir s\u00fcre kald\u0131\u011f\u0131n\u0131 biliyor muydunuz? \u015eu an y\u00fcr\u00fcrl\u00fckte olan EB-5 yasas\u0131 de\u011fi\u015fti\u011finde ne olaca\u011f\u0131 bekleniyor? Hedeflenen \u0130stihdam Alan\u0131 (H\u0130A) tan\u0131m\u0131 de\u011fi\u015fecek: \u015eimdiki gibi, indirimli d\u00fc\u015f\u00fck seviyede yat\u0131r\u0131m yapabilmek i\u00e7in, yat\u0131r\u0131mc\u0131lar\u0131n ger\u00e7ekten k\u0131rsal alanlarda projeler bulmalar\u0131 gerekecek. Bug\u00fcn uygulamada olan yasa de\u011fi\u015fince art\u0131k \u015fehrin<a class=\"moretag\" href=\"https:\/\/www.americaeb5visa.com\/tr\/blog\/2017\/08\/04\/30-eylul-2017-tarihine-kadar-guvenli-2\/\"><span class=\"screen-reader-text\">Hakk\u0131nda daha fazlas\u0131n\u0131 oku 30 Eyl\u00fcl son ba\u015fvuru tarihi yakla\u015f\u0131yor!<\/span>[...]<\/a><\/div><p class=\"wp-posts-carousel-tags\"><\/p><p class=\"wp-posts-carousel-buttons\"><a href=\"https:\/\/www.americaeb5visa.com\/tr\/blog\/2017\/08\/04\/30-eylul-2017-tarihine-kadar-guvenli-2\/\" class=\"wp-posts-carousel-more-button button\" title=\"Read more 30 Eyl\u00fcl son ba\u015fvuru tarihi yakla\u015f\u0131yor!\">read more<\/a><p><\/div><\/div><\/div><div class=\"wp-posts-carousel-slide slides-4\"><div class=\"wp-posts-carousel-container\"><div class=\"wp-posts-carousel-image\"><a href=\"https:\/\/www.americaeb5visa.com\/tr\/blog\/2017\/05\/01\/30-eylul-2017-tarihine-kadar-guvenli\/\" title=\"Read more 30 Eyl\u00fcl 2017 tarihine kadar g\u00fcvenli!\"><img alt=\"30 Eyl\u00fcl 2017 tarihine kadar g\u00fcvenli!\" style=\"max-width:100%;max-height:100%\" data-src=\"https:\/\/www.americaeb5visa.com\/tr\/wp-content\/uploads\/sites\/6\/2017\/05\/Adam-Miller-photos-for-EB5-site-5-150x150.jpg\" data-src-retina=\"https:\/\/www.americaeb5visa.com\/tr\/wp-content\/uploads\/sites\/6\/2017\/05\/Adam-Miller-photos-for-EB5-site-5-150x150.jpg\"class=\"owl-lazy\"><\/a><\/div><div class=\"wp-posts-carousel-details\"><h3 class=\"wp-posts-carousel-title\"><a href=\"https:\/\/www.americaeb5visa.com\/tr\/blog\/2017\/05\/01\/30-eylul-2017-tarihine-kadar-guvenli\/\" title=\"30 Eyl\u00fcl 2017 tarihine kadar g\u00fcvenli!\">30 Eyl\u00fcl 2017 tarihine kadar g\u00fcvenli!<\/a><\/h3><p class=\"wp-posts-carousel-created-date\">May\u0131s 1, 2017<\/p><p class=\"wp-posts-carousel-categories\"><a href=\"https:\/\/www.americaeb5visa.com\/tr\/blog\/category\/uncategorized\/\" title=\"View all items in Uncategorized\">Uncategorized<\/a> <\/p><div class=\"wp-posts-carousel-desc\">Biliyor muydunuz?\u00a0Bug\u00fcn, Meclisin ald\u0131\u011f\u0131 karar nezdinde, h\u00fck\u00fcmet projelerine 30 Eyl\u00fcl'e kadar kaynak ay\u0131r\u0131lmaya devam edilecek. Meclis, bu ikili parti harcama yasas\u0131n\u0131n bir par\u00e7as\u0131 olarak, EB-5 B\u00f6lgesel Merkez Program\u0131n\u0131n da 30 Eyl\u00fcl\u2019e kadar hi\u00e7 bir de\u011fi\u015fiklik yap\u0131lmadan uzat\u0131lmas\u0131n\u0131 onaylad\u0131.Tabii ki, Meclisin bu hareketi, gelecek son ba\u015fvuru tarihi geldi\u011finde, EB-5 B\u00f6lgesel Merkez Program\u0131n\u0131, hi\u00e7bir de\u011fi\u015fiklik yapmadan tekrar<a class=\"moretag\" href=\"https:\/\/www.americaeb5visa.com\/tr\/blog\/2017\/05\/01\/30-eylul-2017-tarihine-kadar-guvenli\/\"><span class=\"screen-reader-text\">Hakk\u0131nda daha fazlas\u0131n\u0131 oku 30 Eyl\u00fcl 2017 tarihine kadar g\u00fcvenli!<\/span>[...]<\/a><\/div><p class=\"wp-posts-carousel-tags\"><\/p><p class=\"wp-posts-carousel-buttons\"><a href=\"https:\/\/www.americaeb5visa.com\/tr\/blog\/2017\/05\/01\/30-eylul-2017-tarihine-kadar-guvenli\/\" class=\"wp-posts-carousel-more-button button\" title=\"Read more 30 Eyl\u00fcl 2017 tarihine kadar g\u00fcvenli!\">read more<\/a><p><\/div><\/div><\/div><div class=\"wp-posts-carousel-slide slides-4\"><div class=\"wp-posts-carousel-container\"><div class=\"wp-posts-carousel-image\"><a href=\"https:\/\/www.americaeb5visa.com\/tr\/blog\/2017\/03\/19\/abd-disisleri-bakanligi-2016-mali-yili-icin-vize-istatistiklerini-acikladi\/\" title=\"Read more ABD D\u0131\u015fi\u015fleri Bakanl\u0131\u011f\u0131, 2016 Mali Y\u0131l\u0131 i\u00e7in vize istatistiklerini a\u00e7\u0131klad\u0131.\"><img alt=\"ABD D\u0131\u015fi\u015fleri Bakanl\u0131\u011f\u0131, 2016 Mali Y\u0131l\u0131 i\u00e7in vize istatistiklerini a\u00e7\u0131klad\u0131.\" style=\"max-width:100%;max-height:100%\" data-src=\"https:\/\/www.americaeb5visa.com\/tr\/wp-content\/uploads\/sites\/6\/2017\/03\/AdobeStock_101769558-1-150x150.jpg\" data-src-retina=\"https:\/\/www.americaeb5visa.com\/tr\/wp-content\/uploads\/sites\/6\/2017\/03\/AdobeStock_101769558-1-150x150.jpg\"class=\"owl-lazy\"><\/a><\/div><div class=\"wp-posts-carousel-details\"><h3 class=\"wp-posts-carousel-title\"><a href=\"https:\/\/www.americaeb5visa.com\/tr\/blog\/2017\/03\/19\/abd-disisleri-bakanligi-2016-mali-yili-icin-vize-istatistiklerini-acikladi\/\" title=\"ABD D\u0131\u015fi\u015fleri Bakanl\u0131\u011f\u0131, 2016 Mali Y\u0131l\u0131 i\u00e7in vize istatistiklerini a\u00e7\u0131klad\u0131.\">ABD D\u0131\u015fi\u015fleri Bakanl\u0131\u011f\u0131, 2016 Mali Y\u0131l\u0131 i\u00e7in vize istatistiklerini a\u00e7\u0131klad\u0131.<\/a><\/h3><p class=\"wp-posts-carousel-created-date\">Mart 19, 2017<\/p><p class=\"wp-posts-carousel-categories\"><a href=\"https:\/\/www.americaeb5visa.com\/tr\/blog\/category\/uncategorized\/\" title=\"View all items in Uncategorized\">Uncategorized<\/a> <\/p><div class=\"wp-posts-carousel-desc\">ABD D\u0131\u015f i\u015fleri\u00a0Bakanl\u0131\u011f\u0131, 2016 Mali Y\u0131l\u0131 i\u00e7in vize istatistiklerini a\u00e7\u0131klad\u0131.\u00a02016'da 8505 EB-5 vizesi \u00e7\u0131kart\u0131ld\u0131! B\u00f6lgesel Merkezler \u00fczerinden yap\u0131lan yat\u0131r\u0131mlar do\u011frudan yap\u0131lan yat\u0131r\u0131mlara g\u00f6re daha yayg\u0131n bir se\u00e7im.\u00a0americaeb5visa taraf\u0131ndan 19 Mart 2017'de payla\u015f\u0131ld\u0131\u00a0\u00a0Biliyor muydunuz?\u00a0ABD D\u0131\u015fi\u015fleri Bakanl\u0131\u011f\u0131 son zamanlarda 2016 Mali Y\u0131l\u0131 i\u00e7in EB-5 vize istatistiklerini yay\u0131mlad\u0131. 50'den fazla \u00fclkeden gelen g\u00f6\u00e7men yat\u0131r\u0131mc\u0131lara 8505 EB-5 vizesi \u00e7\u0131kart\u0131ld\u0131.<a class=\"moretag\" href=\"https:\/\/www.americaeb5visa.com\/tr\/blog\/2017\/03\/19\/abd-disisleri-bakanligi-2016-mali-yili-icin-vize-istatistiklerini-acikladi\/\"><span class=\"screen-reader-text\">Hakk\u0131nda daha fazlas\u0131n\u0131 oku ABD D\u0131\u015fi\u015fleri Bakanl\u0131\u011f\u0131, 2016 Mali Y\u0131l\u0131 i\u00e7in vize istatistiklerini a\u00e7\u0131klad\u0131.<\/span>[...]<\/a><\/div><p class=\"wp-posts-carousel-tags\"><\/p><p class=\"wp-posts-carousel-buttons\"><a href=\"https:\/\/www.americaeb5visa.com\/tr\/blog\/2017\/03\/19\/abd-disisleri-bakanligi-2016-mali-yili-icin-vize-istatistiklerini-acikladi\/\" class=\"wp-posts-carousel-more-button button\" title=\"Read more ABD D\u0131\u015fi\u015fleri Bakanl\u0131\u011f\u0131, 2016 Mali Y\u0131l\u0131 i\u00e7in vize istatistiklerini a\u00e7\u0131klad\u0131.\">read more<\/a><p><\/div><\/div><\/div><div class=\"wp-posts-carousel-slide slides-4\"><div class=\"wp-posts-carousel-container\"><div class=\"wp-posts-carousel-image\"><a href=\"https:\/\/www.americaeb5visa.com\/tr\/blog\/2016\/09\/18\/eb-5-vizesi-yesil-kart-almaya-acilan-en-kolay-kapiniz\/\" title=\"Read more EB-5 Vizesi: Ye\u015fil Kart almaya a\u00e7\u0131lan en kolay kap\u0131n\u0131z.\"><img alt=\"EB-5 Vizesi: Ye\u015fil Kart almaya a\u00e7\u0131lan en kolay kap\u0131n\u0131z.\" style=\"max-width:100%;max-height:100%\" data-src=\"https:\/\/www.americaeb5visa.com\/tr\/wp-content\/uploads\/sites\/6\/2017\/03\/Logo250-150x150.png\" data-src-retina=\"https:\/\/www.americaeb5visa.com\/tr\/wp-content\/uploads\/sites\/6\/2017\/03\/Logo250-150x150.png\"class=\"owl-lazy\"><\/a><\/div><div class=\"wp-posts-carousel-details\"><h3 class=\"wp-posts-carousel-title\"><a href=\"https:\/\/www.americaeb5visa.com\/tr\/blog\/2016\/09\/18\/eb-5-vizesi-yesil-kart-almaya-acilan-en-kolay-kapiniz\/\" title=\"EB-5 Vizesi: Ye\u015fil Kart almaya a\u00e7\u0131lan en kolay kap\u0131n\u0131z.\">EB-5 Vizesi: Ye\u015fil Kart almaya a\u00e7\u0131lan en kolay kap\u0131n\u0131z.<\/a><\/h3><p class=\"wp-posts-carousel-created-date\">Eyl\u00fcl 18, 2016<\/p><p class=\"wp-posts-carousel-categories\"><a href=\"https:\/\/www.americaeb5visa.com\/tr\/blog\/category\/uncategorized\/\" title=\"View all items in Uncategorized\">Uncategorized<\/a> <\/p><div class=\"wp-posts-carousel-desc\">EB-5 Vizesi: Ye\u015fil Kart almaya a\u00e7\u0131lan en kolay kap\u0131n\u0131z.\u00a0Yeterli ko\u015fullar\u0131 sa\u011flayan bir yat\u0131r\u0131m sayesinde siz de ABD i\u00e7inde daimi ikamet hakk\u0131 edinin!\u00a0americaeb5visa taraf\u0131ndan 18 Eyl\u00fcl 2016'da payla\u015f\u0131ld\u0131.\u00a0\u00a0Biliyor muydunuz?\u00a0Ye\u015fil Kart almak isteyen ve ABD Vatanda\u015f\u0131 olmayan ki\u015filer EB-5 Vizesine ba\u015fvurarak Amerika'da ya\u015fay\u0131p \u00e7al\u0131\u015fma izni alabiliyorlar. EB-5 Vizesine ba\u015fvurabilmeniz i\u00e7in gereken, yaln\u0131zca, yeterli ko\u015fullar\u0131 sa\u011flayan bir yat\u0131r\u0131mc\u0131<a class=\"moretag\" href=\"https:\/\/www.americaeb5visa.com\/tr\/blog\/2016\/09\/18\/eb-5-vizesi-yesil-kart-almaya-acilan-en-kolay-kapiniz\/\"><span class=\"screen-reader-text\">Hakk\u0131nda daha fazlas\u0131n\u0131 oku EB-5 Vizesi: Ye\u015fil Kart almaya a\u00e7\u0131lan en kolay kap\u0131n\u0131z.<\/span>[...]<\/a><\/div><p class=\"wp-posts-carousel-tags\"><\/p><p class=\"wp-posts-carousel-buttons\"><a href=\"https:\/\/www.americaeb5visa.com\/tr\/blog\/2016\/09\/18\/eb-5-vizesi-yesil-kart-almaya-acilan-en-kolay-kapiniz\/\" class=\"wp-posts-carousel-more-button button\" title=\"Read more EB-5 Vizesi: Ye\u015fil Kart almaya a\u00e7\u0131lan en kolay kap\u0131n\u0131z.\">read more<\/a><p><\/div><\/div><\/div><div class=\"wp-posts-carousel-slide slides-4\"><div class=\"wp-posts-carousel-container\"><div class=\"wp-posts-carousel-image\"><a href=\"https:\/\/www.americaeb5visa.com\/tr\/blog\/2016\/10\/06\/senato-eb-5-bolgesel-merkez-programini-9-aralika-kadar-uzatti\/\" title=\"Read more Senato EB-5 B\u00f6lgesel Merkez program\u0131n\u0131 9 Aral\u0131k&#039;a kadar uzatt\u0131.\"><img alt=\"Senato EB-5 B\u00f6lgesel Merkez program\u0131n\u0131 9 Aral\u0131k&#039;a kadar uzatt\u0131.\" style=\"max-width:100%;max-height:100%\" data-src=\"https:\/\/www.americaeb5visa.com\/tr\/wp-content\/uploads\/sites\/6\/2016\/09\/AdobeStock_25409363-150x150.jpg\" data-src-retina=\"https:\/\/www.americaeb5visa.com\/tr\/wp-content\/uploads\/sites\/6\/2016\/09\/AdobeStock_25409363-150x150.jpg\"class=\"owl-lazy\"><\/a><\/div><div class=\"wp-posts-carousel-details\"><h3 class=\"wp-posts-carousel-title\"><a href=\"https:\/\/www.americaeb5visa.com\/tr\/blog\/2016\/10\/06\/senato-eb-5-bolgesel-merkez-programini-9-aralika-kadar-uzatti\/\" title=\"Senato EB-5 B\u00f6lgesel Merkez program\u0131n\u0131 9 Aral\u0131k&#039;a kadar uzatt\u0131.\">Senato EB-5 B\u00f6lgesel Merkez program\u0131n\u0131 9 Aral\u0131k&#039;a kadar uzatt\u0131.<\/a><\/h3><p class=\"wp-posts-carousel-created-date\">Ekim 6, 2016<\/p><p class=\"wp-posts-carousel-categories\"><a href=\"https:\/\/www.americaeb5visa.com\/tr\/blog\/category\/uncategorized\/\" title=\"View all items in Uncategorized\">Uncategorized<\/a> <\/p><div class=\"wp-posts-carousel-desc\">Senato EB-5 B\u00f6lgesel Merkez program\u0131n\u0131 9 Aral\u0131k'a kadar uzatt\u0131.\u00a0Daha \u00e7ok bilgi i\u00e7in bizi takip edin!\u00a0americaeb5visa taraf\u0131ndan 6 Ekim 2016'da payla\u015f\u0131ld\u0131.\u00a0\u00a0\u00a0Biliyor muydunuz?\u00a028 Eyl\u00fcl\u2019de, b\u00fcy\u00fck bir kitle taraf\u0131ndan beklenildi\u011fi gibi, Senato,\u00a0 Federal h\u00fck\u00fcmeti 9 Aral\u0131k'a kadar fonlamay\u0131 yasala\u015ft\u0131ran bir karar\u0131 onaylad\u0131. Yasaya g\u00f6re, EB-5 Program\u0131 da ayn\u0131 g\u00fcne kadar uzat\u0131lacak. Daha \u00f6nce de belirtti\u011fimiz gibi, gerek TEA<a class=\"moretag\" href=\"https:\/\/www.americaeb5visa.com\/tr\/blog\/2016\/10\/06\/senato-eb-5-bolgesel-merkez-programini-9-aralika-kadar-uzatti\/\"><span class=\"screen-reader-text\">Hakk\u0131nda daha fazlas\u0131n\u0131 oku Senato EB-5 B\u00f6lgesel Merkez program\u0131n\u0131 9 Aral\u0131k&#8217;a kadar uzatt\u0131.<\/span>[...]<\/a><\/div><p class=\"wp-posts-carousel-tags\"><\/p><p class=\"wp-posts-carousel-buttons\"><a href=\"https:\/\/www.americaeb5visa.com\/tr\/blog\/2016\/10\/06\/senato-eb-5-bolgesel-merkez-programini-9-aralika-kadar-uzatti\/\" class=\"wp-posts-carousel-more-button button\" title=\"Read more Senato EB-5 B\u00f6lgesel Merkez program\u0131n\u0131 9 Aral\u0131k&#039;a kadar uzatt\u0131.\">read more<\/a><p><\/div><\/div><\/div><div class=\"wp-posts-carousel-slide slides-4\"><div class=\"wp-posts-carousel-container\"><div class=\"wp-posts-carousel-image\"><a href=\"https:\/\/www.americaeb5visa.com\/tr\/blog\/2016\/09\/24\/meclis-eb-5-vizesi-icin-gerek-kosulan-yatirim-miktarini-arttirmayi-dusunuyor\/\" title=\"Read more Meclis EB-5 vizesi i\u00e7in gerek ko\u015fulan yat\u0131r\u0131m miktar\u0131n\u0131 artt\u0131rmay\u0131 d\u00fc\u015f\u00fcn\u00fcyor.\"><img alt=\"Meclis EB-5 vizesi i\u00e7in gerek ko\u015fulan yat\u0131r\u0131m miktar\u0131n\u0131 artt\u0131rmay\u0131 d\u00fc\u015f\u00fcn\u00fcyor.\" style=\"max-width:100%;max-height:100%\" data-src=\"https:\/\/www.americaeb5visa.com\/tr\/wp-content\/uploads\/sites\/6\/2017\/03\/Death_to_Stock_Photography_NYC_Skyline_2-2-150x150.jpg\" data-src-retina=\"https:\/\/www.americaeb5visa.com\/tr\/wp-content\/uploads\/sites\/6\/2017\/03\/Death_to_Stock_Photography_NYC_Skyline_2-2-150x150.jpg\"class=\"owl-lazy\"><\/a><\/div><div class=\"wp-posts-carousel-details\"><h3 class=\"wp-posts-carousel-title\"><a href=\"https:\/\/www.americaeb5visa.com\/tr\/blog\/2016\/09\/24\/meclis-eb-5-vizesi-icin-gerek-kosulan-yatirim-miktarini-arttirmayi-dusunuyor\/\" title=\"Meclis EB-5 vizesi i\u00e7in gerek ko\u015fulan yat\u0131r\u0131m miktar\u0131n\u0131 artt\u0131rmay\u0131 d\u00fc\u015f\u00fcn\u00fcyor.\">Meclis EB-5 vizesi i\u00e7in gerek ko\u015fulan yat\u0131r\u0131m miktar\u0131n\u0131 artt\u0131rmay\u0131 d\u00fc\u015f\u00fcn\u00fcyor.<\/a><\/h3><p class=\"wp-posts-carousel-created-date\">Eyl\u00fcl 24, 2016<\/p><p class=\"wp-posts-carousel-categories\"><a href=\"https:\/\/www.americaeb5visa.com\/tr\/blog\/category\/uncategorized\/\" title=\"View all items in Uncategorized\">Uncategorized<\/a> <\/p><div class=\"wp-posts-carousel-desc\">Meclis EB-5 vizesi i\u00e7in gerek ko\u015fulan yat\u0131r\u0131m miktar\u0131n\u0131 artt\u0131rmay\u0131 d\u00fc\u015f\u00fcn\u00fcyor.\u00a0\u015eu anda harekete ge\u00e7in ve EB-5 vizenizi daha uygun ve hesapl\u0131 bir yat\u0131r\u0131mla al\u0131n!\u00a0americaeb5visa taraf\u0131ndan 24 Eyl\u00fcl 2016'da payla\u015f\u0131ld\u0131.\u00a0\u00a0Biliyor muydunuz?\u00a0EB-5 Vize Program\u0131 (istihdam temelli Ye\u015fil Kart program\u0131) 30 Eyl\u00fcl'den sonra bir ka\u00e7 de\u011fi\u015fikli\u011fe u\u011frayabilir. Ge\u00e7en y\u0131l, Eyl\u00fcl aylar\u0131nda, Meclis asgari yat\u0131r\u0131m miktar\u0131n\u0131 500.000 $\u2019dan 800.000 $\u2019a<a class=\"moretag\" href=\"https:\/\/www.americaeb5visa.com\/tr\/blog\/2016\/09\/24\/meclis-eb-5-vizesi-icin-gerek-kosulan-yatirim-miktarini-arttirmayi-dusunuyor\/\"><span class=\"screen-reader-text\">Hakk\u0131nda daha fazlas\u0131n\u0131 oku Meclis EB-5 vizesi i\u00e7in gerek ko\u015fulan yat\u0131r\u0131m miktar\u0131n\u0131 artt\u0131rmay\u0131 d\u00fc\u015f\u00fcn\u00fcyor.<\/span>[...]<\/a><\/div><p class=\"wp-posts-carousel-tags\"><\/p><p class=\"wp-posts-carousel-buttons\"><a href=\"https:\/\/www.americaeb5visa.com\/tr\/blog\/2016\/09\/24\/meclis-eb-5-vizesi-icin-gerek-kosulan-yatirim-miktarini-arttirmayi-dusunuyor\/\" class=\"wp-posts-carousel-more-button button\" title=\"Read more Meclis EB-5 vizesi i\u00e7in gerek ko\u015fulan yat\u0131r\u0131m miktar\u0131n\u0131 artt\u0131rmay\u0131 d\u00fc\u015f\u00fcn\u00fcyor.\">read more<\/a><p><\/div><\/div><\/div><div class=\"wp-posts-carousel-slide slides-4\"><div class=\"wp-posts-carousel-container\"><div class=\"wp-posts-carousel-image\"><a href=\"https:\/\/www.americaeb5visa.com\/tr\/blog\/2016\/11\/20\/meclis-eb-5-bolgesel-merkez-programini-31-marta-kadar-uzatmayi-kararlastirdi\/\" title=\"Read more Meclis EB-5 B\u00f6lgesel Merkez Program\u0131&#039;n\u0131 31 Mart&#039;a kadar uzatmay\u0131 kararla\u015ft\u0131rd\u0131.\"><img alt=\"Meclis EB-5 B\u00f6lgesel Merkez Program\u0131&#039;n\u0131 31 Mart&#039;a kadar uzatmay\u0131 kararla\u015ft\u0131rd\u0131.\" style=\"max-width:100%;max-height:100%\" data-src=\"https:\/\/www.americaeb5visa.com\/tr\/wp-content\/uploads\/sites\/6\/2017\/04\/RibbonAdobeStock_72339142-150x150.jpg\" data-src-retina=\"https:\/\/www.americaeb5visa.com\/tr\/wp-content\/uploads\/sites\/6\/2017\/04\/RibbonAdobeStock_72339142-150x150.jpg\"class=\"owl-lazy\"><\/a><\/div><div class=\"wp-posts-carousel-details\"><h3 class=\"wp-posts-carousel-title\"><a href=\"https:\/\/www.americaeb5visa.com\/tr\/blog\/2016\/11\/20\/meclis-eb-5-bolgesel-merkez-programini-31-marta-kadar-uzatmayi-kararlastirdi\/\" title=\"Meclis EB-5 B\u00f6lgesel Merkez Program\u0131&#039;n\u0131 31 Mart&#039;a kadar uzatmay\u0131 kararla\u015ft\u0131rd\u0131.\">Meclis EB-5 B\u00f6lgesel Merkez Program\u0131&#039;n\u0131 31 Mart&#039;a kadar uzatmay\u0131 kararla\u015ft\u0131rd\u0131.<\/a><\/h3><p class=\"wp-posts-carousel-created-date\">Kas\u0131m 20, 2016<\/p><p class=\"wp-posts-carousel-categories\"><a href=\"https:\/\/www.americaeb5visa.com\/tr\/blog\/category\/uncategorized\/\" title=\"View all items in Uncategorized\">Uncategorized<\/a> <\/p><div class=\"wp-posts-carousel-desc\">Meclis EB-5 B\u00f6lgesel Merkez Program\u0131'n\u0131 31 Mart'a kadar uzatmay\u0131 kararla\u015ft\u0131rd\u0131.\u00a0EB-5 Program\u0131n\u0131n Trump ba\u015fkanl\u0131\u011f\u0131 alt\u0131nda geli\u015fmesi bekleniyor ancak mevcut muhalefet g\u00f6z \u00f6n\u00fcne al\u0131nd\u0131\u011f\u0131nda yat\u0131r\u0131m yapmak i\u00e7in en ideal zaman \u015fimdi.\u00a0Americaeb5visa taraf\u0131ndan 20 Kas\u0131m 2016'da payla\u015f\u0131ld\u0131.\u00a0Biliyor muydunuz?The Real Deal, 18 Kas\u0131m'da \u015eanghay'da EB-5 uzmanlar\u0131ndan olu\u015fan ve EB-5 program\u0131n\u0131n Ba\u015fkan se\u00e7ilen Donald Trump alt\u0131nda geli\u015fmeye devam edece\u011fini a\u00e7\u0131klad\u0131\u011f\u0131<a class=\"moretag\" href=\"https:\/\/www.americaeb5visa.com\/tr\/blog\/2016\/11\/20\/meclis-eb-5-bolgesel-merkez-programini-31-marta-kadar-uzatmayi-kararlastirdi\/\"><span class=\"screen-reader-text\">Hakk\u0131nda daha fazlas\u0131n\u0131 oku Meclis EB-5 B\u00f6lgesel Merkez Program\u0131&#8217;n\u0131 31 Mart&#8217;a kadar uzatmay\u0131 kararla\u015ft\u0131rd\u0131.<\/span>[...]<\/a><\/div><p class=\"wp-posts-carousel-tags\"><\/p><p class=\"wp-posts-carousel-buttons\"><a href=\"https:\/\/www.americaeb5visa.com\/tr\/blog\/2016\/11\/20\/meclis-eb-5-bolgesel-merkez-programini-31-marta-kadar-uzatmayi-kararlastirdi\/\" class=\"wp-posts-carousel-more-button button\" title=\"Read more Meclis EB-5 B\u00f6lgesel Merkez Program\u0131&#039;n\u0131 31 Mart&#039;a kadar uzatmay\u0131 kararla\u015ft\u0131rd\u0131.\">read more<\/a><p><\/div><\/div><\/div><div class=\"wp-posts-carousel-slide slides-4\"><div class=\"wp-posts-carousel-container\"><div class=\"wp-posts-carousel-image\"><a href=\"https:\/\/www.americaeb5visa.com\/tr\/blog\/2016\/12\/19\/6-aralik-2016da-abd-meclisi-devamli-cozum-kanununu-kabul-etti\/\" title=\"Read more 6 Aral\u0131k 2016&#039;da, ABD Meclisi,  Devaml\u0131 \u00c7\u00f6z\u00fcm Kanunu&#039;nu kabul etti.\"><img alt=\"6 Aral\u0131k 2016&#039;da, ABD Meclisi,  Devaml\u0131 \u00c7\u00f6z\u00fcm Kanunu&#039;nu kabul etti.\" style=\"max-width:100%;max-height:100%\" data-src=\"https:\/\/www.americaeb5visa.com\/tr\/wp-content\/uploads\/sites\/6\/2017\/03\/investIntro-150x150.jpg\" data-src-retina=\"https:\/\/www.americaeb5visa.com\/tr\/wp-content\/uploads\/sites\/6\/2017\/03\/investIntro-150x150.jpg\"class=\"owl-lazy\"><\/a><\/div><div class=\"wp-posts-carousel-details\"><h3 class=\"wp-posts-carousel-title\"><a href=\"https:\/\/www.americaeb5visa.com\/tr\/blog\/2016\/12\/19\/6-aralik-2016da-abd-meclisi-devamli-cozum-kanununu-kabul-etti\/\" title=\"6 Aral\u0131k 2016&#039;da, ABD Meclisi,  Devaml\u0131 \u00c7\u00f6z\u00fcm Kanunu&#039;nu kabul etti.\">6 Aral\u0131k 2016&#039;da, ABD Meclisi,  Devaml\u0131 \u00c7\u00f6z\u00fcm Kanunu&#039;nu kabul etti.<\/a><\/h3><p class=\"wp-posts-carousel-created-date\">Aral\u0131k 19, 2016<\/p><p class=\"wp-posts-carousel-categories\"><a href=\"https:\/\/www.americaeb5visa.com\/tr\/blog\/category\/uncategorized\/\" title=\"View all items in Uncategorized\">Uncategorized<\/a> <\/p><div class=\"wp-posts-carousel-desc\">6 Aral\u0131k 2016'da, ABD Meclisi,\u00a0 Devaml\u0131 \u00c7\u00f6z\u00fcm Kanunu'nu kabul etti.\u00a0Ayn\u0131 zamanda 23 Aral\u0131k'ta EB-5 ili\u015fkili har\u00e7lar\u0131n miktarlar\u0131 artt\u0131r\u0131lacak.\u00a0americaeb5visa taraf\u0131ndan 19 Aral\u0131k 2016'da payla\u015f\u0131ld\u0131\u00a0\u00a0Biliyor muydunuz?\u00a06 Aral\u0131k 2016'da, Amerika Birle\u015fik Devletleri Senato'su Devaml\u0131 \u00c7\u00f6z\u00fcm Kanununu y\u00fcr\u00fcrl\u00fc\u011fe koydu. Yasan\u0131n EB-5 ili\u015fkili k\u0131sm\u0131 gere\u011fince, TEA b\u00f6lgeleri i\u00e7in \u015fart olan, i\u015fsizlik oran\u0131 \u00e7ok olan b\u00f6lgeler veya k\u0131rsal kesimlerin 500.000 $<a class=\"moretag\" href=\"https:\/\/www.americaeb5visa.com\/tr\/blog\/2016\/12\/19\/6-aralik-2016da-abd-meclisi-devamli-cozum-kanununu-kabul-etti\/\"><span class=\"screen-reader-text\">Hakk\u0131nda daha fazlas\u0131n\u0131 oku 6 Aral\u0131k 2016&#8217;da, ABD Meclisi,  Devaml\u0131 \u00c7\u00f6z\u00fcm Kanunu&#8217;nu kabul etti.<\/span>[...]<\/a><\/div><p class=\"wp-posts-carousel-tags\"><\/p><p class=\"wp-posts-carousel-buttons\"><a href=\"https:\/\/www.americaeb5visa.com\/tr\/blog\/2016\/12\/19\/6-aralik-2016da-abd-meclisi-devamli-cozum-kanununu-kabul-etti\/\" class=\"wp-posts-carousel-more-button button\" title=\"Read more 6 Aral\u0131k 2016&#039;da, ABD Meclisi,  Devaml\u0131 \u00c7\u00f6z\u00fcm Kanunu&#039;nu kabul etti.\">read more<\/a><p><\/div><\/div><\/div><\/div><script type=\"text\/javascript\">\n              jQuery(window).load(function(e) {\n                  var wpPostsCarousel1874842121 = jQuery(\"#wp-posts-carousel-1874842121\");\n                  wpPostsCarousel1874842121.owlCarousel({\n                      loop: 0,\n                      nav: true,\n                      navSpeed: 800,\n                      dots: true,\n                      dotsSpeed: 800,\n                      lazyLoad: true,\n                      autoplay: false,\n                      autoplayHoverPause: false,\n                      autoplayTimeout: 1200,\n                      autoplaySpeed:  800,\n                      margin: 5,\n                      stagePadding: 0,\n                      freeDrag: false,\n                      mouseDrag: true,\n                      touchDrag: true,\n                      slideBy: 1,\n                      fallbackEasing: \"linear\",\n                      responsiveClass: true,\n                      navText: [ \"previous\", \"next\" ],\n                      responsive:{\n                          0:{items: 1},\n                          600:{items: 2},\n                          1000:{items: 4}\n                          \n                      },\n                      autoHeight: true\n                  });\n                  wpPostsCarousel1874842121.on(\"mousewheel\", \".owl-stage\", function(e) {\n                if (e.deltaY > 0) {\n                    wpPostsCarousel1874842121.trigger(\"next.owl\");\n                } else {\n                    wpPostsCarousel1874842121.trigger(\"prev.owl\");\n                }\n                e.preventDefault();\n            });\n              });\n          <\/script><\/div><\/div><\/div><\/div>","protected":false},"excerpt":{"rendered":"<p>Haberler EB-5 Yat\u0131r\u0131m Yoluyla ABD Ye\u015fil Kart (Green Card) Nas\u0131l Al\u0131n\u0131r? | Marko Issever R\u00f6portaj\u0131\u015eubat 17, 2026Video ABD\u2019de kal\u0131c\u0131 oturum izni (Green Card) alman\u0131n en do\u011frudan yolunu mu ar\u0131yorsunuz? Bu r\u00f6portajda, America EB5 Visa CEO\u2019su Marko Issever, EB-5 G\u00f6\u00e7men Yat\u0131r\u0131mc\u0131 Program\u0131 hakk\u0131nda bilmeniz gereken her \u015feyi detaylar\u0131yla anlat\u0131yor. Yat\u0131r\u0131m limitlerinden ba\u015fvuru s\u00fcrecine kadar; bu program\u0131n<a class=\"moretag\" href=\"https:\/\/www.americaeb5visa.com\/tr\/haberler\/\"><span class=\"screen-reader-text\">Hakk\u0131nda daha fazlas\u0131n\u0131 oku Haberler<\/span>[&#8230;]<\/a><\/p>\n","protected":false},"author":1,"featured_media":0,"parent":0,"menu_order":0,"comment_status":"closed","ping_status":"closed","template":"","meta":{"_acf_changed":false,"_monsterinsights_skip_tracking":false,"_monsterinsights_sitenote_active":false,"_monsterinsights_sitenote_note":"","_monsterinsights_sitenote_category":0,"footnotes":""},"class_list":["post-74","page","type-page","status-publish","hentry"],"acf":[],"rttpg_featured_image_url":null,"rttpg_author":{"display_name":"AdminNIso","author_link":"https:\/\/www.americaeb5visa.com\/tr\/blog\/author\/admin\/"},"rttpg_comment":0,"rttpg_category":null,"rttpg_excerpt":"Haberler EB-5 Yat\u0131r\u0131m Yoluyla ABD Ye\u015fil Kart (Green Card) Nas\u0131l Al\u0131n\u0131r? | Marko Issever R\u00f6portaj\u0131\u015eubat 17, 2026Video ABD\u2019de kal\u0131c\u0131 oturum izni (Green Card) alman\u0131n en do\u011frudan yolunu mu ar\u0131yorsunuz? Bu r\u00f6portajda, America EB5 Visa CEO\u2019su Marko Issever, EB-5 G\u00f6\u00e7men Yat\u0131r\u0131mc\u0131 Program\u0131 hakk\u0131nda bilmeniz gereken her \u015feyi detaylar\u0131yla anlat\u0131yor. Yat\u0131r\u0131m limitlerinden ba\u015fvuru s\u00fcrecine kadar; bu program\u0131nHakk\u0131nda&hellip;","_links":{"self":[{"href":"https:\/\/www.americaeb5visa.com\/tr\/wp-json\/wp\/v2\/pages\/74","targetHints":{"allow":["GET"]}}],"collection":[{"href":"https:\/\/www.americaeb5visa.com\/tr\/wp-json\/wp\/v2\/pages"}],"about":[{"href":"https:\/\/www.americaeb5visa.com\/tr\/wp-json\/wp\/v2\/types\/page"}],"author":[{"embeddable":true,"href":"https:\/\/www.americaeb5visa.com\/tr\/wp-json\/wp\/v2\/users\/1"}],"replies":[{"embeddable":true,"href":"https:\/\/www.americaeb5visa.com\/tr\/wp-json\/wp\/v2\/comments?post=74"}],"version-history":[{"count":0,"href":"https:\/\/www.americaeb5visa.com\/tr\/wp-json\/wp\/v2\/pages\/74\/revisions"}],"wp:attachment":[{"href":"https:\/\/www.americaeb5visa.com\/tr\/wp-json\/wp\/v2\/media?parent=74"}],"curies":[{"name":"wp","href":"https:\/\/api.w.org\/{rel}","templated":true}]}}